{"id":41533,"date":"2025-09-05T09:32:49","date_gmt":"2025-09-05T07:32:49","guid":{"rendered":"https:\/\/www.westcam-group.com\/academy\/termin\/webinar-modelove-tga-s-revit-projectbox-06-11-2025\/"},"modified":"2025-09-22T11:16:15","modified_gmt":"2025-09-22T09:16:15","slug":"webinar-modelove-tga-s-revit-projectbox-06-11-2025","status":"publish","type":"training_session","link":"https:\/\/www.westcam-group.com\/cs\/academy\/termin\/webinar-modelove-tga-s-revit-projectbox-06-11-2025\/","title":{"rendered":"WEBIN\u00c1\u0158 | Modelov\u00e9 TGA s Revit ProjectBox | 06.11.2025"},"content":{"rendered":"\n<div class=\"wp-block-webx-blocks-grid is-layout-grid wp-container-webx-blocks-grid-is-layout-478b6e6b wp-block-webx-blocks-grid-is-layout-grid\" style=\"--grid-columns-desktop:1;--grid-columns-tablet:1;--grid-columns-mobile:1\">\n<div class=\"wp-block-webx-blocks-grid-item is-layout-flow wp-block-webx-blocks-grid-item-is-layout-flow\" style=\"padding-top:var(--wp--preset--spacing--10);padding-right:var(--wp--preset--spacing--10);padding-bottom:var(--wp--preset--spacing--10);padding-left:var(--wp--preset--spacing--10);--grid-area-desktop:auto \/ auto \/ auto \/ auto;--grid-area-tablet:auto \/ auto \/ auto \/ auto;--grid-area-mobile:auto \/ auto \/ auto \/ auto\"><\/div>\n<\/div>\n\n<div class=\"wp-block-webx-blocks-grid is-layout-grid wp-container-webx-blocks-grid-is-layout-8a7fa254 wp-block-webx-blocks-grid-is-layout-grid\" style=\"margin-top:var(--wp--preset--spacing--40);margin-bottom:var(--wp--preset--spacing--40);--grid-columns-desktop:2;--grid-columns-tablet:2;--grid-columns-mobile:1\">\n<div class=\"wp-block-webx-blocks-grid-item has-base-2-background-color has-background is-layout-flow wp-block-webx-blocks-grid-item-is-layout-flow\" style=\"padding-top:0;padding-right:0;padding-bottom:0;padding-left:0;--grid-area-desktop:auto \/ auto \/ auto \/ auto;--grid-area-tablet:auto \/ auto \/ auto \/ auto;--grid-area-mobile:auto \/ auto \/ auto \/ auto\">\n<div class=\"wp-block-group has-base-background-color has-background is-layout-flow wp-block-group-is-layout-flow\">\n<h2 class=\"wp-block-heading\" style=\"padding-bottom:var(--wp--preset--spacing--20)\">C\u00edlov\u00e1 skupina<\/h2>\n<\/div>\n\n\n\n<div class=\"wp-block-group has-base-2-background-color has-background is-layout-flow wp-block-group-is-layout-flow\" style=\"margin-top:0;margin-bottom:0;padding-top:var(--wp--preset--spacing--10);padding-right:var(--wp--preset--spacing--20);padding-bottom:var(--wp--preset--spacing--10);padding-left:var(--wp--preset--spacing--20)\">\n<ul class=\"wp-block-list\">\n<li>TGA se specializac\u00ed na HLS, elektroinstalace nebo projektov\u00e1n\u00ed sprinkler\u016f  <\/li>\n\n\n\n<li>Odd\u011blen\u00ed pl\u00e1nov\u00e1n\u00ed stavebn\u00edch spole\u010dnost\u00ed: St\u0159edn\u00ed a\u017e velk\u00e9 spole\u010dnosti s vlastn\u00edm TGA  <\/li>\n\n\n\n<li>  osoby s rozhodovac\u00ed pravomoc\u00ed v prost\u0159ed\u00ed BIM \/ osoby odpov\u011bdn\u00e9 za rozhodov\u00e1n\u00ed o softwaru a procesech, nap\u0159. mana\u017ee\u0159i BIM, koordin\u00e1to\u0159i BIM, \u0159editel\u00e9, vedouc\u00ed odd\u011blen\u00ed.<\/li>\n<\/ul>\n<\/div>\n<\/div>\n\n\n\n<div class=\"wp-block-webx-blocks-grid-item has-base-2-background-color has-background is-layout-flow wp-block-webx-blocks-grid-item-is-layout-flow\" style=\"padding-top:0;padding-right:0;padding-bottom:0;padding-left:0;--grid-area-desktop:auto \/ auto \/ auto \/ auto;--grid-area-tablet:auto \/ auto \/ auto \/ auto;--grid-area-mobile:auto \/ auto \/ auto \/ auto\">\n<div class=\"wp-block-group has-base-background-color has-background is-layout-flow wp-block-group-is-layout-flow\">\n<h2 class=\"wp-block-heading\" style=\"padding-bottom:var(--wp--preset--spacing--20)\">P\u0159edpoklady<\/h2>\n<\/div>\n\n\n\n<div class=\"wp-block-group has-base-2-background-color has-background is-layout-flow wp-block-group-is-layout-flow\" style=\"margin-top:0;margin-bottom:0;padding-top:var(--wp--preset--spacing--10);padding-right:var(--wp--preset--spacing--20);padding-bottom:var(--wp--preset--spacing--10);padding-left:var(--wp--preset--spacing--20)\">\n<ul class=\"wp-block-list\">\n<li>Z\u00e1kladn\u00ed technick\u00e9 znalosti TGA (technick\u00e9 stavebn\u00ed za\u0159\u00edzen\u00ed)<\/li>\n\n\n\n<li>Z\u00e1jem a otev\u0159enost k pronik\u00e1n\u00ed do nov\u00fdch oblast\u00ed<\/li>\n<\/ul>\n<\/div>\n<\/div>\n<\/div>\n\n<div class=\"wp-block-cover aligncenter is-light wp-duotone-violet-ivory\"><img loading=\"lazy\" decoding=\"async\" width=\"1024\" height=\"738\" class=\"wp-block-cover__image-background wp-image-40979 size-large\" alt=\"\" src=\"https:\/\/www.westcam-group.com\/wp-content\/uploads\/2025\/09\/uebersichtsplan_auxalia_revit_projectbox_westcam-2-1-1024x738.jpg\" style=\"object-position:0% 9%\" data-object-fit=\"cover\" data-object-position=\"0% 9%\" srcset=\"https:\/\/www.westcam-group.com\/wp-content\/uploads\/2025\/09\/uebersichtsplan_auxalia_revit_projectbox_westcam-2-1-1024x738.jpg 1024w, https:\/\/www.westcam-group.com\/wp-content\/uploads\/2025\/09\/uebersichtsplan_auxalia_revit_projectbox_westcam-2-1-300x216.jpg 300w, https:\/\/www.westcam-group.com\/wp-content\/uploads\/2025\/09\/uebersichtsplan_auxalia_revit_projectbox_westcam-2-1-768x553.jpg 768w, https:\/\/www.westcam-group.com\/wp-content\/uploads\/2025\/09\/uebersichtsplan_auxalia_revit_projectbox_westcam-2-1-1536x1107.jpg 1536w, https:\/\/www.westcam-group.com\/wp-content\/uploads\/2025\/09\/uebersichtsplan_auxalia_revit_projectbox_westcam-2-1-1249x900.jpg 1249w, https:\/\/www.westcam-group.com\/wp-content\/uploads\/2025\/09\/uebersichtsplan_auxalia_revit_projectbox_westcam-2-1-833x600.jpg 833w, https:\/\/www.westcam-group.com\/wp-content\/uploads\/2025\/09\/uebersichtsplan_auxalia_revit_projectbox_westcam-2-1.jpg 2001w\" sizes=\"auto, (max-width: 1024px) 100vw, 1024px\" \/><span aria-hidden=\"true\" class=\"wp-block-cover__background has-background-dim\" style=\"background-color:#919494\"><\/span><div class=\"wp-block-cover__inner-container is-layout-flow wp-block-cover-is-layout-flow\">\n<p class=\"has-text-align-center has-base-color has-text-color has-link-color has-large-font-size wp-elements-5802f018439d55d92910d4516fc136fe\">Webin\u00e1\u0159 | <strong>TGA na z\u00e1klad\u011b modelu | <\/strong> 06.11.25<\/p>\n<\/div><\/div>\n\n<div class=\"wp-block-group is-layout-flow wp-block-group-is-layout-flow\" style=\"margin-top:var(--wp--preset--spacing--40);margin-bottom:var(--wp--preset--spacing--40)\">\n<div class=\"wp-block-group has-base-2-background-color has-background is-layout-flow wp-block-group-is-layout-flow\" style=\"padding-top:var(--wp--preset--spacing--20);padding-right:var(--wp--preset--spacing--20);padding-bottom:var(--wp--preset--spacing--20);padding-left:var(--wp--preset--spacing--20)\">\n<h3 class=\"wp-block-heading\"><strong>TGA na z\u00e1klad\u011b modelu s aplikac\u00ed Revit ProjectBox<\/strong><\/h3>\n\n\n\n<p><strong>P\u0159edn\u00e1\u0161ej\u00edc\u00ed: Hartmut<\/strong> von der Mehden | Senior BIM Consultant &#8211; auxalia WESTCAM Group  <\/p>\n\n\n\n<p>Auxalia Revit ProjectBox nab\u00edz\u00ed TGA kompletn\u00ed \u0159e\u0161en\u00ed pro modelovou pr\u00e1ci s Autodesk Revit pro HVAC, elektroinstalace, sprinklerov\u00e9 syst\u00e9my atd. Podporuje v\u0161echny servisn\u00ed f\u00e1ze in\u017een\u00fdrsk\u00fdch \u010dinnost\u00ed v budov\u00e1ch pomoc\u00ed prakticky orientovan\u00fdch aplikac\u00ed, rodin v souladu s normami, seznam\u016f komponent, sch\u00e9mat, zna\u010den\u00ed a p\u0159ehledn\u00e9 \u0161ablony projektu. P\u0159eddefinovan\u00e9 k\u00f3dov\u00e1n\u00ed zaji\u0161\u0165uje p\u0159\u00edm\u00e9 propojen\u00ed s v\u00fdpo\u010detn\u00edmi programy, jako je SOLAR-COMPUTER, kter\u00fd efektivn\u011b propojuje procesy pl\u00e1nov\u00e1n\u00ed a v\u00fdpo\u010dtu.   <\/p>\n\n\n\n<p><strong><strong>AGENDA | TO V\u0160E SE DOZV\u00cdTE:<\/strong><\/strong><\/p>\n\n\n\n<ul class=\"wp-block-list\">\n<li>Jak integrovat obsah v souladu s BIM a DIN p\u0159\u00edmo do pl\u00e1nov\u00e1n\u00ed  <\/li>\n\n\n\n<li>Jak parametrick\u00e9 Revit \u0161et\u0159\u00ed \u010das v\u0161em \u0159emesln\u00edk\u016fm  <\/li>\n\n\n\n<li>Jak p\u0159eddefinovan\u00e9 projektov\u00e9 struktury vytv\u00e1\u0159ej\u00ed pevn\u00fd z\u00e1klad pro ka\u017ed\u00fd projekt  <\/li>\n\n\n\n<li>Jak rozhran\u00ed pro SOLAR-COMPUTER, ALPI, IDAT a dal\u0161\u00ed zjednodu\u0161uj\u00ed va\u0161e pracovn\u00ed postupy?  <\/li>\n<\/ul>\n\n\n\n<p>Vyu\u017eijte p\u0159\u00edle\u017eitosti sezn\u00e1mit se s ProjectBoxem na\u017eivo a zjist\u011bte, jak m\u016f\u017eete efektivn\u011bji a strukturovan\u011bji organizovat sv\u00e9 TGA v Revit.  <\/p>\n\n\n\n<p><strong>PRO\u010c JE WEBIN\u00c1\u0158 OBZVL\u00c1\u0160T\u011a CENN\u00dd A PRO\u010c BYSTE SE HO M\u011aLI Z\u00da\u010cASTNIT:<\/strong><\/p>\n\n\n\n<ul class=\"wp-block-list\">\n<li><strong>Form\u00e1t p\u0159izp\u016fsoben\u00fd odborn\u00edk\u016fm:<\/strong> Webin\u00e1\u0159 je speci\u00e1ln\u011b p\u0159izp\u016fsoben odborn\u00edk\u016fm TGA &#8211; je kr\u00e1tk\u00fd, c\u00edlen\u00fd a obsahov\u011b hlubok\u00fd.<\/li>\n\n\n\n<li><strong>\u017div\u00e1 uk\u00e1zka a praktick\u00e1 prezentace:<\/strong> P\u0159\u00edmo a n\u00e1zorn\u011b si vyzkou\u0161\u00edte, jak se Revit ProjectBox pou\u017e\u00edv\u00e1 v TGA &#8211; v\u010detn\u011b n\u00e1stroj\u016f, pracovn\u00edch postup\u016f a integrace.<\/li>\n\n\n\n<li><strong>Ot\u00e1zky a v\u00fdm\u011bna n\u00e1zor\u016f:<\/strong> Vyu\u017eijte mo\u017enosti kl\u00e1st konkr\u00e9tn\u00ed ot\u00e1zky a vym\u011b\u0148ovat si n\u00e1zory s odborn\u00edky &#8211; ide\u00e1ln\u00ed pro \u0159e\u0161en\u00ed konkr\u00e9tn\u00edch probl\u00e9m\u016f.<\/li>\n<\/ul>\n<\/div>\n<\/div>\n\n<h2 class=\"wp-block-heading\">ZAREGISTRUJTE SE NYN\u00cd ZDARMA:<\/h2>\n\n<figure class=\"wp-block-image size-full is-resized\"><a href=\"https:\/\/us02web.zoom.us\/webinar\/register\/WN_pFF6rqiBQICi9BAiobPqlA&#010; \" target=\"_blank\" rel=\" noreferrer noopener\"><img loading=\"lazy\" decoding=\"async\" width=\"1707\" height=\"542\" src=\"https:\/\/www.westcam-group.com\/wp-content\/uploads\/2025\/01\/zoom-anmeldung-westcam-group-scaled-e1737117035111.jpeg\" alt=\"\" class=\"wp-image-32220\" style=\"width:480px;height:auto\" srcset=\"https:\/\/www.westcam-group.com\/wp-content\/uploads\/2025\/01\/zoom-anmeldung-westcam-group-scaled-e1737117035111.jpeg 1707w, https:\/\/www.westcam-group.com\/wp-content\/uploads\/2025\/01\/zoom-anmeldung-westcam-group-scaled-e1737117035111-300x95.jpeg 300w, https:\/\/www.westcam-group.com\/wp-content\/uploads\/2025\/01\/zoom-anmeldung-westcam-group-scaled-e1737117035111-1024x325.jpeg 1024w, https:\/\/www.westcam-group.com\/wp-content\/uploads\/2025\/01\/zoom-anmeldung-westcam-group-scaled-e1737117035111-768x244.jpeg 768w, https:\/\/www.westcam-group.com\/wp-content\/uploads\/2025\/01\/zoom-anmeldung-westcam-group-scaled-e1737117035111-1536x488.jpeg 1536w\" sizes=\"auto, (max-width: 1707px) 100vw, 1707px\" \/><\/a><\/figure>\n\n<div class=\"wp-block-buttons is-layout-flex wp-block-buttons-is-layout-flex\">\n<div class=\"wp-block-button\"><a class=\"wp-block-button__link wp-element-button\" href=\"https:\/\/us02web.zoom.us\/webinar\/register\/WN_pFF6rqiBQICi9BAiobPqlA\" target=\"_blank\" rel=\"noreferrer noopener\">Zaregistrujte se zde ZDARMA<\/a><\/div>\n<\/div>\n<div class=\"wp-block-webx-blocks-westcam-employee-display\">\n    <div class=\"employee-image\">\n        <img decoding=\"async\" src=\"https:\/\/www.westcam-group.com\/wp-content\/uploads\/2024\/10\/christoph-geiler-westcam-2025-300x300.jpg\" alt=Christoph Geiler \/>\n    <\/div>\n    <div class=\"employee-info\">\n        <div class=\"heading-h3\">Christoph Geiler<\/div>\n        <div class=\"heading-h5 is-style-westcamized\">Vedouc\u00ed odd\u011blen\u00ed CAD, PDM &#038; AEC<\/div>\n    <\/div>\n    <div class=\"employee-social\">\n        <div class=\"icons\">\n                        <a href=https:\/\/www.linkedin.com\/in\/christoph-geiler\/ title=\"Christoph Geiler on linkedIn\"\n                target=\"_blank\" rel=\"noopener noreferrer\">\n                <?xml version=\"1.0\" encoding=\"UTF-8\" standalone=\"no\"?>\n                <!DOCTYPE svg PUBLIC \"-\/\/W3C\/\/DTD SVG 1.1\/\/EN\" \"http:\/\/www.w3.org\/Graphics\/SVG\/1.1\/DTD\/svg11.dtd\"><svg\n                    width=\"100%\" height=\"100%\" viewBox=\"0 0 248 204\" version=\"1.1\" xmlns=\"http:\/\/www.w3.org\/2000\/svg\"\n                    xmlns:xlink=\"http:\/\/www.w3.org\/1999\/xlink\" xml:space=\"preserve\" xmlns:serif=\"http:\/\/www.serif.com\/\"\n                    style=\"fill-rule:evenodd;clip-rule:evenodd;stroke-linejoin:round;stroke-miterlimit:2;\">\n                    <path\n                        d=\"M226,204l-41.916,0l0,-71.392c0,-19.573 -7.437,-30.512 -22.93,-30.512c-16.854,0 -25.659,11.383 -25.659,30.512l-0,71.392l-40.395,0l-0,-136l40.395,-0l-0,18.319c-0,0 12.146,-22.474 41.006,-22.474c28.847,-0 49.499,17.616 49.499,54.048l0,86.107Zm-179.091,-153.808c-13.759,-0 -24.909,-11.237 -24.909,-25.096c0,-13.859 11.15,-25.096 24.909,-25.096c13.759,-0 24.902,11.237 24.902,25.096c0,13.859 -11.143,25.096 -24.902,25.096Zm-20.858,153.808l42.121,0l0,-136l-42.121,-0l-0,136Z\" \/>\n                <\/svg>\n            <\/a>\n                                    <a href=\"\/vcard\/33489\" title=\"Download vCard\"\n                class=\"vcard-button\">\n                <svg xmlns=\"http:\/\/www.w3.org\/2000\/svg\" width=\"32.143\" height=\"25\" viewBox=\"0 0 32.143 25\">\n                    <path id=\"address-card-solid\"\n                        d=\"M3.571,32A3.575,3.575,0,0,0,0,35.571V53.429A3.575,3.575,0,0,0,3.571,57h25a3.575,3.575,0,0,0,3.571-3.571V35.571A3.575,3.575,0,0,0,28.571,32ZM8.036,46.286h3.571a4.463,4.463,0,0,1,4.464,4.464.9.9,0,0,1-.893.893H4.464a.9.9,0,0,1-.893-.893A4.463,4.463,0,0,1,8.036,46.286ZM6.25,40.929A3.571,3.571,0,1,1,9.821,44.5,3.571,3.571,0,0,1,6.25,40.929Zm14.286-1.786h7.143a.893.893,0,0,1,0,1.786H20.536a.893.893,0,0,1,0-1.786Zm0,3.571h7.143a.893.893,0,0,1,0,1.786H20.536a.893.893,0,0,1,0-1.786Zm0,3.571h7.143a.893.893,0,0,1,0,1.786H20.536a.893.893,0,0,1,0-1.786Z\"\n                        transform=\"translate(0 -32)\" fill=\"#111\" \/>\n                <\/svg>\n            <\/a>\n        <\/div>\n    <\/div>\n    <div class=\"employee-contact\">\n                <a href=\"tel:+43 5223 55509 305\">\n            <div class=\" employee-phone\">\n                <svg xmlns=\"http:\/\/www.w3.org\/2000\/svg\" width=\"32\" height=\"32\" viewBox=\"0 0 32 32\">\n                    <path id=\"phone\"\n                        d=\"M6.529,4h7.059l3.529,8.824-4.412,2.647a19.412,19.412,0,0,0,8.824,8.824l2.647-4.412L33,23.412v7.059A3.529,3.529,0,0,1,29.471,34,28.235,28.235,0,0,1,3,7.529,3.529,3.529,0,0,1,6.529,4\"\n                        transform=\"translate(-2 -3)\" fill=\"none\" stroke=\"#111\" stroke-linecap=\"round\"\n                        stroke-linejoin=\"round\" stroke-width=\"2\" \/>\n                <\/svg>\n\n                +43 5223 55509 305\n            <\/div>\n        <\/a>\n                                <a href=\"mailto:christoph.geiler@westcam.at\">\n            <div class=\" employee-email\">\n                <svg xmlns=\"http:\/\/www.w3.org\/2000\/svg\" width=\"32.773\" height=\"25.333\" viewBox=\"0 0 32.773 25.333\">\n                    <g id=\"mail\" transform=\"translate(1.387 1)\">\n                        <rect id=\"Rechteck_11\" data-name=\"Rechteck 11\" width=\"30\" height=\"23.333\" rx=\"2\" fill=\"none\"\n                            stroke=\"#111\" stroke-linecap=\"round\" stroke-linejoin=\"round\" stroke-width=\"2\" \/>\n                        <path id=\"Pfad_100\" data-name=\"Pfad 100\" d=\"M3,7,18,17,33,7\" transform=\"translate(-3 -3.667)\"\n                            fill=\"none\" stroke=\"#111\" stroke-linecap=\"round\" stroke-linejoin=\"round\" stroke-width=\"2\" \/>\n                    <\/g>\n                <\/svg>\n                christoph.geiler@westcam.at\n            <\/div>\n        <\/a>\n        \n\n\n    <\/div>\n        <div class=\"employee-callback wp-block-button is-style-outline\">\n        <a href=\"\/anfrage\/\"\n            class=\"wp-block-button__link wp-element-button\">zeptat se<\/a>\n    <\/div>\n    <\/div>\n<div class=\"wp-block-cover aligncenter is-light wp-duotone-5d1343-ffffff-1\"><img loading=\"lazy\" decoding=\"async\" width=\"1024\" height=\"734\" class=\"wp-block-cover__image-background wp-image-38881 size-large\" alt=\"\" src=\"https:\/\/www.westcam-group.com\/wp-content\/uploads\/2025\/05\/auxalia_revit_projectbox_westcam-12-1024x734.png\" style=\"object-position:20% 100%\" data-object-fit=\"cover\" data-object-position=\"20% 100%\" srcset=\"https:\/\/www.westcam-group.com\/wp-content\/uploads\/2025\/05\/auxalia_revit_projectbox_westcam-12-1024x734.png 1024w, https:\/\/www.westcam-group.com\/wp-content\/uploads\/2025\/05\/auxalia_revit_projectbox_westcam-12-300x215.png 300w, https:\/\/www.westcam-group.com\/wp-content\/uploads\/2025\/05\/auxalia_revit_projectbox_westcam-12-768x550.png 768w, https:\/\/www.westcam-group.com\/wp-content\/uploads\/2025\/05\/auxalia_revit_projectbox_westcam-12-1536x1100.png 1536w, https:\/\/www.westcam-group.com\/wp-content\/uploads\/2025\/05\/auxalia_revit_projectbox_westcam-12-2048x1467.png 2048w, https:\/\/www.westcam-group.com\/wp-content\/uploads\/2025\/05\/auxalia_revit_projectbox_westcam-12-1256x900.png 1256w, https:\/\/www.westcam-group.com\/wp-content\/uploads\/2025\/05\/auxalia_revit_projectbox_westcam-12-838x600.png 838w\" sizes=\"auto, (max-width: 1024px) 100vw, 1024px\" \/><span aria-hidden=\"true\" class=\"wp-block-cover__background has-background-dim\" style=\"background-color:#e8eae9\"><\/span><div class=\"wp-block-cover__inner-container is-layout-flow wp-block-cover-is-layout-flow\">\n<p class=\"has-text-align-center has-accent-2-color has-text-color has-link-color has-large-font-size wp-elements-f02d856b49baeb1248e8a2c51f4ffb0f\">Webin\u00e1\u0159 | <strong>TGA na z\u00e1klad\u011b modelu | <\/strong> 06.11.25<\/p>\n<\/div><\/div>\n\n<h3 class=\"wp-block-heading\">AKTU\u00c1LN\u00cd \u010cL\u00c1NKY V PROJEKTOV\u00c9 SCHR\u00c1NCE REVITU:<\/h3>\n\n<ul class=\"wp-block-list\">\n<li><strong>01.09.2025:<\/strong> <a href=\"https:\/\/www.westcam-group.com\/cs\/news\/efektivni-bim-vyreste-techto-7-problemu-pri-tga\/\">Efektivn\u00ed BIM: Vy\u0159e\u0161te t\u011bchto 7 v\u00fdzev p\u0159i TGA<\/a><\/li>\n\n\n\n<li><strong>07.05.2025:<\/strong> <a href=\"https:\/\/www.westcam-group.com\/cs\/news\/kdo-rika-revit-rika-revit-projectbox\/\">Kdo \u0159\u00edk\u00e1 Revit, \u0159\u00edk\u00e1 Revit ProjectBox <\/a> <\/li>\n<\/ul>\n","protected":false},"excerpt":{"rendered":"<p>TGA na z\u00e1klad\u011b modelu s aplikac\u00ed Revit ProjectBox P\u0159edn\u00e1\u0161ej\u00edc\u00ed: Hartmut von der Mehden | Senior BIM Consultant &#8211; auxalia WESTCAM Group Auxalia Revit ProjectBox nab\u00edz\u00ed TGA kompletn\u00ed \u0159e\u0161en\u00ed pro modelovou pr\u00e1ci s Autodesk Revit pro HVAC, elektroinstalace, sprinklerov\u00e9 syst\u00e9my atd. Podporuje v\u0161echny servisn\u00ed f\u00e1ze in\u017een\u00fdrsk\u00fdch \u010dinnost\u00ed v budov\u00e1ch pomoc\u00ed prakticky orientovan\u00fdch aplikac\u00ed, rodin v souladu [&hellip;]<\/p>\n","protected":false},"featured_media":0,"template":"single-training_session_no_form","location":[2704],"level":[2714],"competence":[2756,2762],"class_list":["post-41533","training_session","type-training_session","status-publish","hentry","location-online-live-meeting-cs","level-basic-cs","competence-architektur-bauwesen-cs","competence-tga-planung-cs"],"start_time":"2025-11-06 10:00:00","end_time":"2025-11-06 11:00:00","_links":{"self":[{"href":"https:\/\/www.westcam-group.com\/cs\/wp-json\/wp\/v2\/training_session\/41533","targetHints":{"allow":["GET"]}}],"collection":[{"href":"https:\/\/www.westcam-group.com\/cs\/wp-json\/wp\/v2\/training_session"}],"about":[{"href":"https:\/\/www.westcam-group.com\/cs\/wp-json\/wp\/v2\/types\/training_session"}],"wp:attachment":[{"href":"https:\/\/www.westcam-group.com\/cs\/wp-json\/wp\/v2\/media?parent=41533"}],"wp:term":[{"taxonomy":"location","embeddable":true,"href":"https:\/\/www.westcam-group.com\/cs\/wp-json\/wp\/v2\/location?post=41533"},{"taxonomy":"level","embeddable":true,"href":"https:\/\/www.westcam-group.com\/cs\/wp-json\/wp\/v2\/level?post=41533"},{"taxonomy":"competence","embeddable":true,"href":"https:\/\/www.westcam-group.com\/cs\/wp-json\/wp\/v2\/competence?post=41533"}],"curies":[{"name":"wp","href":"https:\/\/api.w.org\/{rel}","templated":true}]}}