{"id":40648,"date":"2025-07-23T10:48:37","date_gmt":"2025-07-23T08:48:37","guid":{"rendered":"https:\/\/www.westcam-group.com\/academy\/termin\/triotech-prisada-subtraktivni-precise-tyrol\/"},"modified":"2025-08-04T07:45:01","modified_gmt":"2025-08-04T05:45:01","slug":"triotech-prisada-subtraktivni-precise-tyrol","status":"publish","type":"training_session","link":"https:\/\/www.westcam-group.com\/cs\/academy\/termin\/triotech-prisada-subtraktivni-precise-tyrol\/","title":{"rendered":"TrioTech | P\u0159\u00edsada. Subtraktivn\u00ed. Precise | Tyrol"},"content":{"rendered":"\n<div class=\"wp-block-webx-blocks-grid is-layout-grid wp-container-webx-blocks-grid-is-layout-478b6e6b wp-block-webx-blocks-grid-is-layout-grid\" style=\"--grid-columns-desktop:1;--grid-columns-tablet:1;--grid-columns-mobile:1\">\n<div class=\"wp-block-webx-blocks-grid-item is-layout-flow wp-block-webx-blocks-grid-item-is-layout-flow\" style=\"padding-top:var(--wp--preset--spacing--10);padding-right:var(--wp--preset--spacing--10);padding-bottom:var(--wp--preset--spacing--10);padding-left:var(--wp--preset--spacing--10);--grid-area-desktop:auto \/ auto \/ auto \/ auto;--grid-area-tablet:auto \/ auto \/ auto \/ auto;--grid-area-mobile:auto \/ auto \/ auto \/ auto\">\n<div class=\"wp-block-webx-blocks-grid is-layout-grid wp-container-webx-blocks-grid-is-layout-478b6e6b wp-block-webx-blocks-grid-is-layout-grid\" style=\"--grid-columns-desktop:2;--grid-columns-tablet:2;--grid-columns-mobile:1\">\n<div class=\"wp-block-webx-blocks-grid-item is-layout-flow wp-block-webx-blocks-grid-item-is-layout-flow\" style=\"padding-top:var(--wp--preset--spacing--10);padding-right:var(--wp--preset--spacing--10);padding-bottom:var(--wp--preset--spacing--10);padding-left:var(--wp--preset--spacing--10);--grid-area-desktop:auto \/ auto \/ auto \/ auto;--grid-area-tablet:auto \/ auto \/ auto \/ auto;--grid-area-mobile:auto \/ auto \/ auto \/ auto\">\n<h3 class=\"wp-block-heading\">TrioTech | P\u0159\u00edsada. Subtraktivn\u00ed. P\u0159esn\u00e9  <\/h3>\n\n\n\n<p><strong>3D tisk, obr\u00e1b\u011bn\u00ed a metrologie v s\u00ed\u0165ov\u00e9 praxi<\/strong><\/p>\n<\/div>\n\n\n\n<div class=\"wp-block-webx-blocks-grid-item is-layout-flow wp-block-webx-blocks-grid-item-is-layout-flow\" style=\"padding-top:var(--wp--preset--spacing--10);padding-right:var(--wp--preset--spacing--10);padding-bottom:var(--wp--preset--spacing--10);padding-left:var(--wp--preset--spacing--10);--grid-area-desktop:auto \/ auto \/ auto \/ auto;--grid-area-tablet:auto \/ auto \/ auto \/ auto;--grid-area-mobile:auto \/ auto \/ auto \/ auto\">\n<p>Ve spolupr\u00e1ci s  <\/p>\n\n\n\n<figure class=\"wp-block-image size-full\"><img loading=\"lazy\" decoding=\"async\" width=\"284\" height=\"138\" src=\"https:\/\/www.westcam-group.com\/wp-content\/uploads\/2025\/07\/logo-metall-kofler-1.png\" alt=\"\" class=\"wp-image-40409\" \/><\/figure>\n<\/div>\n<\/div>\n<\/div>\n<\/div>\n\n<div class=\"wp-block-webx-blocks-grid is-layout-grid wp-container-webx-blocks-grid-is-layout-8a7fa254 wp-block-webx-blocks-grid-is-layout-grid\" style=\"margin-top:var(--wp--preset--spacing--40);margin-bottom:var(--wp--preset--spacing--40);--grid-columns-desktop:2;--grid-columns-tablet:2;--grid-columns-mobile:1\">\n<div class=\"wp-block-webx-blocks-grid-item has-base-2-background-color has-background is-layout-flow wp-block-webx-blocks-grid-item-is-layout-flow\" style=\"padding-top:0;padding-right:0;padding-bottom:0;padding-left:0;--grid-area-desktop:auto \/ auto \/ auto \/ auto;--grid-area-tablet:auto \/ auto \/ auto \/ auto;--grid-area-mobile:auto \/ auto \/ auto \/ auto\">\n<div class=\"wp-block-group has-base-background-color has-background is-layout-flow wp-block-group-is-layout-flow\">\n<h2 class=\"wp-block-heading\" style=\"padding-bottom:var(--wp--preset--spacing--20)\">C\u00edlov\u00e1 skupina<\/h2>\n<\/div>\n\n\n\n<div class=\"wp-block-group has-base-2-background-color has-background is-layout-flow wp-block-group-is-layout-flow\" style=\"margin-top:0;margin-bottom:0;padding-top:var(--wp--preset--spacing--10);padding-right:var(--wp--preset--spacing--20);padding-bottom:var(--wp--preset--spacing--10);padding-left:var(--wp--preset--spacing--20)\">\n<p>Prvn\u00ed u\u017eivatel\u00e9 nebo zku\u0161en\u00ed u\u017eivatel\u00e9 jedn\u00e9 nebo v\u00edce technologi\u00ed<\/p>\n<\/div>\n<\/div>\n\n\n\n<div class=\"wp-block-webx-blocks-grid-item has-base-2-background-color has-background is-layout-flow wp-block-webx-blocks-grid-item-is-layout-flow\" style=\"padding-top:0;padding-right:0;padding-bottom:0;padding-left:0;--grid-area-desktop:auto \/ auto \/ auto \/ auto;--grid-area-tablet:auto \/ auto \/ auto \/ auto;--grid-area-mobile:auto \/ auto \/ auto \/ auto\">\n<div class=\"wp-block-group has-base-background-color has-background is-layout-flow wp-block-group-is-layout-flow\">\n<h2 class=\"wp-block-heading\" style=\"padding-bottom:var(--wp--preset--spacing--20)\">P\u0159edpoklady<\/h2>\n<\/div>\n\n\n\n<div class=\"wp-block-group has-base-2-background-color has-background is-layout-flow wp-block-group-is-layout-flow\" style=\"margin-top:0;margin-bottom:0;padding-top:var(--wp--preset--spacing--10);padding-right:var(--wp--preset--spacing--20);padding-bottom:var(--wp--preset--spacing--10);padding-left:var(--wp--preset--spacing--20)\">\n<p>&#8222;\u017d\u00edze\u0148 po pozn\u00e1n\u00ed&#8220; a &#8222;touha po nov\u00fdch v\u011bcech&#8220;<\/p>\n<\/div>\n<\/div>\n<\/div>\n\n<div class=\"wp-block-group is-layout-flow wp-block-group-is-layout-flow\" style=\"margin-top:var(--wp--preset--spacing--40);margin-bottom:var(--wp--preset--spacing--40)\">\n<h2 class=\"wp-block-heading\">Vzd\u011bl\u00e1vac\u00ed obsah<\/h2>\n\n\n\n<div class=\"wp-block-group has-base-2-background-color has-background is-layout-flow wp-block-group-is-layout-flow\" style=\"padding-top:var(--wp--preset--spacing--20);padding-right:var(--wp--preset--spacing--20);padding-bottom:var(--wp--preset--spacing--20);padding-left:var(--wp--preset--spacing--20)\">\n<h2 class=\"wp-block-heading\">TrioTech | P\u0159\u00edsada. Subtraktivn\u00ed. P\u0159esn\u00e9  <\/h2>\n\n\n\n<p><strong>3D tisk, obr\u00e1b\u011bn\u00ed a metrologie v s\u00ed\u0165ov\u00e9 praxi<\/strong><br \/><\/p>\n\n\n\n<p>Modern\u00ed v\u00fdroba je zalo\u017eena na interakci. O \u00fasp\u011bchu nerozhoduje jedin\u00e1 technologie, ale bezprobl\u00e9mov\u00e1 integrace v\u0161ech proces\u016f. <\/p>\n\n\n\n<ol class=\"wp-block-list\">\n<li><strong>ADDITIVN\u00cd: 3D tisk<\/strong> vytv\u00e1\u0159\u00ed novou svobodu designu a umo\u017e\u0148uje rychl\u00e9 iterace<\/li>\n\n\n\n<li><strong>SUBTRAKTIV: CNC obr\u00e1b\u011bn\u00ed<\/strong> p\u0159in\u00e1\u0161\u00ed p\u0159esnost a dokonal\u00e9 povrchy<\/li>\n\n\n\n<li><strong>PRECIZN\u00cd: 3D <\/strong>technologie <strong>m\u011b\u0159en\u00ed <\/strong>zaji\u0161\u0165uje kvalitu a poskytuje spolehliv\u00e1 data v pr\u016fb\u011bhu cel\u00e9ho pracovn\u00edho procesu.<\/li>\n<\/ol>\n\n\n\n<p>Ve spolupr\u00e1ci s na\u0161\u00edm dlouholet\u00fdm pr\u016fmyslov\u00fdm partnerem <strong><a href=\"https:\/\/www.mkofler.at\/metall\/\" target=\"_blank\" rel=\"noopener\">Metall Kofler<\/a><\/strong> v\u00e1m na m\u00edst\u011b uk\u00e1\u017eeme, jak tyto technologie optim\u00e1ln\u011b spolupracuj\u00ed v praxi. Budete m\u00edt mo\u017enost exkluzivn\u011b nahl\u00e9dnout do z\u00e1kulis\u00ed: V r\u00e1mci prohl\u00eddky v\u00fdrobn\u00edch hal si vyzkou\u0161\u00edte 3D tisk kov\u016f i CNC v\u00fdrobu na nejvy\u0161\u0161\u00ed \u00farovni. <\/p>\n\n\n\n<p>A proto\u017ee technologie lidi spojuje, zakon\u010d\u00edme den spole\u010dn\u011b:<br \/>M\u016f\u017eete se t\u011b\u0161it na uvoln\u011bnou grilovac\u00ed party s chladiv\u00fdmi n\u00e1poji, dobr\u00fdm j\u00eddlem a spoustou p\u0159\u00edle\u017eitost\u00ed popov\u00eddat si s kolegy z oboru.<\/p>\n\n\n\n<h2 class=\"wp-block-heading\"><strong>Agenda<\/strong><\/h2>\n\n\n\n<ul class=\"wp-block-list\">\n<li>08:30 &#8211; 08:35 | &#8222;V\u00edtejte&#8220;<\/li>\n\n\n\n<li>08:35 &#8211; 09:00 | MES: S\u00ed\u0165ov\u00e1 v\u00fdroba a digit\u00e1ln\u00ed optimalizace proces\u016f<\/li>\n\n\n\n<li>09:00 &#8211; 09:15 | 3D tisk z plast\u016f: Rychl\u00fd a \u00fasporn\u00fd tisk mal\u00fdch s\u00e9ri\u00ed &#8211; n\u00e1zorn\u00e9 p\u0159\u00edklady v\u00fdpo\u010dt\u016f<\/li>\n\n\n\n<li>09:15 &#8211; 09:50 | 3D tisk kov\u016f: srovn\u00e1n\u00ed pr\u00e1\u0161kov\u00e9ho a depozi\u010dn\u00edho sva\u0159ov\u00e1n\u00ed<\/li>\n\n\n\n<li>09:50 &#8211; 10:15 | &#8222;Power-Break&#8220;<\/li>\n\n\n\n<li>10:15 &#8211; 11:00 | Obr\u00e1b\u011bn\u00ed\/CNC: P\u0159epracov\u00e1n\u00ed 3D ti\u0161t\u011bn\u00fdch d\u00edl\u016f &#8211; v\u00fdzva p\u0159ijata<\/li>\n\n\n\n<li>11:00 &#8211; 11:30 |3D m\u011b\u0159ic\u00ed technologie: P\u0159\u00edprava a zaji\u0161t\u011bn\u00ed kvality 3D tisku<\/li>\n\n\n\n<li>11:30 &#8211; 12:00 | V praxi: Aditivn\u00ed v\u00fdroba \u0159ezn\u00fdch n\u00e1stroj\u016f &#8211; firma Kofler<\/li>\n\n\n\n<li>ab 12:30&nbsp;|&nbsp;Erleben Sie die digitale Fertigung live \u2013 vom 3D-Drucker bis zur CNC-Maschine!\n<ul class=\"wp-block-list\">\n<li>P\u0159i prohl\u00eddce tov\u00e1rn\u00edch hal spole\u010dnosti Metall Kofler s pr\u016fvodcem spole\u010dn\u011b nahl\u00e9dneme exkluzivn\u011b do z\u00e1kulis\u00ed v\u00fdroby.<\/li>\n<\/ul>\n<\/li>\n<\/ul>\n\n\n\n<p>A na z\u00e1v\u011br: grilov\u00e1n\u00ed s chladiv\u00fdmi n\u00e1poji, dobr\u00fdm j\u00eddlem a inspirativn\u00edm dialogem s kolegy z oboru.<\/p>\n\n\n\n<p><\/p>\n\n\n\n<p>\ud83d\udccd <strong> Zde se odehr\u00e1v\u00e1<\/strong> &#8222;TrioTech&#8220; <strong>:<\/strong><\/p>\n\n\n\n<figure class=\"wp-block-image size-full is-resized\"><a href=\"https:\/\/www.stubai.com\/\" target=\"_blank\" rel=\" noreferrer noopener\"><img loading=\"lazy\" decoding=\"async\" width=\"1024\" height=\"586\" src=\"https:\/\/www.westcam-group.com\/wp-content\/uploads\/2025\/07\/Stubai_Logo_vect_weiss-1024x586-1.png\" alt=\"\" class=\"wp-image-40526\" style=\"width:200px\" srcset=\"https:\/\/www.westcam-group.com\/wp-content\/uploads\/2025\/07\/Stubai_Logo_vect_weiss-1024x586-1.png 1024w, https:\/\/www.westcam-group.com\/wp-content\/uploads\/2025\/07\/Stubai_Logo_vect_weiss-1024x586-1-300x172.png 300w, https:\/\/www.westcam-group.com\/wp-content\/uploads\/2025\/07\/Stubai_Logo_vect_weiss-1024x586-1-768x440.png 768w\" sizes=\"auto, (max-width: 1024px) 100vw, 1024px\" \/><\/a><\/figure>\n\n\n\n<p>Stubai ZMV GmbH | Dr. Kofler Stra\u00dfe 1 | 3. patro | 6166 Fulpmes<\/p>\n\n\n\n<p class=\"has-accent-2-color has-text-color has-link-color wp-elements-af1709d785989eb66cef0551a62c554c\"><a href=\"https:\/\/www.google.at\/maps\/place\/Stubai+CMV+GmbH\/@47.1535143,11.3489771,17z\/data=!4m6!3m5!1s0x479d417c5ac9debf:0x86320da37a460acf!8m2!3d47.1535864!4d11.3516962!16s%2Fg%2F1tywwyd6?entry=ttu&amp;g_ep=EgoyMDI1MDcyMC4wIKXMDSoASAFQAw%3D%3D\" data-type=\"link\" data-id=\"https:\/\/www.google.at\/maps\/place\/Stubai+CMV+GmbH\/@47.1535143,11.3489771,17z\/data=!4m6!3m5!1s0x479d417c5ac9debf:0x86320da37a460acf!8m2!3d47.1535864!4d11.3516962!16s%2Fg%2F1tywwyd6?entry=ttu&amp;g_ep=EgoyMDI1MDcyMC4wIKXMDSoASAFQAw%3D%3D\" target=\"_blank\" rel=\"noopener\"><strong><span class=\"add-arrow\">Trasa<\/span><\/strong><\/a><\/p>\n\n\n\n<p>\ud83d\udccd <strong>Prohl\u00eddka tov\u00e1rny, grilovac\u00ed p\u00e1rty a fin\u00e1le:<\/strong><\/p>\n\n\n\n<figure class=\"wp-block-image size-full\"><a href=\"https:\/\/www.mkofler.at\/metall\/\" target=\"_blank\" rel=\" noreferrer noopener\"><img loading=\"lazy\" decoding=\"async\" width=\"284\" height=\"138\" src=\"https:\/\/www.westcam-group.com\/wp-content\/uploads\/2025\/07\/logo-metall-kofler-1.png\" alt=\"\" class=\"wp-image-40409\" \/><\/a><\/figure>\n\n\n\n<p>Metall Kofler GmbH | Pr\u016fmyslov\u00e1 z\u00f3na B14 | 6166 Fulpmes<\/p>\n\n\n\n<p class=\"has-accent-2-color has-text-color has-link-color wp-elements-fd6d8a986348258dfa9abbf8aa210b0a\"><a href=\"https:\/\/www.google.at\/maps\/place\/Industriegebiet+Zone+B+14,+6166+Medraz\/@47.1379414,11.3385815,14z\/data=!4m6!3m5!1s0x479d41597365831d:0xc177a6b6198159df!8m2!3d47.1344528!4d11.3431627!16s%2Fg%2F11g4hzbgwd?entry=ttu&amp;g_ep=EgoyMDI1MDcyMC4wIKXMDSoASAFQAw%3D%3D\" data-type=\"link\" data-id=\"https:\/\/www.google.at\/maps\/place\/Industriegebiet+Zone+B+14,+6166+Medraz\/@47.1379414,11.3385815,14z\/data=!4m6!3m5!1s0x479d41597365831d:0xc177a6b6198159df!8m2!3d47.1344528!4d11.3431627!16s%2Fg%2F11g4hzbgwd?entry=ttu&amp;g_ep=EgoyMDI1MDcyMC4wIKXMDSoASAFQAw%3D%3D\" target=\"_blank\" rel=\"noopener\"><strong><span class=\"add-arrow\">Trasa<\/span><\/strong><\/a><\/p>\n\n\n\n<h3 class=\"wp-block-heading\">Tip na akci: rychlokurz 3d tisku<\/h3>\n\n\n\n<p>Dokonal\u00fd \u00favod do pr\u016fmyslov\u00e9ho 3D tisku: <strong>Start2Print | Crash Course Additive Manufacturing.<\/strong> Ve 3 kompaktn\u00edch jednotk\u00e1ch se nau\u010d\u00edte z\u00e1klady aditivn\u00ed v\u00fdroby. <\/p>\n\n\n\n<p><strong><span class=\"add-arrow\"><a href=\"https:\/\/www.westcam-group.com\/cs\/academy\/termin\/start2print-rychlokurz-aditivni-vyroby\/\" data-type=\"training_session\" data-id=\"39710\" target=\"_blank\" rel=\"noreferrer noopener\">V\u00edce informac\u00ed a registrace<\/a><\/span><\/strong><\/p>\n<\/div>\n<\/div>\n<div class=\"wp-block-webx-blocks-westcam-employee-display\">\n    <div class=\"employee-image\">\n        <img decoding=\"async\" src=\"https:\/\/www.westcam-group.com\/wp-content\/uploads\/2024\/10\/laura-arrigoni-westcam-group-300x300.jpg\" alt=Laura Arrigoni \/>\n    <\/div>\n    <div class=\"employee-info\">\n        <div class=\"heading-h3\">Laura Arrigoni<\/div>\n        <div class=\"heading-h5 is-style-westcamized\">Podpora prodeje 3D tisk, CAM &#038; ACADEMY<\/div>\n    <\/div>\n    <div class=\"employee-social\">\n        <div class=\"icons\">\n                                    <a href=\"\/vcard\/33758\" title=\"Download vCard\"\n                class=\"vcard-button\">\n                <svg xmlns=\"http:\/\/www.w3.org\/2000\/svg\" width=\"32.143\" height=\"25\" viewBox=\"0 0 32.143 25\">\n                    <path id=\"address-card-solid\"\n                        d=\"M3.571,32A3.575,3.575,0,0,0,0,35.571V53.429A3.575,3.575,0,0,0,3.571,57h25a3.575,3.575,0,0,0,3.571-3.571V35.571A3.575,3.575,0,0,0,28.571,32ZM8.036,46.286h3.571a4.463,4.463,0,0,1,4.464,4.464.9.9,0,0,1-.893.893H4.464a.9.9,0,0,1-.893-.893A4.463,4.463,0,0,1,8.036,46.286ZM6.25,40.929A3.571,3.571,0,1,1,9.821,44.5,3.571,3.571,0,0,1,6.25,40.929Zm14.286-1.786h7.143a.893.893,0,0,1,0,1.786H20.536a.893.893,0,0,1,0-1.786Zm0,3.571h7.143a.893.893,0,0,1,0,1.786H20.536a.893.893,0,0,1,0-1.786Zm0,3.571h7.143a.893.893,0,0,1,0,1.786H20.536a.893.893,0,0,1,0-1.786Z\"\n                        transform=\"translate(0 -32)\" fill=\"#111\" \/>\n                <\/svg>\n            <\/a>\n        <\/div>\n    <\/div>\n    <div class=\"employee-contact\">\n                <a href=\"tel:+43 5223 55509 225\">\n            <div class=\" employee-phone\">\n                <svg xmlns=\"http:\/\/www.w3.org\/2000\/svg\" width=\"32\" height=\"32\" viewBox=\"0 0 32 32\">\n                    <path id=\"phone\"\n                        d=\"M6.529,4h7.059l3.529,8.824-4.412,2.647a19.412,19.412,0,0,0,8.824,8.824l2.647-4.412L33,23.412v7.059A3.529,3.529,0,0,1,29.471,34,28.235,28.235,0,0,1,3,7.529,3.529,3.529,0,0,1,6.529,4\"\n                        transform=\"translate(-2 -3)\" fill=\"none\" stroke=\"#111\" stroke-linecap=\"round\"\n                        stroke-linejoin=\"round\" stroke-width=\"2\" \/>\n                <\/svg>\n\n                +43 5223 55509 225\n            <\/div>\n        <\/a>\n                                <a href=\"mailto:laura.arrigoni@westcam.at\">\n            <div class=\" employee-email\">\n                <svg xmlns=\"http:\/\/www.w3.org\/2000\/svg\" width=\"32.773\" height=\"25.333\" viewBox=\"0 0 32.773 25.333\">\n                    <g id=\"mail\" transform=\"translate(1.387 1)\">\n                        <rect id=\"Rechteck_11\" data-name=\"Rechteck 11\" width=\"30\" height=\"23.333\" rx=\"2\" fill=\"none\"\n                            stroke=\"#111\" stroke-linecap=\"round\" stroke-linejoin=\"round\" stroke-width=\"2\" \/>\n                        <path id=\"Pfad_100\" data-name=\"Pfad 100\" d=\"M3,7,18,17,33,7\" transform=\"translate(-3 -3.667)\"\n                            fill=\"none\" stroke=\"#111\" stroke-linecap=\"round\" stroke-linejoin=\"round\" stroke-width=\"2\" \/>\n                    <\/g>\n                <\/svg>\n                laura.arrigoni@westcam.at\n            <\/div>\n        <\/a>\n        \n\n\n    <\/div>\n        <div class=\"employee-callback wp-block-button is-style-outline\">\n        <a href=\"\/anfrage\/\"\n            class=\"wp-block-button__link wp-element-button\">zeptat se<\/a>\n    <\/div>\n    <\/div>\n<p><\/p>\n","protected":false},"excerpt":{"rendered":"<p>Sezn\u00e1men\u00ed se s nov\u00fdm hardwarem \u010dasto vy\u017eaduje zna\u010dn\u00fd proces u\u010den\u00ed. Na tomto \u0161kolen\u00ed zjist\u00edte, \u017ee tomu tak nemus\u00ed b\u00fdt v\u017edy. <\/p>\n","protected":false},"featured_media":40542,"template":"","location":[2915],"level":[2714],"competence":[2722,2736,2780],"class_list":["post-40648","training_session","type-training_session","status-publish","has-post-thumbnail","hentry","location-metal-kofler-fulpmes-tyrolsko","level-basic-cs","competence-3d-druck-cs","competence-3d-messtechnik-cs","competence-cam-cs"],"start_time":"2025-10-03 08:30:00","end_time":"2025-10-03 12:30:00","_links":{"self":[{"href":"https:\/\/www.westcam-group.com\/cs\/wp-json\/wp\/v2\/training_session\/40648","targetHints":{"allow":["GET"]}}],"collection":[{"href":"https:\/\/www.westcam-group.com\/cs\/wp-json\/wp\/v2\/training_session"}],"about":[{"href":"https:\/\/www.westcam-group.com\/cs\/wp-json\/wp\/v2\/types\/training_session"}],"wp:featuredmedia":[{"embeddable":true,"href":"https:\/\/www.westcam-group.com\/cs\/wp-json\/wp\/v2\/media\/40542"}],"wp:attachment":[{"href":"https:\/\/www.westcam-group.com\/cs\/wp-json\/wp\/v2\/media?parent=40648"}],"wp:term":[{"taxonomy":"location","embeddable":true,"href":"https:\/\/www.westcam-group.com\/cs\/wp-json\/wp\/v2\/location?post=40648"},{"taxonomy":"level","embeddable":true,"href":"https:\/\/www.westcam-group.com\/cs\/wp-json\/wp\/v2\/level?post=40648"},{"taxonomy":"competence","embeddable":true,"href":"https:\/\/www.westcam-group.com\/cs\/wp-json\/wp\/v2\/competence?post=40648"}],"curies":[{"name":"wp","href":"https:\/\/api.w.org\/{rel}","templated":true}]}}