{"id":36924,"date":"2025-03-20T14:35:12","date_gmt":"2025-03-20T13:35:12","guid":{"rendered":"https:\/\/www.westcam-group.com\/academy\/termin\/bim-webxperience-tga-modelovani-vypocty-a-integrace-dat-basic\/"},"modified":"2025-07-10T10:36:05","modified_gmt":"2025-07-10T08:36:05","slug":"bim-webxperience-tga-modelovani-vypocty-a-integrace-dat-basic","status":"publish","type":"training_session","link":"https:\/\/www.westcam-group.com\/cs\/academy\/termin\/bim-webxperience-tga-modelovani-vypocty-a-integrace-dat-basic\/","title":{"rendered":"BIM webXperience: TGA- modelov\u00e1n\u00ed, v\u00fdpo\u010dty a integrace dat | Basic"},"content":{"rendered":"\n<div class=\"wp-block-webx-blocks-grid is-layout-grid wp-container-webx-blocks-grid-is-layout-478b6e6b wp-block-webx-blocks-grid-is-layout-grid\" style=\"--grid-columns-desktop:1;--grid-columns-tablet:1;--grid-columns-mobile:1\">\n<div class=\"wp-block-webx-blocks-grid-item is-layout-flow wp-block-webx-blocks-grid-item-is-layout-flow\" style=\"padding-top:var(--wp--preset--spacing--10);padding-right:var(--wp--preset--spacing--10);padding-bottom:var(--wp--preset--spacing--10);padding-left:var(--wp--preset--spacing--10);--grid-area-desktop:auto \/ auto \/ auto \/ auto;--grid-area-tablet:auto \/ auto \/ auto \/ auto;--grid-area-mobile:auto \/ auto \/ auto \/ auto\">\n<h5 class=\"wp-block-heading\"><strong>V\u00fdzva v pl\u00e1nov\u00e1n\u00ed TGA <\/strong><\/h5>\n\n\n\n<p>TGA pl\u00e1nov\u00e1n\u00ed v procesu BIM \u010del\u00ed mnoha v\u00fdzv\u00e1m: Modelov\u00e1n\u00ed mus\u00ed b\u00fdt efektivn\u00ed a p\u0159esn\u00e9, data z v\u00fdpo\u010dt\u016f mus\u00ed b\u00fdt bez probl\u00e9m\u016f p\u0159en\u00e1\u0161ena a spolupr\u00e1ce mezi architekturou a TGA mus\u00ed fungovat hladce. \u010casto v\u0161ak doch\u00e1z\u00ed ke ztr\u00e1t\u011b informac\u00ed, nespr\u00e1vn\u00fdm v\u00fdsledk\u016fm v\u00fdpo\u010dt\u016f nebo \u010dasov\u011b n\u00e1ro\u010dn\u00e9mu p\u0159epracov\u00e1n\u00ed kv\u016fli nekonzistentn\u00edm datov\u00fdm struktur\u00e1m.   <\/p>\n\n\n\n<p>Jak mohou pl\u00e1nova\u010di TGA tyto v\u00fdzvy p\u0159ekonat? Kter\u00e9 modelovac\u00ed strategie jsou obzvl\u00e1\u0161t\u011b vhodn\u00e9? A jak lze optim\u00e1ln\u011b integrovat procesy v\u00fdpo\u010dtu do pracovn\u00edho postupu na BIM?    <\/p>\n\n\n\n<h5 class=\"wp-block-heading\"><strong>Va\u0161e p\u0159idan\u00e1 hodnota na prvn\u00ed pohled: Co si z akce odnesete<\/strong> <\/h5>\n\n\n\n<p>Na t\u00e9to praktick\u00e9 akci si uk\u00e1\u017eeme, jak lze optim\u00e1ln\u011b vyu\u017e\u00edt v\u00fdpo\u010detn\u00ed programy auxalia Revit ProjectBox a SOLAR-COMPUTER k efektivn\u00edmu prov\u00e1d\u011bn\u00ed v\u00fdpo\u010dt\u016f na z\u00e1klad\u011b model\u016f a ke zlep\u0161en\u00ed spolupr\u00e1ce mezi TGA a architekturou. Krom\u011b osv\u011bd\u010den\u00fdch modelovac\u00edch strategi\u00ed se budeme v\u011bnovat tak\u00e9 proces\u016fm integrace dat &#8211; a to jak v uzav\u0159en\u00e9m BIM, tak v otev\u0159en\u00e9m BIM. \u00da\u010dastn\u00edci budou moci vyu\u017e\u00edt odborn\u00fdch znalost\u00ed, osv\u011bd\u010den\u00fdch postup\u016f a praktick\u00fdch \u017eiv\u00fdch uk\u00e1zek.    <\/p>\n\n\n\n<p><strong>Ve spolupr\u00e1ci s:<\/strong><\/p>\n\n\n\n<figure class=\"wp-block-image size-full is-resized\"><img decoding=\"async\" src=\"https:\/\/www.westcam-group.com\/wp-content\/uploads\/2025\/03\/logo_auxalia-with-group_blue-transparent.svg\" alt=\"\" class=\"wp-image-36597\" style=\"width:150px\"\/><\/figure>\n<\/div>\n<\/div>\n\n<div class=\"wp-block-group is-layout-flow wp-block-group-is-layout-flow\" style=\"margin-top:var(--wp--preset--spacing--40);margin-bottom:var(--wp--preset--spacing--40)\">\n<h2 class=\"wp-block-heading\">PROGRAM<\/h2>\n\n\n\n<div class=\"wp-block-group has-base-2-background-color has-background is-layout-flow wp-block-group-is-layout-flow\" style=\"padding-top:var(--wp--preset--spacing--20);padding-right:var(--wp--preset--spacing--20);padding-bottom:var(--wp--preset--spacing--20);padding-left:var(--wp--preset--spacing--20)\">\n<p class=\"has-accent-color has-text-color has-link-color wp-elements-a1fa648a4a8135b023ef6567d88f284b\"><strong>09:00<\/strong><\/p>\n\n\n\n<p><strong>BIM-podporovan\u00e9 pl\u00e1nov\u00e1n\u00ed TGA: Jak Revit ProjectBox<\/strong> optimalizuje proces modelov\u00e1n\u00ed | P\u0159edn\u00e1\u0161ej\u00edc\u00ed: Chahid Yahya, BIM Consultant, auxalia  <\/p>\n\n\n\n<p>TGA modelov\u00e1n\u00ed na Revit s sebou p\u0159in\u00e1\u0161\u00ed \u0159adu v\u00fdzev &#8211; od spr\u00e1vy strukturovan\u00fdch dat a\u017e po mezioborovou spolupr\u00e1ci s architekty.<\/p>\n\n\n\n<p class=\"has-accent-color has-text-color has-link-color wp-elements-0aa9f5eaf91dc41f0d1def13f9b2a566\"><strong>09:30<\/strong><\/p>\n\n\n\n<p><strong>Efektivn\u00ed v\u00fdpo\u010det z\u00e1t\u011b\u017ee p\u0159i vyt\u00e1p\u011bn\u00ed a chlazen\u00ed: SOLAR-COMPUTER jako \u010dl\u00e1nek v procesu BIM<\/strong> | P\u0159edn\u00e1\u0161ej\u00edc\u00ed: Tim Petruszek, SOLAR-COMPUTER<\/p>\n\n\n\n<p>V\u00fdpo\u010det z\u00e1t\u011b\u017ee vyt\u00e1p\u011bn\u00ed a chlazen\u00ed je \u00fast\u0159edn\u00ed sou\u010d\u00e1st\u00ed pl\u00e1nov\u00e1n\u00ed TGA a mus\u00ed b\u00fdt p\u0159esn\u011b za\u010dlen\u011bn do procesu BIM.<\/p>\n\n\n\n<p class=\"has-accent-color has-text-color has-link-color wp-elements-98fb42bf0674465c8befa8b1a665411b\"><strong>10:00<\/strong><\/p>\n\n\n\n<p><strong>P\u0159\u00edstupy k modelov\u00e1n\u00ed na TGA: jednovrstv\u00e9, v\u00edcevrstv\u00e9 nebo hybridn\u00ed?<\/strong>  | P\u0159edn\u00e1\u0161ej\u00edc\u00ed: Irina Fischer, BIM Consultant, auxalia<\/p>\n\n\n\n<p>Volba spr\u00e1vn\u00e9ho p\u0159\u00edstupu k modelov\u00e1n\u00ed m\u00e1 p\u0159\u00edm\u00fd vliv na kvalitu a efektivitu v\u00fdpo\u010dtu p\u0159i pl\u00e1nov\u00e1n\u00ed TGA.<\/p>\n\n\n\n<p class=\"has-accent-color has-text-color has-link-color wp-elements-7e3a0fe218a09a9fab98e2f8f8aa6571\"><strong>10:30<\/strong><\/p>\n\n\n\n<p><strong>Optimalizovan\u00e1 integrace dat pro projektanty TGA: efektivn\u00ed konverze<\/strong> model\u016f <strong>IFC a Revit<\/strong> do gbXML | P\u0159edn\u00e1\u0161ej\u00edc\u00ed: Daniel Glober, BIM-X Consulting &amp; Irina Fischer, auxalia<\/p>\n\n\n\n<p>Bezprobl\u00e9mov\u00e1 integrace model\u016f Revit a IFC do tepeln\u00fdch v\u00fdpo\u010dt\u016f \u010dasto p\u0159edstavuje pro projektanty TGA velkou v\u00fdzvu.<\/p>\n\n\n\n<p class=\"has-accent-color has-text-color has-link-color wp-elements-d476777c7381bf9be9988fed28ad677e\"><strong>11:00<\/strong><\/p>\n\n\n\n<p><strong>Kulat\u00fd st\u016fl: Jak se vyv\u00edj\u00ed pl\u00e1nov\u00e1n\u00ed TGA v prost\u0159ed\u00ed BIM?<\/strong>  | TGABar e.V., BIM Allianz, BIM-X Consulting, SOLAR-COMPUTER, auxalia<\/p>\n\n\n\n<p>V r\u00e1mci tohoto kulat\u00e9ho stolu budou odborn\u00edci ze spole\u010dnost\u00ed TGABar e.V., BIM Allianz, BIM-X Consulting, SOLAR-COMPUTER a auxalia diskutovat o kl\u00ed\u010dov\u00fdch v\u00fdzv\u00e1ch digit\u00e1ln\u00edho pl\u00e1nov\u00e1n\u00ed TGA.<\/p>\n\n\n\n<h2 class=\"wp-block-heading\">REGISTRACE:<\/h2>\n\n\n\n<div class=\"wp-block-buttons is-layout-flex wp-block-buttons-is-layout-flex\">\n<div class=\"wp-block-button\"><a class=\"wp-block-button__link wp-element-button\" href=\"https:\/\/events.teams.microsoft.com\/event\/b7cc351c-8a1e-4ed1-b42e-ec8feb57c318@f7957c37-03a9-4b02-89f8-21db33c0af1e\" target=\"_blank\" rel=\"noreferrer noopener\">ZAREGISTRUJTE SE NYN\u00cd ZDARMA &gt;<\/a><\/div>\n<\/div>\n<\/div>\n<\/div>\n<div class=\"wp-block-webx-blocks-westcam-employee-display\">\n    <div class=\"employee-image\">\n        <img decoding=\"async\" src=\"https:\/\/www.westcam-group.com\/wp-content\/uploads\/2024\/05\/judith-kantioler-westcam-300x300.jpg\" alt=Judith Kantioler \/>\n    <\/div>\n    <div class=\"employee-info\">\n        <div class=\"heading-h3\">Judith Kantioler<\/div>\n        <div class=\"heading-h5 is-style-westcamized\">\u0160kolen\u00ed CAD, PDM &#038; AEC<\/div>\n    <\/div>\n    <div class=\"employee-social\">\n        <div class=\"icons\">\n                                    <a href=\"\/vcard\/33766\" title=\"Download vCard\"\n                class=\"vcard-button\">\n                <svg xmlns=\"http:\/\/www.w3.org\/2000\/svg\" width=\"32.143\" height=\"25\" viewBox=\"0 0 32.143 25\">\n                    <path id=\"address-card-solid\"\n                        d=\"M3.571,32A3.575,3.575,0,0,0,0,35.571V53.429A3.575,3.575,0,0,0,3.571,57h25a3.575,3.575,0,0,0,3.571-3.571V35.571A3.575,3.575,0,0,0,28.571,32ZM8.036,46.286h3.571a4.463,4.463,0,0,1,4.464,4.464.9.9,0,0,1-.893.893H4.464a.9.9,0,0,1-.893-.893A4.463,4.463,0,0,1,8.036,46.286ZM6.25,40.929A3.571,3.571,0,1,1,9.821,44.5,3.571,3.571,0,0,1,6.25,40.929Zm14.286-1.786h7.143a.893.893,0,0,1,0,1.786H20.536a.893.893,0,0,1,0-1.786Zm0,3.571h7.143a.893.893,0,0,1,0,1.786H20.536a.893.893,0,0,1,0-1.786Zm0,3.571h7.143a.893.893,0,0,1,0,1.786H20.536a.893.893,0,0,1,0-1.786Z\"\n                        transform=\"translate(0 -32)\" fill=\"#111\" \/>\n                <\/svg>\n            <\/a>\n        <\/div>\n    <\/div>\n    <div class=\"employee-contact\">\n                <a href=\"tel:+43 5223 55509 360\">\n            <div class=\" employee-phone\">\n                <svg xmlns=\"http:\/\/www.w3.org\/2000\/svg\" width=\"32\" height=\"32\" viewBox=\"0 0 32 32\">\n                    <path id=\"phone\"\n                        d=\"M6.529,4h7.059l3.529,8.824-4.412,2.647a19.412,19.412,0,0,0,8.824,8.824l2.647-4.412L33,23.412v7.059A3.529,3.529,0,0,1,29.471,34,28.235,28.235,0,0,1,3,7.529,3.529,3.529,0,0,1,6.529,4\"\n                        transform=\"translate(-2 -3)\" fill=\"none\" stroke=\"#111\" stroke-linecap=\"round\"\n                        stroke-linejoin=\"round\" stroke-width=\"2\" \/>\n                <\/svg>\n\n                +43 5223 55509 360\n            <\/div>\n        <\/a>\n                                <a href=\"mailto:judith.kantioler@westcam.at\">\n            <div class=\" employee-email\">\n                <svg xmlns=\"http:\/\/www.w3.org\/2000\/svg\" width=\"32.773\" height=\"25.333\" viewBox=\"0 0 32.773 25.333\">\n                    <g id=\"mail\" transform=\"translate(1.387 1)\">\n                        <rect id=\"Rechteck_11\" data-name=\"Rechteck 11\" width=\"30\" height=\"23.333\" rx=\"2\" fill=\"none\"\n                            stroke=\"#111\" stroke-linecap=\"round\" stroke-linejoin=\"round\" stroke-width=\"2\" \/>\n                        <path id=\"Pfad_100\" data-name=\"Pfad 100\" d=\"M3,7,18,17,33,7\" transform=\"translate(-3 -3.667)\"\n                            fill=\"none\" stroke=\"#111\" stroke-linecap=\"round\" stroke-linejoin=\"round\" stroke-width=\"2\" \/>\n                    <\/g>\n                <\/svg>\n                judith.kantioler@westcam.at\n            <\/div>\n        <\/a>\n        \n\n\n    <\/div>\n        <div class=\"employee-callback wp-block-button is-style-outline\">\n        <a href=\"\/anfrage\/\"\n            class=\"wp-block-button__link wp-element-button\">zeptat se<\/a>\n    <\/div>\n    <\/div>\n<div class=\"wp-block-cover aligncenter is-light\" style=\"min-height:430px;aspect-ratio:unset;\"><span aria-hidden=\"true\" class=\"wp-block-cover__background has-background-dim\" style=\"background-color:#b6b1ab\"><\/span><img loading=\"lazy\" decoding=\"async\" width=\"1100\" height=\"550\" class=\"wp-block-cover__image-background wp-image-27789\" alt=\"\" src=\"https:\/\/www.westcam-group.com\/wp-content\/uploads\/2024\/10\/tga-planung-westcam-services.png\" data-object-fit=\"cover\" srcset=\"https:\/\/www.westcam-group.com\/wp-content\/uploads\/2024\/10\/tga-planung-westcam-services.png 1100w, https:\/\/www.westcam-group.com\/wp-content\/uploads\/2024\/10\/tga-planung-westcam-services-300x150.png 300w, https:\/\/www.westcam-group.com\/wp-content\/uploads\/2024\/10\/tga-planung-westcam-services-1024x512.png 1024w, https:\/\/www.westcam-group.com\/wp-content\/uploads\/2024\/10\/tga-planung-westcam-services-768x384.png 768w\" sizes=\"auto, (max-width: 1100px) 100vw, 1100px\" \/><div class=\"wp-block-cover__inner-container is-layout-flow wp-block-cover-is-layout-flow\">\n<p class=\"has-text-align-center has-large-font-size\">BIM webXperience | <strong>TGA-Modelov\u00e1n\u00ed, v\u00fdpo\u010dty a<\/strong> integrace <strong>dat<\/strong> | Basic<\/p>\n<\/div><\/div>\n","protected":false},"excerpt":{"rendered":"<p>PROGRAM 09:00 BIM-podporovan\u00e9 pl\u00e1nov\u00e1n\u00ed TGA: Jak Revit ProjectBox optimalizuje proces modelov\u00e1n\u00ed | P\u0159edn\u00e1\u0161ej\u00edc\u00ed: Chahid Yahya, BIM Consultant, auxalia TGA modelov\u00e1n\u00ed na Revit s sebou p\u0159in\u00e1\u0161\u00ed \u0159adu v\u00fdzev &#8211; od spr\u00e1vy strukturovan\u00fdch dat a\u017e po mezioborovou spolupr\u00e1ci s architekty. 09:30 Efektivn\u00ed v\u00fdpo\u010det z\u00e1t\u011b\u017ee p\u0159i vyt\u00e1p\u011bn\u00ed a chlazen\u00ed: SOLAR-COMPUTER jako \u010dl\u00e1nek v procesu BIM | P\u0159edn\u00e1\u0161ej\u00edc\u00ed: Tim [&hellip;]<\/p>\n","protected":false},"featured_media":0,"template":"","location":[2705],"level":[2714],"competence":[2756,2762],"class_list":["post-36924","training_session","type-training_session","status-publish","hentry","location-live-webinar-cs","level-basic-cs","competence-architektur-bauwesen-cs","competence-tga-planung-cs"],"start_time":"2025-04-04 09:00:00","end_time":"2025-04-04 17:00:00","_links":{"self":[{"href":"https:\/\/www.westcam-group.com\/cs\/wp-json\/wp\/v2\/training_session\/36924","targetHints":{"allow":["GET"]}}],"collection":[{"href":"https:\/\/www.westcam-group.com\/cs\/wp-json\/wp\/v2\/training_session"}],"about":[{"href":"https:\/\/www.westcam-group.com\/cs\/wp-json\/wp\/v2\/types\/training_session"}],"wp:attachment":[{"href":"https:\/\/www.westcam-group.com\/cs\/wp-json\/wp\/v2\/media?parent=36924"}],"wp:term":[{"taxonomy":"location","embeddable":true,"href":"https:\/\/www.westcam-group.com\/cs\/wp-json\/wp\/v2\/location?post=36924"},{"taxonomy":"level","embeddable":true,"href":"https:\/\/www.westcam-group.com\/cs\/wp-json\/wp\/v2\/level?post=36924"},{"taxonomy":"competence","embeddable":true,"href":"https:\/\/www.westcam-group.com\/cs\/wp-json\/wp\/v2\/competence?post=36924"}],"curies":[{"name":"wp","href":"https:\/\/api.w.org\/{rel}","templated":true}]}}