{"id":36898,"date":"2025-02-27T08:56:47","date_gmt":"2025-02-27T07:56:47","guid":{"rendered":"https:\/\/www.westcam-group.com\/academy\/termin\/webinar-pro-mlade-talenty-fascinace-3d-tiskem\/"},"modified":"2025-07-10T10:35:23","modified_gmt":"2025-07-10T08:35:23","slug":"webinar-pro-mlade-talenty-fascinace-3d-tiskem","status":"publish","type":"training_session","link":"https:\/\/www.westcam-group.com\/cs\/academy\/termin\/webinar-pro-mlade-talenty-fascinace-3d-tiskem\/","title":{"rendered":"WEBIN\u00c1\u0158 | Pro mlad\u00e9 talenty: Fascinace 3D tiskem"},"content":{"rendered":"\n<div class=\"wp-block-webx-blocks-grid is-layout-grid wp-container-webx-blocks-grid-is-layout-8a7fa254 wp-block-webx-blocks-grid-is-layout-grid\" style=\"margin-top:var(--wp--preset--spacing--40);margin-bottom:var(--wp--preset--spacing--40);--grid-columns-desktop:2;--grid-columns-tablet:2;--grid-columns-mobile:1\">\n<div class=\"wp-block-webx-blocks-grid-item has-base-2-background-color has-background is-layout-flow wp-block-webx-blocks-grid-item-is-layout-flow\" style=\"padding-top:0;padding-right:0;padding-bottom:0;padding-left:0;--grid-area-desktop:auto \/ auto \/ auto \/ auto;--grid-area-tablet:auto \/ auto \/ auto \/ auto;--grid-area-mobile:auto \/ auto \/ auto \/ auto\">\n<div class=\"wp-block-group has-base-background-color has-background is-layout-flow wp-block-group-is-layout-flow\">\n<h2 class=\"wp-block-heading\" style=\"padding-bottom:var(--wp--preset--spacing--20)\">C\u00edlov\u00e1 skupina<\/h2>\n<\/div>\n\n\n\n<div class=\"wp-block-group has-base-2-background-color has-background is-layout-flow wp-block-group-is-layout-flow\" style=\"margin-top:0;margin-bottom:0;padding-top:var(--wp--preset--spacing--10);padding-right:var(--wp--preset--spacing--20);padding-bottom:var(--wp--preset--spacing--10);padding-left:var(--wp--preset--spacing--20)\">\n<p>Lid\u00e9 odpov\u011bdn\u00ed za dal\u0161\u00ed vzd\u011bl\u00e1v\u00e1n\u00ed a odbornou p\u0159\u00edpravu, \u0161kolitel\u00e9 u\u010d\u0148ovsk\u00e9ho \u0161kolstv\u00ed, personalist\u00e9, veden\u00ed, u\u010dni, z\u00e1jemci o znalosti.<\/p>\n<\/div>\n<\/div>\n\n\n\n<div class=\"wp-block-webx-blocks-grid-item has-base-2-background-color has-background is-layout-flow wp-block-webx-blocks-grid-item-is-layout-flow\" style=\"padding-top:0;padding-right:0;padding-bottom:0;padding-left:0;--grid-area-desktop:auto \/ auto \/ auto \/ auto;--grid-area-tablet:auto \/ auto \/ auto \/ auto;--grid-area-mobile:auto \/ auto \/ auto \/ auto\">\n<div class=\"wp-block-group has-base-background-color has-background is-layout-flow wp-block-group-is-layout-flow\">\n<h2 class=\"wp-block-heading\" style=\"padding-bottom:var(--wp--preset--spacing--20)\">P\u0159edpoklady<\/h2>\n<\/div>\n\n\n\n<div class=\"wp-block-group has-base-2-background-color has-background is-layout-flow wp-block-group-is-layout-flow\" style=\"margin-top:0;margin-bottom:0;padding-top:var(--wp--preset--spacing--10);padding-right:var(--wp--preset--spacing--20);padding-bottom:var(--wp--preset--spacing--10);padding-left:var(--wp--preset--spacing--20)\">\n<p>&#8222;Otev\u0159enost nov\u00fdm v\u011bcem&#8220;. Online registrace pro z\u00edsk\u00e1n\u00ed p\u0159\u00edstupov\u00fdch \u00fadaj\u016f ZOOM <\/p>\n<\/div>\n<\/div>\n<\/div>\n\n<div class=\"wp-block-webx-blocks-grid-item is-layout-flow wp-block-webx-blocks-grid-item-is-layout-flow\" style=\"padding-top:var(--wp--preset--spacing--10);padding-right:var(--wp--preset--spacing--10);padding-bottom:var(--wp--preset--spacing--10);padding-left:var(--wp--preset--spacing--10);--grid-area-desktop:auto \/ auto \/ auto \/ auto;--grid-area-tablet:auto \/ auto \/ auto \/ auto;--grid-area-mobile:auto \/ auto \/ auto \/ auto\">\n<h4 class=\"wp-block-heading\"><strong>JSTE ZAM\u011aSTNAVATEL, KTER\u00dd &#8222;JDE S DOBOU&#8220;? M\u00e1te t\u00e9mata, kter\u00e1 mlad\u00e9 lidi zaj\u00edmaj\u00ed? PODCHY\u0164TE GENERACI TAM, KDE SE NACH\u00c1Z\u00cd! MY v\u00e1m s t\u00edm m\u016f\u017eeme pomoci:   <\/strong><\/h4>\n\n\n\n<p>Nedostatek kvalifikovan\u00e9 pracovn\u00ed s\u00edly zp\u016fsobuje<strong> &#8222;v\u00e1lku o talenty&#8220;. <\/strong> Ko\u0161e s ovocem, firemn\u00ed kola, firemn\u00ed v\u00fdlety, v\u00e1no\u010dn\u00ed ve\u010d\u00edrky atd. ji\u017e nesta\u010d\u00ed k tomu, aby p\u0159il\u00e1kaly a dlouhodob\u011b udr\u017eely &#8222;nejlep\u0161\u00ed mozky&#8220;. Zvl\u00e1\u0161t\u011b ne u mlad\u00fdch talent\u016f!<\/p>\n\n\n\n<p>Jako zam\u011bstnavatel se uch\u00e1z\u00edte o p\u0159\u00edze\u0148 <strong>uchaze\u010d\u016f, \u017ee?<\/strong> Investujete spoustu \u010dasu a pen\u011bz do toho, aby va\u0161e spole\u010dnost byla jako zam\u011bstnavatel atraktivn\u00ed &#8211; <strong>employer branding.<\/strong> <\/p>\n\n\n\n<h4 class=\"wp-block-heading\"><strong>POZOR: Mlad\u00ed lid\u00e9 maj\u00ed jin\u00e9 priority ne\u017e lid\u00e9 z obdob\u00ed baby boomu!  <\/strong> <\/h4>\n\n\n\n<figure class=\"wp-block-image size-large wp-duotone-violet-ivory\"><img loading=\"lazy\" decoding=\"async\" width=\"1024\" height=\"147\" src=\"https:\/\/www.westcam-group.com\/wp-content\/uploads\/2025\/02\/generationen-employer-branding-1-1024x147.png\" alt=\"\" class=\"wp-image-35744\" srcset=\"https:\/\/www.westcam-group.com\/wp-content\/uploads\/2025\/02\/generationen-employer-branding-1-1024x147.png 1024w, https:\/\/www.westcam-group.com\/wp-content\/uploads\/2025\/02\/generationen-employer-branding-1-300x43.png 300w, https:\/\/www.westcam-group.com\/wp-content\/uploads\/2025\/02\/generationen-employer-branding-1-768x110.png 768w, https:\/\/www.westcam-group.com\/wp-content\/uploads\/2025\/02\/generationen-employer-branding-1.png 1346w\" sizes=\"auto, (max-width: 1024px) 100vw, 1024px\" \/><\/figure>\n\n\n\n<p>Zat\u00edmco v minulosti byla d\u016fle\u017eit\u00e1 <strong>&#8222;hardwarov\u00e1 t\u00e9mata&#8220;, jako je plat<\/strong>, mobiln\u00ed telefon, slu\u017eebn\u00ed auto a kari\u00e9rn\u00ed postup, dnes jsou d\u016fle\u017eit\u011bj\u0161\u00ed &#8222;m\u011bkk\u00e1 t\u00e9mata&#8220;.<\/p>\n\n\n\n<p>Pokud jde o o\u010dek\u00e1v\u00e1n\u00ed zam\u011bstnavatel\u016f, mlad\u00ed lid\u00e9 se st\u00e1le \u010dast\u011bji zam\u011b\u0159uj\u00ed na <strong>&#8222;softwarov\u00e9 faktory&#8220;, jako je pohodov\u00e1<\/strong> pr\u00e1ce, neust\u00e1l\u00e9 u\u010den\u00ed se nov\u00fdm v\u011bcem, flexibiln\u00ed pr\u00e1ce a pr\u00e1ce na d\u00e1lku a samoz\u0159ejm\u011b rovnov\u00e1ha mezi pracovn\u00edm a soukrom\u00fdm \u017eivotem.<\/p>\n\n\n\n<p><strong>Od generace Z<\/strong> jsme se zcela socializovali v digit\u00e1ln\u00ed \u00e9\u0159e. Jako <strong>&#8222;digit\u00e1ln\u00ed domorodci&#8220;<\/strong> maj\u00ed dne\u0161n\u00ed <strong> mlad\u00ed lid\u00e9<\/strong> jakousi &#8222;vrozenou <strong> afinitu k technologi\u00edm&#8220;, kterou byste jako zam\u011bstnavatel<\/strong> m\u011bli vyu\u017e\u00edt! <\/p>\n\n\n\n<h4 class=\"wp-block-heading\"><strong>&#8222;TR\u00c9NINK S PFIFF&#8220; &#8211; TAKHLE SE SB\u00cdRAJ\u00cd KLUCI!<\/strong><\/h4>\n\n\n\n<p>Dnes jsou zapot\u0159eb\u00ed kompaktn\u00ed specializovan\u00e9 vzd\u011bl\u00e1vac\u00ed moduly, kter\u00e9 jsou <strong>dokonale p\u0159izp\u016fsobeny pot\u0159eb\u00e1m mlad\u00fdch talent\u016f.<\/strong> <\/p>\n\n\n\n<h5 class=\"wp-block-heading\"><strong>ZDE v centru pozornosti: 3D tisk &#8211; technologie, kter\u00e1 p\u0159in\u00e1\u0161\u00ed revoluci ve v\u00fdrob\u011b a FASCINUJE MLAD\u00c9 TALENTY.<\/strong><\/h5>\n<\/div>\n\n<div class=\"wp-block-group is-layout-flow wp-block-group-is-layout-flow\" style=\"margin-top:var(--wp--preset--spacing--40);margin-bottom:var(--wp--preset--spacing--40)\">\n<h2 class=\"wp-block-heading\">AGENDA<\/h2>\n\n\n\n<div class=\"wp-block-group has-base-2-background-color has-background is-layout-flow wp-block-group-is-layout-flow\" style=\"padding-top:var(--wp--preset--spacing--20);padding-right:var(--wp--preset--spacing--20);padding-bottom:var(--wp--preset--spacing--20);padding-left:var(--wp--preset--spacing--20)\">\n<h4 class=\"wp-block-heading\">JAKO ZAM\u011aSTNAVATEL &#8222;NA TEPU \u010cASU&#8220;.<\/h4>\n\n\n\n<h5 class=\"wp-block-heading is-style-westcamized\">Inovativn\u00ed u\u010d\u0148ovsk\u00e9 vzd\u011bl\u00e1v\u00e1n\u00ed: 3D tisk jako faktor \u00fasp\u011bchu<\/h5>\n\n\n\n<p>Na tomto online \u017eiv\u00e9m setk\u00e1n\u00ed p\u0159edstav\u00edme <em>platformu Talents and Leaders<\/em> a na vybran\u00fdch p\u0159\u00edkladech p\u0159ibl\u00ed\u017e\u00edme jej\u00ed obsah. Z\u00edsk\u00e1te cenn\u00e9 podn\u011bty, kter\u00e9 podpo\u0159\u00ed a d\u00e1le rozvinou va\u0161i pr\u00e1ci v oblasti vzd\u011bl\u00e1v\u00e1n\u00ed u\u010d\u0148\u016f. <\/p>\n\n\n\n<ul class=\"wp-block-list\">\n<li><strong>10:30 &#8211; 10.50:<\/strong> \n<ul class=\"wp-block-list\">\n<li><strong>TALENTS &amp; COMPANY: Platforma<\/strong> pro <strong>nejlep\u0161\u00ed praxi<\/strong> v oblasti u\u010d\u0148ovsk\u00e9ho vzd\u011bl\u00e1v\u00e1n\u00ed<\/li>\n\n\n\n<li><strong>P\u0159edn\u00e1\u0161ej\u00edc\u00ed: Christoph <\/strong>Shawa | TALENTS &amp; COMPANY<\/li>\n<\/ul>\n<\/li>\n<\/ul>\n\n\n\n<p><\/p>\n\n\n\n<ul class=\"wp-block-list\">\n<li><strong>10:50 -11:10:  <\/strong>\n<ul class=\"wp-block-list\">\n<li><strong>WESTCAMP (<\/strong> CAD, design | 3D tisk | CAM, CNC): Inovace se setk\u00e1vaj\u00ed s odbornou p\u0159\u00edpravou<\/li>\n\n\n\n<li><strong>P\u0159edn\u00e1\u0161ej\u00edc\u00ed: Klaus<\/strong> Baumgartner | WESTCAM Academy | WESTCAM Group<\/li>\n<\/ul>\n<\/li>\n<\/ul>\n\n\n\n<p><\/p>\n\n\n\n<ul class=\"wp-block-list\">\n<li><strong>11:10 -11:30:  <\/strong>\n<ul class=\"wp-block-list\">\n<li><strong>WESTCAMP 3D tisk: Od<\/strong> n\u00e1padu p\u0159es digit\u00e1ln\u00ed n\u00e1vrh a\u017e po hotov\u00fd v\u00fdrobek. 3D tisk umo\u017e\u0148uje t\u00e9m\u011b\u0159 neomezen\u00e9 tvary a efektivn\u00ed v\u00fdrobu. <\/li>\n\n\n\n<li><strong>P\u0159edn\u00e1\u0161ej\u00edc\u00ed: Harald <\/strong>Spiegl | Process Consulting &amp; Engineering 3D Printing | WESTCAM Group<\/li>\n<\/ul>\n<\/li>\n<\/ul>\n\n\n\n<h4 class=\"wp-block-heading\"><strong>PROTO BYSTE SE M\u011aLI Z\u00da\u010cASTNIT:<\/strong><\/h4>\n\n\n\n<ul class=\"wp-block-list\">\n<li>Z\u00edskejte cenn\u00e9 podn\u011bty pro n\u00e1bor a rozvoj u\u010d\u0148\u016f.<\/li>\n\n\n\n<li>Objevte nov\u00e9 tr\u00e9ninkov\u00e9 strategie<\/li>\n\n\n\n<li>S\u00ed\u0165ov\u00e1n\u00ed s podobn\u011b sm\u00fd\u0161lej\u00edc\u00edmi lidmi a odborn\u00edky<\/li>\n<\/ul>\n<\/div>\n<\/div>\n\n<h2 class=\"wp-block-heading\">ZAREGISTRUJTE SE NYN\u00cd ZDARMA:<\/h2>\n\n<figure class=\"wp-block-image size-full is-resized\"><a href=\"https:\/\/us02web.zoom.us\/webinar\/register\/WN_YDZDQSdPQuOJz1xYg4YVkw?_x_zm_rtaid=WjsUcBufSLaxG2UTYr2Ivw.1740565181507.de1edd54623c6b9a7da43554dd5a6770&amp;_x_zm_rhtaid=80#\/registration\" target=\"_blank\" rel=\"noopener\"><img loading=\"lazy\" decoding=\"async\" width=\"3840\" height=\"901\" src=\"https:\/\/www.westcam-group.com\/wp-content\/uploads\/2025\/02\/logo-microsoft-teams.png\" alt=\"\" class=\"wp-image-33321\" style=\"width:480px;height:auto\" srcset=\"https:\/\/www.westcam-group.com\/wp-content\/uploads\/2025\/02\/logo-microsoft-teams.png 3840w, https:\/\/www.westcam-group.com\/wp-content\/uploads\/2025\/02\/logo-microsoft-teams-300x70.png 300w, https:\/\/www.westcam-group.com\/wp-content\/uploads\/2025\/02\/logo-microsoft-teams-1024x240.png 1024w, https:\/\/www.westcam-group.com\/wp-content\/uploads\/2025\/02\/logo-microsoft-teams-768x180.png 768w, https:\/\/www.westcam-group.com\/wp-content\/uploads\/2025\/02\/logo-microsoft-teams-1536x360.png 1536w, https:\/\/www.westcam-group.com\/wp-content\/uploads\/2025\/02\/logo-microsoft-teams-2048x481.png 2048w\" sizes=\"auto, (max-width: 3840px) 100vw, 3840px\" \/><\/a><\/figure>\n\n<div class=\"wp-block-buttons is-layout-flex wp-block-buttons-is-layout-flex\">\n<div class=\"wp-block-button\"><a class=\"wp-block-button__link wp-element-button\" href=\"https:\/\/us02web.zoom.us\/webinar\/register\/WN_YDZDQSdPQuOJz1xYg4YVkw?_x_zm_rtaid=WjsUcBufSLaxG2UTYr2Ivw.1740565181507.de1edd54623c6b9a7da43554dd5a6770&amp;_x_zm_rhtaid=80#\/registration\" target=\"_blank\" rel=\"noreferrer noopener\">Zaregistrujte se zde ZDARMA<\/a><\/div>\n<\/div>\n\n<div class=\"wp-block-media-text has-media-on-the-right is-stacked-on-mobile\"><div class=\"wp-block-media-text__content\">\n<h2 class=\"wp-block-heading has-text-align-left is-style-westcamized\">DOBR\u00c9 V\u011aD\u011aT:<\/h2>\n\n\n\n<h5 class=\"wp-block-heading is-style-default\"><strong>Talenty a spole\u010dnost<\/strong><\/h5>\n\n\n\n<p>Spole\u010dnost zalo\u017een\u00e1 v roce 2023 p\u0159in\u00e1\u0161\u00ed revoluci v oblasti u\u010d\u0148ovsk\u00e9ho vzd\u011bl\u00e1v\u00e1n\u00ed prost\u0159ednictv\u00edm poznatk\u016f zalo\u017een\u00fdch na datech a podporuje spole\u010dnosti a u\u010dn\u011b p\u0159i hled\u00e1n\u00ed a udr\u017een\u00ed kvalifikovan\u00fdch pracovn\u00edk\u016f budoucnosti a jejich vzd\u011bl\u00e1v\u00e1n\u00ed. \u010cetn\u00e9 p\u0159\u00edklady osv\u011bd\u010den\u00fdch postup\u016f.   <a href=\"https:\/\/www.talentsandcompany.at\/\" target=\"_blank\" rel=\"noopener\">Zjist\u011bte v\u00edce  &gt;<\/a><\/p>\n\n\n\n<h5 class=\"wp-block-heading is-style-default\"><strong>Talents &amp; Leaders &#8211; Budoucnost u\u010d\u0148ovsk\u00e9ho vzd\u011bl\u00e1v\u00e1n\u00ed<\/strong><\/h5>\n\n\n\n<p class=\"has-text-align-left\">Platforma pro <strong>osv\u011bd\u010den\u00e9 postupy v oblasti u\u010d\u0148ovsk\u00e9ho vzd\u011bl\u00e1v\u00e1n\u00ed z<\/strong> cel\u00e9 Evropy. Tato platforma ukazuje <strong>,<\/strong> jak nap\u0159\u00edklad <strong>spole\u010dnost Hilti AG<\/strong> nastavuje nov\u00e9 standardy prost\u0159ednictv\u00edm inovativn\u00edch projekt\u016f.   <\/p>\n<\/div><figure class=\"wp-block-media-text__media\"><a href=\"https:\/\/www.talentsandcompany.at\/\" target=\"_blank\" rel=\"noopener\"><img loading=\"lazy\" decoding=\"async\" width=\"646\" height=\"200\" src=\"https:\/\/www.westcam-group.com\/wp-content\/uploads\/2025\/02\/Element-18.png\" alt=\"\" class=\"wp-image-35747 size-full\" srcset=\"https:\/\/www.westcam-group.com\/wp-content\/uploads\/2025\/02\/Element-18.png 646w, https:\/\/www.westcam-group.com\/wp-content\/uploads\/2025\/02\/Element-18-300x93.png 300w\" sizes=\"auto, (max-width: 646px) 100vw, 646px\" \/><\/a><\/figure><\/div>\n\n<figure class=\"wp-block-image aligncenter size-large wp-duotone-violet-ivory\"><img loading=\"lazy\" decoding=\"async\" width=\"1024\" height=\"643\" src=\"https:\/\/www.westcam-group.com\/wp-content\/uploads\/2025\/02\/auxalia-westcam-group-gemeinsam-zukunft-gestalten-1024x643.jpeg\" alt=\"\" class=\"wp-image-33457\" srcset=\"https:\/\/www.westcam-group.com\/wp-content\/uploads\/2025\/02\/auxalia-westcam-group-gemeinsam-zukunft-gestalten-1024x643.jpeg 1024w, https:\/\/www.westcam-group.com\/wp-content\/uploads\/2025\/02\/auxalia-westcam-group-gemeinsam-zukunft-gestalten-300x188.jpeg 300w, https:\/\/www.westcam-group.com\/wp-content\/uploads\/2025\/02\/auxalia-westcam-group-gemeinsam-zukunft-gestalten-768x482.jpeg 768w, https:\/\/www.westcam-group.com\/wp-content\/uploads\/2025\/02\/auxalia-westcam-group-gemeinsam-zukunft-gestalten-1536x964.jpeg 1536w, https:\/\/www.westcam-group.com\/wp-content\/uploads\/2025\/02\/auxalia-westcam-group-gemeinsam-zukunft-gestalten-2048x1286.jpeg 2048w, https:\/\/www.westcam-group.com\/wp-content\/uploads\/2025\/02\/auxalia-westcam-group-gemeinsam-zukunft-gestalten-1433x900.jpeg 1433w, https:\/\/www.westcam-group.com\/wp-content\/uploads\/2025\/02\/auxalia-westcam-group-gemeinsam-zukunft-gestalten-956x600.jpeg 956w\" sizes=\"auto, (max-width: 1024px) 100vw, 1024px\" \/><\/figure>\n\n<h3 class=\"wp-block-heading\">M\u00e1te ot\u00e1zky? R\u00e1d v\u00e1m pomohu: <\/h3>\n<div class=\"wp-block-webx-blocks-westcam-employee-display\">\n    <div class=\"employee-image\">\n        <img decoding=\"async\" src=\"https:\/\/www.westcam-group.com\/wp-content\/uploads\/2024\/10\/laura-arrigoni-westcam-group-300x300.jpg\" alt=Laura Arrigoni \/>\n    <\/div>\n    <div class=\"employee-info\">\n        <div class=\"heading-h3\">Laura Arrigoni<\/div>\n        <div class=\"heading-h5 is-style-westcamized\">\u0160kolen\u00ed 3D tisku, CAM a MES<\/div>\n    <\/div>\n    <div class=\"employee-social\">\n        <div class=\"icons\">\n                                    <a href=\"\/vcard\/33758\" title=\"Download vCard\"\n                class=\"vcard-button\">\n                <svg xmlns=\"http:\/\/www.w3.org\/2000\/svg\" width=\"32.143\" height=\"25\" viewBox=\"0 0 32.143 25\">\n                    <path id=\"address-card-solid\"\n                        d=\"M3.571,32A3.575,3.575,0,0,0,0,35.571V53.429A3.575,3.575,0,0,0,3.571,57h25a3.575,3.575,0,0,0,3.571-3.571V35.571A3.575,3.575,0,0,0,28.571,32ZM8.036,46.286h3.571a4.463,4.463,0,0,1,4.464,4.464.9.9,0,0,1-.893.893H4.464a.9.9,0,0,1-.893-.893A4.463,4.463,0,0,1,8.036,46.286ZM6.25,40.929A3.571,3.571,0,1,1,9.821,44.5,3.571,3.571,0,0,1,6.25,40.929Zm14.286-1.786h7.143a.893.893,0,0,1,0,1.786H20.536a.893.893,0,0,1,0-1.786Zm0,3.571h7.143a.893.893,0,0,1,0,1.786H20.536a.893.893,0,0,1,0-1.786Zm0,3.571h7.143a.893.893,0,0,1,0,1.786H20.536a.893.893,0,0,1,0-1.786Z\"\n                        transform=\"translate(0 -32)\" fill=\"#111\" \/>\n                <\/svg>\n            <\/a>\n        <\/div>\n    <\/div>\n    <div class=\"employee-contact\">\n                <a href=\"tel:+43 5223 55509 225\">\n            <div class=\" employee-phone\">\n                <svg xmlns=\"http:\/\/www.w3.org\/2000\/svg\" width=\"32\" height=\"32\" viewBox=\"0 0 32 32\">\n                    <path id=\"phone\"\n                        d=\"M6.529,4h7.059l3.529,8.824-4.412,2.647a19.412,19.412,0,0,0,8.824,8.824l2.647-4.412L33,23.412v7.059A3.529,3.529,0,0,1,29.471,34,28.235,28.235,0,0,1,3,7.529,3.529,3.529,0,0,1,6.529,4\"\n                        transform=\"translate(-2 -3)\" fill=\"none\" stroke=\"#111\" stroke-linecap=\"round\"\n                        stroke-linejoin=\"round\" stroke-width=\"2\" \/>\n                <\/svg>\n\n                +43 5223 55509 225\n            <\/div>\n        <\/a>\n                                <a href=\"mailto:laura.arrigoni@westcam.at\">\n            <div class=\" employee-email\">\n                <svg xmlns=\"http:\/\/www.w3.org\/2000\/svg\" width=\"32.773\" height=\"25.333\" viewBox=\"0 0 32.773 25.333\">\n                    <g id=\"mail\" transform=\"translate(1.387 1)\">\n                        <rect id=\"Rechteck_11\" data-name=\"Rechteck 11\" width=\"30\" height=\"23.333\" rx=\"2\" fill=\"none\"\n                            stroke=\"#111\" stroke-linecap=\"round\" stroke-linejoin=\"round\" stroke-width=\"2\" \/>\n                        <path id=\"Pfad_100\" data-name=\"Pfad 100\" d=\"M3,7,18,17,33,7\" transform=\"translate(-3 -3.667)\"\n                            fill=\"none\" stroke=\"#111\" stroke-linecap=\"round\" stroke-linejoin=\"round\" stroke-width=\"2\" \/>\n                    <\/g>\n                <\/svg>\n                laura.arrigoni@westcam.at\n            <\/div>\n        <\/a>\n        \n\n\n    <\/div>\n        <div class=\"employee-callback wp-block-button is-style-outline\">\n        <a href=\"\/anfrage\/\"\n            class=\"wp-block-button__link wp-element-button\">zeptat se<\/a>\n    <\/div>\n    <\/div>\n<p><\/p>\n","protected":false},"excerpt":{"rendered":"<p>3D tisk &#8211; technologie, kter\u00e1 p\u0159in\u00e1\u0161\u00ed revoluci ve v\u00fdrob\u011b a fascinuje mlad\u00e9 talenty.  <\/p>\n","protected":false},"featured_media":33458,"template":"single-training_session_no_form","location":[2705],"level":[2714],"competence":[2722,2842,2780],"class_list":["post-36898","training_session","type-training_session","status-publish","has-post-thumbnail","hentry","location-live-webinar-cs","level-basic-cs","competence-3d-druck-cs","competence-cad-konstruktion-cs","competence-cam-cs"],"start_time":"2025-03-14 10:30:00","end_time":"2025-03-14 11:30:00","_links":{"self":[{"href":"https:\/\/www.westcam-group.com\/cs\/wp-json\/wp\/v2\/training_session\/36898","targetHints":{"allow":["GET"]}}],"collection":[{"href":"https:\/\/www.westcam-group.com\/cs\/wp-json\/wp\/v2\/training_session"}],"about":[{"href":"https:\/\/www.westcam-group.com\/cs\/wp-json\/wp\/v2\/types\/training_session"}],"wp:featuredmedia":[{"embeddable":true,"href":"https:\/\/www.westcam-group.com\/cs\/wp-json\/wp\/v2\/media\/33458"}],"wp:attachment":[{"href":"https:\/\/www.westcam-group.com\/cs\/wp-json\/wp\/v2\/media?parent=36898"}],"wp:term":[{"taxonomy":"location","embeddable":true,"href":"https:\/\/www.westcam-group.com\/cs\/wp-json\/wp\/v2\/location?post=36898"},{"taxonomy":"level","embeddable":true,"href":"https:\/\/www.westcam-group.com\/cs\/wp-json\/wp\/v2\/level?post=36898"},{"taxonomy":"competence","embeddable":true,"href":"https:\/\/www.westcam-group.com\/cs\/wp-json\/wp\/v2\/competence?post=36898"}],"curies":[{"name":"wp","href":"https:\/\/api.w.org\/{rel}","templated":true}]}}