{"id":33570,"date":"2025-02-18T11:11:24","date_gmt":"2025-02-18T10:11:24","guid":{"rendered":"https:\/\/www.westcam-group.com\/academy\/termin\/webinar-3d-tisk-ve-stavebnictvi-neomezene-tvary-mene-materialu\/"},"modified":"2025-07-10T10:35:27","modified_gmt":"2025-07-10T08:35:27","slug":"webinar-3d-tisk-ve-stavebnictvi-neomezene-tvary-mene-materialu","status":"publish","type":"training_session","link":"https:\/\/www.westcam-group.com\/cs\/academy\/termin\/webinar-3d-tisk-ve-stavebnictvi-neomezene-tvary-mene-materialu\/","title":{"rendered":"WEBIN\u00c1\u0158 | 3D tisk ve stavebnictv\u00ed &#8211; neomezen\u00e9 tvary, m\u00e9n\u011b materi\u00e1lu"},"content":{"rendered":"\n<div class=\"wp-block-webx-blocks-grid is-layout-grid wp-container-webx-blocks-grid-is-layout-478b6e6b wp-block-webx-blocks-grid-is-layout-grid\" style=\"--grid-columns-desktop:1;--grid-columns-tablet:1;--grid-columns-mobile:1\">\n<div class=\"wp-block-webx-blocks-grid-item is-layout-flow wp-block-webx-blocks-grid-item-is-layout-flow\" style=\"padding-top:var(--wp--preset--spacing--10);padding-right:var(--wp--preset--spacing--10);padding-bottom:var(--wp--preset--spacing--10);padding-left:var(--wp--preset--spacing--10);--grid-area-desktop:auto \/ auto \/ auto \/ auto;--grid-area-tablet:auto \/ auto \/ auto \/ auto;--grid-area-mobile:auto \/ auto \/ auto \/ auto\">\n<h4 class=\"wp-block-heading\"><strong>Inovativn\u00ed aplikace pro stavebn\u00ed projektanty, in\u017een\u00fdry, architekty a specialisty v oblasti infrastruktury, stavebn\u00edch technologi\u00ed a projektov\u00e1n\u00ed za\u0159\u00edzen\u00ed.<\/strong><\/h4>\n\n\n\n<p>Pr\u016fmyslov\u00fd 3D tisk otev\u00edr\u00e1 nov\u00e9 mo\u017enosti pro pl\u00e1nov\u00e1n\u00ed a navrhov\u00e1n\u00ed staveb. Slo\u017eit\u00e9 geometrie, komponenty na m\u00edru a v\u00fdroba \u0161et\u0159\u00edc\u00ed zdroje &#8211; to, co je p\u0159i tradi\u010dn\u00edch stavebn\u00edch metod\u00e1ch \u010dasto n\u00e1kladn\u00e9 nebo ekonomicky nerealizovateln\u00e9, lze nyn\u00ed realizovat pomoc\u00ed aditivn\u00ed v\u00fdroby. <\/p>\n<\/div>\n<\/div>\n\n<figure class=\"wp-block-image aligncenter wp-duotone-violet-ivory\"><img decoding=\"async\" src=\"https:\/\/www.auxalia.com\/wp-content\/uploads\/2025\/02\/240307_banner_homepage_webinar-3d-druck.jpg\" alt=\"\"\/><\/figure>\n\n<div class=\"wp-block-group is-layout-flow wp-block-group-is-layout-flow\" style=\"margin-top:var(--wp--preset--spacing--40);margin-bottom:var(--wp--preset--spacing--40)\">\n<h2 class=\"wp-block-heading\">TO JE TO, CO ZA\u017dIJETE:<\/h2>\n\n\n\n<div class=\"wp-block-group has-base-2-background-color has-background is-layout-flow wp-block-group-is-layout-flow\" style=\"padding-top:var(--wp--preset--spacing--20);padding-right:var(--wp--preset--spacing--20);padding-bottom:var(--wp--preset--spacing--20);padding-left:var(--wp--preset--spacing--20)\">\n<h3 class=\"wp-block-heading\"><strong>Jak\u00e9 jsou v\u00fdhody 3D tisku ve stavebnictv\u00ed?<\/strong><\/h3>\n\n\n\n<ul class=\"wp-block-list\">\n<li><br\/>P<strong>\u0159esn\u011bj\u0161\u00ed pl\u00e1nov\u00e1n\u00ed a rychlej\u0161\u00ed realizace:<\/strong>D<strong>igit\u00e1ln\u00ed<\/strong> n\u00e1vrhy lze p\u0159ev\u00e9st p\u0159\u00edmo na fyzick\u00e9 modely nebo sou\u010d\u00e1sti &#8211; bez oklik p\u0159es v\u00fdrobu forem nebo slo\u017eit\u00fdch v\u00fdrobn\u00edch proces\u016f. Mo\u017en\u00e9 jsou i klasick\u00e9 modely pro vizualizaci. <\/li>\n\n\n\n<li><br\/>N<strong>ov\u00e9 konstruk\u010dn\u00ed mo\u017enosti pro slo\u017eit\u00e9 geometrie: P\u0159i<\/strong> b\u011b\u017en\u00fdch postupech lze n\u011bkter\u00e9 struktury realizovat jen st\u011b\u017e\u00ed nebo jen s velmi vysok\u00fdmi n\u00e1klady. Aditivn\u00ed v\u00fdroba umo\u017e\u0148uje vytv\u00e1\u0159et voln\u00e9 povrchy, filigr\u00e1nsk\u00e9 nosn\u00e9 struktury a p\u0159izp\u016fsoben\u00e9 komponenty, kter\u00e9 lze dokonale integrovat do st\u00e1vaj\u00edc\u00edch struktur. <\/li>\n\n\n\n<li><br\/>E<strong>fektivn\u00ed vyu\u017eit\u00ed materi\u00e1l\u016f a zdroj\u016f: C\u00edlen<\/strong>\u00e9 vyu\u017eit\u00ed <strong> materi\u00e1l\u016f a eliminace v\u00fdroby forem znamen\u00e1, \u017ee se spot\u0159ebuje m\u00e9n\u011b materi\u00e1lu, co\u017e p\u0159in\u00e1\u0161\u00ed nejen ekonomick\u00e9 v\u00fdhody, ale je tak\u00e9 udr\u017eiteln\u011bj\u0161\u00ed. To m\u016f\u017ee b\u00fdt d\u016fle\u017eit\u00e9 zejm\u00e9na u speci\u00e1ln\u00edch sou\u010d\u00e1st\u00ed nebo mal\u00fdch s\u00e9ri\u00ed.<\/strong> <\/li>\n\n\n\n<li><br\/>O<strong>ptimalizace v\u00fdroby a mont\u00e1\u017ee: Men<\/strong>\u0161\u00ed po\u010det <strong> jednotliv\u00fdch d\u00edl\u016f znamen\u00e1 rychlej\u0161\u00ed mont\u00e1\u017e na staveni\u0161ti. Komponenty lze navrhnout tak, aby se snadn\u011bji montovaly, co\u017e \u0161et\u0159\u00ed \u010das i pen\u00edze.<\/strong> <\/li>\n<\/ul>\n\n\n\n<h3 class=\"wp-block-heading\"><strong>Zku\u0161enosti s 3D tiskem ve stavebnictv\u00ed v praxi<\/strong><\/h3>\n\n\n\n<p>Na tomto webin\u00e1\u0159i v\u00e1m na re\u00e1ln\u00fdch projektech uk\u00e1\u017eeme, jak se pr\u016fmyslov\u00fd 3D tisk \u00fasp\u011b\u0161n\u011b pou\u017e\u00edv\u00e1 ve stavebnictv\u00ed. Zjist\u011bte, jak se digit\u00e1ln\u00ed n\u00e1vrhy p\u0159ev\u00e1d\u011bj\u00ed do hmotn\u00fdch model\u016f nebo sou\u010d\u00e1st\u00ed, jak\u00e9 technologie se pou\u017e\u00edvaj\u00ed a jak\u00e9 ekonomick\u00e9 p\u0159\u00ednosy z toho vypl\u00fdvaj\u00ed. <\/p>\n\n\n\n<h4 class=\"wp-block-heading\">Va\u0161e reproduktory<\/h4>\n\n\n\n<div class=\"wp-block-webx-blocks-grid is-layout-grid wp-container-webx-blocks-grid-is-layout-478b6e6b wp-block-webx-blocks-grid-is-layout-grid\" style=\"--grid-columns-desktop:2;--grid-columns-tablet:2;--grid-columns-mobile:1\">\n<div class=\"wp-block-webx-blocks-grid-item is-layout-flow wp-block-webx-blocks-grid-item-is-layout-flow\" style=\"padding-top:var(--wp--preset--spacing--10);padding-right:var(--wp--preset--spacing--10);padding-bottom:var(--wp--preset--spacing--10);padding-left:var(--wp--preset--spacing--10);--grid-area-desktop:auto \/ auto \/ auto \/ auto;--grid-area-tablet:auto \/ auto \/ auto \/ auto;--grid-area-mobile:auto \/ auto \/ auto \/ auto\">\n<figure class=\"wp-block-image is-resized\"><img decoding=\"async\" src=\"https:\/\/www.auxalia.com\/wp-content\/uploads\/2025\/02\/harald-spiegl-230x200.jpg\" alt=\"\" style=\"width:230px;height:auto\"\/><\/figure>\n\n\n\n<p><strong><em>Harald Spiegl<\/em><\/strong> | WESTCAM<\/p>\n\n\n\n<p>3D tisk a in\u017een\u00fdrstv\u00ed  <\/p>\n<\/div>\n\n\n\n<div class=\"wp-block-webx-blocks-grid-item is-layout-flow wp-block-webx-blocks-grid-item-is-layout-flow\" style=\"padding-top:var(--wp--preset--spacing--10);padding-right:var(--wp--preset--spacing--10);padding-bottom:var(--wp--preset--spacing--10);padding-left:var(--wp--preset--spacing--10);--grid-area-desktop:auto \/ auto \/ auto \/ auto;--grid-area-tablet:auto \/ auto \/ auto \/ auto;--grid-area-mobile:auto \/ auto \/ auto \/ auto\">\n<figure class=\"wp-block-image\"><img decoding=\"async\" src=\"https:\/\/www.auxalia.com\/wp-content\/uploads\/2022\/07\/profilbild-robert-hibler-230x200.jpg\" alt=\"\"\/><\/figure>\n\n\n\n<p><strong><em>Robert Hibler<\/em><\/strong> | auxalia<\/p>\n\n\n\n<p>AEC Expert &#8211; Architektura, in\u017een\u00fdrstv\u00ed a stavebnictv\u00ed<\/p>\n<\/div>\n<\/div>\n<\/div>\n<\/div>\n\n<h2 class=\"wp-block-heading\">ZAREGISTRUJTE SE NYN\u00cd ZDARMA:<\/h2>\n\n<figure class=\"wp-block-image size-full is-resized\"><a href=\"https:\/\/events.teams.microsoft.com\/event\/60025570-01ee-47fe-ae1f-70da653066e5@f7957c37-03a9-4b02-89f8-21db33c0af1e\/registration\" target=\"_blank\" rel=\"noopener\"><img loading=\"lazy\" decoding=\"async\" width=\"3840\" height=\"901\" src=\"https:\/\/www.westcam-group.com\/wp-content\/uploads\/2025\/02\/logo-microsoft-teams.png\" alt=\"\" class=\"wp-image-33321\" style=\"width:480px;height:auto\" srcset=\"https:\/\/www.westcam-group.com\/wp-content\/uploads\/2025\/02\/logo-microsoft-teams.png 3840w, https:\/\/www.westcam-group.com\/wp-content\/uploads\/2025\/02\/logo-microsoft-teams-300x70.png 300w, https:\/\/www.westcam-group.com\/wp-content\/uploads\/2025\/02\/logo-microsoft-teams-1024x240.png 1024w, https:\/\/www.westcam-group.com\/wp-content\/uploads\/2025\/02\/logo-microsoft-teams-768x180.png 768w, https:\/\/www.westcam-group.com\/wp-content\/uploads\/2025\/02\/logo-microsoft-teams-1536x360.png 1536w, https:\/\/www.westcam-group.com\/wp-content\/uploads\/2025\/02\/logo-microsoft-teams-2048x481.png 2048w\" sizes=\"auto, (max-width: 3840px) 100vw, 3840px\" \/><\/a><\/figure>\n\n<div class=\"wp-block-buttons is-layout-flex wp-block-buttons-is-layout-flex\">\n<div class=\"wp-block-button\"><a class=\"wp-block-button__link wp-element-button\" href=\"https:\/\/events.teams.microsoft.com\/event\/60025570-01ee-47fe-ae1f-70da653066e5@f7957c37-03a9-4b02-89f8-21db33c0af1e\/registration\" target=\"_blank\" rel=\"noreferrer noopener\">Zaregistrujte se zde ZDARMA<\/a><\/div>\n<\/div>\n\n<p><\/p>\n\n<h4 class=\"wp-block-heading\">M\u00e1te ot\u00e1zky? V\u017edy v\u00e1m r\u00e1d pom\u016f\u017eu: <\/h4>\n<div class=\"wp-block-webx-blocks-westcam-employee-display\">\n    <div class=\"employee-image\">\n        <img decoding=\"async\" src=\"https:\/\/www.westcam-group.com\/wp-content\/uploads\/2024\/10\/laura-arrigoni-westcam-group-300x300.jpg\" alt=Laura Arrigoni \/>\n    <\/div>\n    <div class=\"employee-info\">\n        <div class=\"heading-h3\">Laura Arrigoni<\/div>\n        <div class=\"heading-h5 is-style-westcamized\">\u0160kolen\u00ed 3D tisku, CAM a MES<\/div>\n    <\/div>\n    <div class=\"employee-social\">\n        <div class=\"icons\">\n                                    <a href=\"\/vcard\/33758\" title=\"Download vCard\"\n                class=\"vcard-button\">\n                <svg xmlns=\"http:\/\/www.w3.org\/2000\/svg\" width=\"32.143\" height=\"25\" viewBox=\"0 0 32.143 25\">\n                    <path id=\"address-card-solid\"\n                        d=\"M3.571,32A3.575,3.575,0,0,0,0,35.571V53.429A3.575,3.575,0,0,0,3.571,57h25a3.575,3.575,0,0,0,3.571-3.571V35.571A3.575,3.575,0,0,0,28.571,32ZM8.036,46.286h3.571a4.463,4.463,0,0,1,4.464,4.464.9.9,0,0,1-.893.893H4.464a.9.9,0,0,1-.893-.893A4.463,4.463,0,0,1,8.036,46.286ZM6.25,40.929A3.571,3.571,0,1,1,9.821,44.5,3.571,3.571,0,0,1,6.25,40.929Zm14.286-1.786h7.143a.893.893,0,0,1,0,1.786H20.536a.893.893,0,0,1,0-1.786Zm0,3.571h7.143a.893.893,0,0,1,0,1.786H20.536a.893.893,0,0,1,0-1.786Zm0,3.571h7.143a.893.893,0,0,1,0,1.786H20.536a.893.893,0,0,1,0-1.786Z\"\n                        transform=\"translate(0 -32)\" fill=\"#111\" \/>\n                <\/svg>\n            <\/a>\n        <\/div>\n    <\/div>\n    <div class=\"employee-contact\">\n                <a href=\"tel:+43 5223 55509 225\">\n            <div class=\" employee-phone\">\n                <svg xmlns=\"http:\/\/www.w3.org\/2000\/svg\" width=\"32\" height=\"32\" viewBox=\"0 0 32 32\">\n                    <path id=\"phone\"\n                        d=\"M6.529,4h7.059l3.529,8.824-4.412,2.647a19.412,19.412,0,0,0,8.824,8.824l2.647-4.412L33,23.412v7.059A3.529,3.529,0,0,1,29.471,34,28.235,28.235,0,0,1,3,7.529,3.529,3.529,0,0,1,6.529,4\"\n                        transform=\"translate(-2 -3)\" fill=\"none\" stroke=\"#111\" stroke-linecap=\"round\"\n                        stroke-linejoin=\"round\" stroke-width=\"2\" \/>\n                <\/svg>\n\n                +43 5223 55509 225\n            <\/div>\n        <\/a>\n                                <a href=\"mailto:laura.arrigoni@westcam.at\">\n            <div class=\" employee-email\">\n                <svg xmlns=\"http:\/\/www.w3.org\/2000\/svg\" width=\"32.773\" height=\"25.333\" viewBox=\"0 0 32.773 25.333\">\n                    <g id=\"mail\" transform=\"translate(1.387 1)\">\n                        <rect id=\"Rechteck_11\" data-name=\"Rechteck 11\" width=\"30\" height=\"23.333\" rx=\"2\" fill=\"none\"\n                            stroke=\"#111\" stroke-linecap=\"round\" stroke-linejoin=\"round\" stroke-width=\"2\" \/>\n                        <path id=\"Pfad_100\" data-name=\"Pfad 100\" d=\"M3,7,18,17,33,7\" transform=\"translate(-3 -3.667)\"\n                            fill=\"none\" stroke=\"#111\" stroke-linecap=\"round\" stroke-linejoin=\"round\" stroke-width=\"2\" \/>\n                    <\/g>\n                <\/svg>\n                laura.arrigoni@westcam.at\n            <\/div>\n        <\/a>\n        \n\n\n    <\/div>\n        <div class=\"employee-callback wp-block-button is-style-outline\">\n        <a href=\"\/anfrage\/\"\n            class=\"wp-block-button__link wp-element-button\">zeptat se<\/a>\n    <\/div>\n    <\/div>\n<p><\/p>\n","protected":false},"excerpt":{"rendered":"<p>TO JE TO, CO ZA\u017dIJETE: Jak\u00e9 jsou v\u00fdhody 3D tisku ve stavebnictv\u00ed? Zku\u0161enosti s 3D tiskem ve stavebnictv\u00ed v praxi Na tomto webin\u00e1\u0159i v\u00e1m na re\u00e1ln\u00fdch projektech uk\u00e1\u017eeme, jak se pr\u016fmyslov\u00fd 3D tisk \u00fasp\u011b\u0161n\u011b pou\u017e\u00edv\u00e1 ve stavebnictv\u00ed. Zjist\u011bte, jak se digit\u00e1ln\u00ed n\u00e1vrhy p\u0159ev\u00e1d\u011bj\u00ed do hmotn\u00fdch model\u016f nebo sou\u010d\u00e1st\u00ed, jak\u00e9 technologie se pou\u017e\u00edvaj\u00ed a jak\u00e9 ekonomick\u00e9 [&hellip;]<\/p>\n","protected":false},"featured_media":0,"template":"single-training_session_no_form","location":[2688],"level":[2714],"competence":[2722,2756],"class_list":["post-33570","training_session","type-training_session","status-publish","hentry","location-online-live-schulung-cs","level-basic-cs","competence-3d-druck-cs","competence-architektur-bauwesen-cs"],"start_time":"2025-03-07 10:00:00","end_time":"2025-03-07 11:00:00","_links":{"self":[{"href":"https:\/\/www.westcam-group.com\/cs\/wp-json\/wp\/v2\/training_session\/33570","targetHints":{"allow":["GET"]}}],"collection":[{"href":"https:\/\/www.westcam-group.com\/cs\/wp-json\/wp\/v2\/training_session"}],"about":[{"href":"https:\/\/www.westcam-group.com\/cs\/wp-json\/wp\/v2\/types\/training_session"}],"wp:attachment":[{"href":"https:\/\/www.westcam-group.com\/cs\/wp-json\/wp\/v2\/media?parent=33570"}],"wp:term":[{"taxonomy":"location","embeddable":true,"href":"https:\/\/www.westcam-group.com\/cs\/wp-json\/wp\/v2\/location?post=33570"},{"taxonomy":"level","embeddable":true,"href":"https:\/\/www.westcam-group.com\/cs\/wp-json\/wp\/v2\/level?post=33570"},{"taxonomy":"competence","embeddable":true,"href":"https:\/\/www.westcam-group.com\/cs\/wp-json\/wp\/v2\/competence?post=33570"}],"curies":[{"name":"wp","href":"https:\/\/api.w.org\/{rel}","templated":true}]}}