{"id":39701,"date":"2025-05-16T08:06:29","date_gmt":"2025-05-16T06:06:29","guid":{"rendered":"https:\/\/www.westcam-group.com\/academy\/angebot\/cad-konstrukce\/cad-forward-digitalizace-a-optimalizace-v-3d-navrhovani-pokrocile-reseni\/"},"modified":"2026-04-21T12:10:56","modified_gmt":"2026-04-21T10:10:56","slug":"cad-forward-digitalizace-a-optimalizace-v-3d-navrhovani-pokrocile-reseni","status":"publish","type":"training_offer","link":"https:\/\/www.westcam-group.com\/cs\/academy\/angebot\/cad-konstrukce\/cad-forward-digitalizace-a-optimalizace-v-3d-navrhovani-pokrocile-reseni\/","title":{"rendered":"&#8222;CAD Forward&#8220; &#8211; Digitalizace a optimalizace v 3D navrhov\u00e1n\u00ed | Pokro\u010dil\u00e9 \u0159e\u0161en\u00ed"},"content":{"rendered":"\n<div class=\"wp-block-group alignfull has-base-2-background-color has-background has-global-padding is-layout-constrained wp-block-group-is-layout-constrained\" style=\"margin-top:0;margin-bottom:0;padding-top:var(--wp--preset--spacing--50);padding-bottom:var(--wp--preset--spacing--50)\">\n<div class=\"wp-block-webx-blocks-grid is-layout-grid wp-container-webx-blocks-grid-is-layout-478b6e6b wp-block-webx-blocks-grid-is-layout-grid\" style=\"--grid-columns-desktop:4;--grid-columns-tablet:2;--grid-columns-mobile:1\">\n<div class=\"wp-block-webx-blocks-grid-item is-layout-flow wp-block-webx-blocks-grid-item-is-layout-flow\" style=\"--grid-area-desktop:auto \/ span 3 \/ auto \/ auto;--grid-area-tablet:auto \/ auto \/ auto \/ auto;--grid-area-mobile:auto \/ auto \/ auto \/ auto\">\n<div class=\"wp-block-group has-global-padding is-layout-constrained wp-block-group-is-layout-constrained\"><div style=\"font-style:normal;font-weight:700\" class=\"taxonomy-competence has-link-color is-style-pill wp-elements-895770e71ad734eddd2ba580f5f9e9ab wp-block-post-terms has-text-color has-base-color\"><a href=\"https:\/\/www.westcam-group.com\/cs\/competence\/cad-konstruktion-cs\/\" rel=\"tag\">CAD, Konstruktion<\/a><\/div>\n\n<h1 style=\"text-transform:none;\" class=\"wp-block-post-title\">&#8222;CAD Forward&#8220; &#8211; Digitalizace a optimalizace v 3D navrhov\u00e1n\u00ed | Pokro\u010dil\u00e9 \u0159e\u0161en\u00ed<\/h1><\/div>\n<\/div>\n\n\n\n<div class=\"wp-block-webx-blocks-grid-item has-text-align-right is-layout-flow wp-block-webx-blocks-grid-item-is-layout-flow\" style=\"--grid-area-desktop:auto \/ auto \/ auto \/ auto;--grid-area-tablet:auto \/ auto \/ auto \/ auto;--grid-area-mobile:auto \/ auto \/ auto \/ auto\">\n<figure class=\"wp-block-image alignright size-full is-resized\"><img decoding=\"async\" src=\"https:\/\/www.westcam-group.com\/wp-content\/uploads\/2024\/02\/academy-svg.svg\" alt=\"\" class=\"wp-image-1077\" style=\"width:118px;height:auto\"\/><\/figure>\n<\/div>\n<\/div>\n<\/div>\n\n<div class=\"wp-block-webx-blocks-responsive-spacer\" style=\"--desktop-height:100px;--tablet-height:50px;--mobile-height:25px\"><\/div>\n\n<div class=\"wp-block-group has-base-2-background-color has-background has-global-padding is-layout-constrained wp-container-core-group-is-layout-c385debf wp-block-group-is-layout-constrained\" style=\"padding-top:var(--wp--preset--spacing--20);padding-right:var(--wp--preset--spacing--20);padding-bottom:var(--wp--preset--spacing--20);padding-left:var(--wp--preset--spacing--20)\">\n<h2 class=\"wp-block-heading\" style=\"text-transform:none\">Efektivn\u011bj\u0161\u00ed 3D design pro va\u0161e zam\u011bstnance &#8211; rychlej\u0161\u00ed, strukturovan\u011bj\u0161\u00ed, efektivn\u011bj\u0161\u00ed<\/h2>\n\n\n\n<div class=\"wp-block-buttons is-layout-flex wp-block-buttons-is-layout-flex\">\n<div class=\"wp-block-button\"><a class=\"wp-block-button__link wp-element-button\" href=\"#anfrage\">Poptejte nyn\u00ed<\/a><\/div>\n<\/div>\n\n\n\n<p><strong>Od u\u017eivatele CADu k profesion\u00e1l\u016fm v oblasti efektivity.<\/strong><br\/>Prohlubte sv\u00e9 odborn\u00e9 znalosti, optimalizujte sv\u00e9 pracovn\u00ed postupy a systematicky zvl\u00e1dn\u011bte slo\u017eit\u00e9 sestavy. Va\u0161i zam\u011bstnanci se v kr\u00e1tk\u00e9m \u010dase nau\u010d\u00ed efektivn\u011b zvl\u00e1dat slo\u017eit\u00e9 sestavy a trvale optimalizovat pracovn\u00ed postupy v CAD &#8211; p\u0159\u00edmo vyu\u017eiteln\u00e9 v jejich ka\u017edodenn\u00ed pr\u00e1ci. <\/p>\n\n\n\n<ul class=\"wp-block-list is-style-westcam-list\">\n<li>Intenzivn\u00ed \u0161kolen\u00ed se siln\u00fdm praktick\u00fdm zam\u011b\u0159en\u00edm<\/li>\n\n\n\n<li>Okam\u017eit\u011b realizovateln\u00e9 metody pro ka\u017edodenn\u00ed pr\u00e1ci s CAD<\/li>\n<\/ul>\n\n\n\n<p><\/p>\n\n\n\n<h3 class=\"wp-block-heading\" style=\"text-transform:none\">Pro\u010d je toto \u0161kolen\u00ed kl\u00ed\u010dov\u00e9<\/h3>\n\n\n\n<p>Slo\u017eit\u00e9 sestavy, dlouh\u00e1 doba na\u010d\u00edt\u00e1n\u00ed a neefektivn\u00ed pracovn\u00ed postupy stoj\u00ed \u010das &#8211; a pen\u00edze.<br\/>Se spr\u00e1vn\u00fdmi odborn\u00fdmi znalostmi m\u016f\u017eete ze sv\u00e9ho st\u00e1vaj\u00edc\u00edho prost\u0159ed\u00ed CAD vyt\u011b\u017eit mnohem v\u00edce.<\/p>\n\n\n\n<h3 class=\"wp-block-heading\" style=\"text-transform:none\">U\u0161et\u0159ete a\u017e 5 000 \u20ac<\/h3>\n\n\n\n<div class=\"wp-block-buttons is-layout-flex wp-block-buttons-is-layout-flex\">\n<div class=\"wp-block-button\"><a class=\"wp-block-button__link wp-element-button\" href=\"https:\/\/www.westcam-group.com\/cs\/news\/dovednostni-seky-2026-propagace-v-rakousku\/\" target=\"_blank\" rel=\"noreferrer noopener\">PO\u017d\u00c1DAT O POV\u00dd\u0160EN\u00cd &gt;<\/a><\/div>\n<\/div>\n<\/div>\n\n<div class=\"wp-block-group has-global-padding is-layout-constrained wp-block-group-is-layout-constrained\" style=\"margin-top:var(--wp--preset--spacing--20);margin-bottom:var(--wp--preset--spacing--20)\">\n<div class=\"wp-block-webx-blocks-grid is-layout-grid wp-container-webx-blocks-grid-is-layout-478b6e6b wp-block-webx-blocks-grid-is-layout-grid\" style=\"--grid-columns-desktop:2;--grid-columns-tablet:2;--grid-columns-mobile:1\">\n<div class=\"wp-block-webx-blocks-grid-item has-base-2-background-color has-background is-layout-flow wp-block-webx-blocks-grid-item-is-layout-flow\" style=\"padding-top:0;padding-right:0;padding-bottom:0;padding-left:0;--grid-area-desktop:auto \/ auto \/ auto \/ auto;--grid-area-tablet:auto \/ auto \/ auto \/ auto;--grid-area-mobile:auto \/ auto \/ auto \/ auto\">\n<div class=\"wp-block-group has-base-background-color has-background is-layout-flow wp-block-group-is-layout-flow\">\n<h2 class=\"wp-block-heading\" style=\"padding-bottom:var(--wp--preset--spacing--20)\">C\u00edlov\u00e1 skupina<\/h2>\n<\/div>\n\n\n\n<div class=\"wp-block-group has-base-2-background-color has-background is-layout-flow wp-block-group-is-layout-flow\" style=\"margin-top:0;margin-bottom:0;padding-top:var(--wp--preset--spacing--20);padding-right:var(--wp--preset--spacing--20);padding-bottom:var(--wp--preset--spacing--20);padding-left:var(--wp--preset--spacing--20)\">\n<p>U\u017eivatel\u00e9 CAD, kte\u0159\u00ed \u010dasto vytv\u00e1\u0159ej\u00ed a upravuj\u00ed slo\u017eit\u00e9 sestavy, stejn\u011b jako u\u017eivatel\u00e9 a spr\u00e1vci CAD, kte\u0159\u00ed cht\u011bj\u00ed prohloubit sv\u00e9 znalosti a trvale zlep\u0161it st\u00e1vaj\u00edc\u00ed procesy.<\/p>\n<\/div>\n<\/div>\n\n\n\n<div class=\"wp-block-webx-blocks-grid-item has-base-2-background-color has-background is-layout-flow wp-block-webx-blocks-grid-item-is-layout-flow\" style=\"padding-top:0;padding-right:0;padding-bottom:0;padding-left:0;--grid-area-desktop:auto \/ auto \/ auto \/ auto;--grid-area-tablet:auto \/ auto \/ auto \/ auto;--grid-area-mobile:auto \/ auto \/ auto \/ auto\">\n<div class=\"wp-block-group has-base-background-color has-background is-layout-flow wp-block-group-is-layout-flow\">\n<h2 class=\"wp-block-heading\" style=\"margin-bottom:0;padding-bottom:var(--wp--preset--spacing--20)\">P\u0159edpoklady<\/h2>\n<\/div>\n\n\n\n<div class=\"wp-block-group has-base-2-background-color has-background is-layout-flow wp-block-group-is-layout-flow\" style=\"margin-top:0;margin-bottom:0;padding-top:var(--wp--preset--spacing--20);padding-right:var(--wp--preset--spacing--20);padding-bottom:var(--wp--preset--spacing--20);padding-left:var(--wp--preset--spacing--20)\">\n<p>Z\u00e1kladn\u00ed znalost 3D CAD<\/p>\n<\/div>\n<\/div>\n<\/div>\n<\/div>\n\n<div class=\"wp-block-group has-global-padding is-layout-constrained wp-block-group-is-layout-constrained\" style=\"margin-top:var(--wp--preset--spacing--40);margin-bottom:var(--wp--preset--spacing--40)\">\n<h2 class=\"wp-block-heading\">Vzd\u011bl\u00e1vac\u00ed obsah<\/h2>\n\n\n\n<div class=\"wp-block-group has-base-2-background-color has-background is-layout-flow wp-block-group-is-layout-flow\" style=\"padding-top:var(--wp--preset--spacing--20);padding-right:var(--wp--preset--spacing--20);padding-bottom:var(--wp--preset--spacing--20);padding-left:var(--wp--preset--spacing--20)\">\n<h4 class=\"wp-block-heading\">&#8222;CAD ForWard&#8220; &#8211; digitalizace a optimalizace v 3D navrhov\u00e1n\u00ed | Pokro\u010dil\u00e9 \u0159e\u0161en\u00ed<\/h4>\n\n\n\n<p>Vyu\u017eijte potenci\u00e1l profesion\u00e1ln\u00edho softwaru 3D CAD a zdokonalte sv\u00e9 pracovn\u00ed postupy. Kurz je ur\u010den u\u017eivatel\u016fm, kte\u0159\u00ed \u010dasto vytv\u00e1\u0159ej\u00ed a upravuj\u00ed slo\u017eit\u00e9 sestavy. Na obsahu se lze p\u0159edem individu\u00e1ln\u011b a osobn\u011b domluvit s na\u0161imi \u0161koliteli.  <\/p>\n\n\n\n<p><em>Tyto praktick\u00e9 znalosti digit\u00e1ln\u00ed konstrukce se vyu\u010duj\u00ed:  <\/em><\/p>\n\n\n\n<ul class=\"wp-block-list\">\n<li>Metodika n\u00e1vrhu<\/li>\n\n\n\n<li>Navigace ve velk\u00fdch sestav\u00e1ch<\/li>\n\n\n\n<li>Optimalizace po\u017eadavk\u016f na skladov\u00e1n\u00ed<\/li>\n\n\n\n<li>N\u00e1sledn\u00e9 zjednodu\u0161en\u00ed sestav<\/li>\n\n\n\n<li>Parametry a jejich pou\u017eit\u00ed<\/li>\n\n\n\n<li>Teorie n\u00e1vrhu rozvr\u017een\u00ed<\/li>\n\n\n\n<li>Z\u00e1kladn\u00ed pravidla pro vytv\u00e1\u0159en\u00ed modul\u016f rozvr\u017een\u00ed<\/li>\n\n\n\n<li>Gener\u00e1tor pro urychlen\u00ed pracovn\u00edho postupu CAD<\/li>\n\n\n\n<li>Asistent designu<\/li>\n\n\n\n<li>Mechanick\u00e1 simulace konstrukc\u00ed<\/li>\n<\/ul>\n\n\n\n<h4 class=\"wp-block-heading\">DOZV\u011aD\u011aT SE V\u00cdCE A VY\u017d\u00c1DAT SI SCH\u016eZKU:<\/h4>\n\n\n\n<div class=\"wp-block-buttons is-layout-flex wp-block-buttons-is-layout-flex\">\n<div class=\"wp-block-button\"><a class=\"wp-block-button__link wp-element-button\" href=\"mailto:academy@westcam-group.com?subject=Anfrage%20zu%20Training:%20CAD%20Forward&amp;body=Liebes%20WESTCAM-Academy-Team!%0A%0ABitte%20informieren%20Sie%20mich%2C%20wann%20die%20n%C3%A4chsten%20Termine%20zu%20dieser%20Schulung%20stattfinden.%0ADanke%20und%20freundliche%20Gr%C3%BC%C3%9Fe\" target=\"_blank\" rel=\"noreferrer noopener\">Po\u017e\u00e1dejte o sch\u016fzku pro &#8222;CAD-Forward&#8220; TE\u010e &gt;<\/a><\/div>\n<\/div>\n<\/div>\n<\/div>\n\n<div class=\"wp-block-group has-global-padding is-layout-constrained wp-block-group-is-layout-constrained\">\n<div class=\"wp-block-group has-global-padding is-layout-constrained wp-block-group-is-layout-constrained\">\n<h2 class=\"wp-block-heading\" style=\"text-transform:none\">Term\u00edny a ceny<\/h2>\n\n\n\n<div class=\"wp-block-webx-blocks-grid is-layout-grid wp-container-webx-blocks-grid-is-layout-242e7a69 wp-block-webx-blocks-grid-is-layout-grid\" style=\"margin-top:var(--wp--preset--spacing--20);margin-right:0;margin-bottom:var(--wp--preset--spacing--20);margin-left:0;--grid-columns-desktop:3;--grid-columns-tablet:2;--grid-columns-mobile:1\">\n<div class=\"wp-block-webx-blocks-grid-item has-base-2-background-color has-background is-layout-flow wp-block-webx-blocks-grid-item-is-layout-flow\" style=\"padding-top:var(--wp--preset--spacing--20);padding-right:var(--wp--preset--spacing--20);padding-bottom:var(--wp--preset--spacing--20);padding-left:var(--wp--preset--spacing--20);--grid-area-desktop:auto \/ auto \/ auto \/ auto;--grid-area-tablet:auto \/ auto \/ auto \/ auto;--grid-area-mobile:auto \/ auto \/ auto \/ auto\">\n<div class=\"wp-block-webx-blocks-fake-heading heading-h6 is-style-westcamized\">NADCH\u00c1ZEJ\u00cdC\u00cd TERM\u00cdNY ZAH\u00c1JEN\u00cd<\/div>\n\n\n\n<ul class=\"wp-block-list\">\n<li>11.05.2026<\/li>\n\n\n\n<li>15.06.2026<\/li>\n<\/ul>\n<\/div>\n\n\n\n<div class=\"wp-block-webx-blocks-grid-item has-base-2-background-color has-background is-layout-flow wp-block-webx-blocks-grid-item-is-layout-flow\" style=\"padding-top:var(--wp--preset--spacing--20);padding-right:var(--wp--preset--spacing--20);padding-bottom:var(--wp--preset--spacing--20);padding-left:var(--wp--preset--spacing--20);--grid-area-desktop:auto \/ auto \/ auto \/ auto;--grid-area-tablet:auto \/ auto \/ auto \/ auto;--grid-area-mobile:auto \/ auto \/ auto \/ auto\">\n<div class=\"wp-block-webx-blocks-fake-heading heading-h6 is-style-westcamized\">CELKEM<\/div>\n\n\n\n<p><strong>\u20ac 4.950,- | 3 dny | online kurz<\/strong><\/p>\n\n\n\n<ul class=\"wp-block-list\">\n<li><strong>Cena: Za osobu <\/strong>na 3 dny<\/li>\n<\/ul>\n<\/div>\n<\/div>\n\n\n\n<p><\/p>\n<\/div>\n<\/div>\n\n<div class=\"wp-block-group has-global-padding is-layout-constrained wp-block-group-is-layout-constrained\" style=\"padding-top:0;padding-bottom:0\">\n<h2 class=\"wp-block-heading\" id=\"anfrage\">R\u00e1di jsme tu pro v\u00e1s<\/h2>\n\n\n<div class=\"wp-block-webx-blocks-westcam-employee-display\">\n    <div class=\"employee-image\">\n        <img decoding=\"async\" src=\"https:\/\/www.westcam-group.com\/wp-content\/uploads\/2024\/05\/judith-kantioler-westcam-300x300.jpg\" alt=Judith Kantioler \/>\n    <\/div>\n    <div class=\"employee-info\">\n        <div class=\"heading-h3\">Judith Kantioler<\/div>\n        <div class=\"heading-h5 is-style-westcamized\">\u0160kolen\u00ed CAD, PDM &#038; AEC<\/div>\n    <\/div>\n    <div class=\"employee-social\">\n        <div class=\"icons\">\n                                    <a href=\"\/vcard\/33766\" title=\"Download vCard\"\n                class=\"vcard-button\">\n                <svg xmlns=\"http:\/\/www.w3.org\/2000\/svg\" width=\"32.143\" height=\"25\" viewBox=\"0 0 32.143 25\">\n                    <path id=\"address-card-solid\"\n                        d=\"M3.571,32A3.575,3.575,0,0,0,0,35.571V53.429A3.575,3.575,0,0,0,3.571,57h25a3.575,3.575,0,0,0,3.571-3.571V35.571A3.575,3.575,0,0,0,28.571,32ZM8.036,46.286h3.571a4.463,4.463,0,0,1,4.464,4.464.9.9,0,0,1-.893.893H4.464a.9.9,0,0,1-.893-.893A4.463,4.463,0,0,1,8.036,46.286ZM6.25,40.929A3.571,3.571,0,1,1,9.821,44.5,3.571,3.571,0,0,1,6.25,40.929Zm14.286-1.786h7.143a.893.893,0,0,1,0,1.786H20.536a.893.893,0,0,1,0-1.786Zm0,3.571h7.143a.893.893,0,0,1,0,1.786H20.536a.893.893,0,0,1,0-1.786Zm0,3.571h7.143a.893.893,0,0,1,0,1.786H20.536a.893.893,0,0,1,0-1.786Z\"\n                        transform=\"translate(0 -32)\" fill=\"#111\" \/>\n                <\/svg>\n            <\/a>\n        <\/div>\n    <\/div>\n    <div class=\"employee-contact\">\n                <a href=\"tel:+43 5223 55509 360\">\n            <div class=\" employee-phone\">\n                <svg xmlns=\"http:\/\/www.w3.org\/2000\/svg\" width=\"32\" height=\"32\" viewBox=\"0 0 32 32\">\n                    <path id=\"phone\"\n                        d=\"M6.529,4h7.059l3.529,8.824-4.412,2.647a19.412,19.412,0,0,0,8.824,8.824l2.647-4.412L33,23.412v7.059A3.529,3.529,0,0,1,29.471,34,28.235,28.235,0,0,1,3,7.529,3.529,3.529,0,0,1,6.529,4\"\n                        transform=\"translate(-2 -3)\" fill=\"none\" stroke=\"#111\" stroke-linecap=\"round\"\n                        stroke-linejoin=\"round\" stroke-width=\"2\" \/>\n                <\/svg>\n\n                +43 5223 55509 360\n            <\/div>\n        <\/a>\n                                <a href=\"mailto:judith.kantioler@westcam.at\">\n            <div class=\" employee-email\">\n                <svg xmlns=\"http:\/\/www.w3.org\/2000\/svg\" width=\"32.773\" height=\"25.333\" viewBox=\"0 0 32.773 25.333\">\n                    <g id=\"mail\" transform=\"translate(1.387 1)\">\n                        <rect id=\"Rechteck_11\" data-name=\"Rechteck 11\" width=\"30\" height=\"23.333\" rx=\"2\" fill=\"none\"\n                            stroke=\"#111\" stroke-linecap=\"round\" stroke-linejoin=\"round\" stroke-width=\"2\" \/>\n                        <path id=\"Pfad_100\" data-name=\"Pfad 100\" d=\"M3,7,18,17,33,7\" transform=\"translate(-3 -3.667)\"\n                            fill=\"none\" stroke=\"#111\" stroke-linecap=\"round\" stroke-linejoin=\"round\" stroke-width=\"2\" \/>\n                    <\/g>\n                <\/svg>\n                judith.kantioler@westcam.at\n            <\/div>\n        <\/a>\n        \n\n\n    <\/div>\n        <div class=\"employee-callback wp-block-button is-style-outline\">\n        <a href=\"\/anfrage\/\"\n            class=\"wp-block-button__link wp-element-button\">zeptat se<\/a>\n    <\/div>\n    <\/div><\/div>\n\n<div class=\"wp-block-group has-base-color has-accent-2-background-color has-text-color has-background has-link-color wp-elements-66f1d7d31c797c0076c3007551aaf0ac is-layout-flow wp-block-group-is-layout-flow\" style=\"padding-top:var(--wp--preset--spacing--20);padding-right:var(--wp--preset--spacing--20);padding-bottom:var(--wp--preset--spacing--20);padding-left:var(--wp--preset--spacing--20)\">\n<h2 class=\"wp-block-heading has-base-color has-text-color has-link-color wp-elements-230eb54fa9d1088c9ee57297ecd77ba1\">Dovednostn\u00ed \u0161eky 2026<\/h2>\n\n\n\n<p><strong>Kvalifikace v transformaci se zam\u011b\u0159en\u00edm na pr\u016fmyslovou strategii Rakousko 2035<\/strong><\/p>\n\n\n\n<figure class=\"wp-block-image size-large is-resized\"><img loading=\"lazy\" decoding=\"async\" width=\"1024\" height=\"433\" src=\"https:\/\/www.westcam-group.com\/wp-content\/uploads\/2025\/04\/FFG_Logo_DE_white-1024x433.png\" alt=\"\" class=\"wp-image-44961\" style=\"width:300px\" srcset=\"https:\/\/www.westcam-group.com\/wp-content\/uploads\/2025\/04\/FFG_Logo_DE_white-1024x433.png 1024w, https:\/\/www.westcam-group.com\/wp-content\/uploads\/2025\/04\/FFG_Logo_DE_white-300x127.png 300w, https:\/\/www.westcam-group.com\/wp-content\/uploads\/2025\/04\/FFG_Logo_DE_white-768x325.png 768w, https:\/\/www.westcam-group.com\/wp-content\/uploads\/2025\/04\/FFG_Logo_DE_white.png 1041w\" sizes=\"auto, (max-width: 1024px) 100vw, 1024px\" \/><\/figure>\n\n\n\n<h4 class=\"wp-block-heading has-base-color has-text-color has-link-color wp-elements-cc6f44feb158f3144ec4aad739286ea8\">VA\u0160E cesta k pov\u00fd\u0161en\u00ed<\/h4>\n\n\n\n<p>1. za\u017e\u00e1dejte o \u0161ek na dovednosti<br\/>2. Rezervujte si dal\u0161\u00ed \u0161kolen\u00ed<br\/>3. Z\u00fa\u010dastn\u011bte se dal\u0161\u00edho \u0161kolen\u00ed<br\/>4. P\u0159edlo\u017eit z\u00e1v\u011bre\u010dnou zpr\u00e1vu<br\/>5. Z\u00edskat finan\u010dn\u00ed prost\u0159edky<\/p>\n\n\n\n<div class=\"wp-block-buttons is-layout-flex wp-block-buttons-is-layout-flex\">\n<div class=\"wp-block-button\"><a class=\"wp-block-button__link wp-element-button\" href=\"https:\/\/www.ffg.at\/ausschreibungen\/SkillsSchecks2026\" target=\"_blank\" rel=\"noreferrer noopener\">Za\u017e\u00e1dejte o \u0161ek na z\u00edsk\u00e1n\u00ed dovednost\u00ed zde &gt;<\/a><\/div>\n<\/div>\n\n\n\n<h5 class=\"wp-block-heading has-base-color has-text-color has-link-color wp-elements-f187b928efad911f5013b08ba305b4d6\">Financov\u00e1n\u00ed ve v\u00fd\u0161i max. 5 000 eur na zam\u011bstnance:in <\/h5>\n\n\n\n<p>Pro financov\u00e1n\u00ed <strong>jsou<\/strong> zp\u016fsobil\u00e9 <strong>spole\u010dnosti s pobo\u010dkou v Rakousku<\/strong>:<\/p>\n\n\n\n<ul class=\"wp-block-list\">\n<li>max. jeden \u0161ek na osobu <\/li>\n\n\n\n<li>max. 5 \u0161ek\u016f na spole\u010dnost <\/li>\n\n\n\n<li>max. 50 % n\u00e1klad\u016f na \u0161kolen\u00ed <\/li>\n\n\n\n<li>max. 5 000 eur na jeden \u0161ek <\/li>\n<\/ul>\n\n\n\n<p><strong>Upozorn\u011bn\u00ed:<\/strong> P\u0159ihl\u00e1\u0161ka mus\u00ed b\u00fdt pod\u00e1na <strong>p\u0159ed zah\u00e1jen\u00edm vzd\u011bl\u00e1vac\u00edho programu a p\u0159ed vystaven\u00edm faktury.<\/strong> Fakturovat <strong>lze <\/strong>pouze programy dal\u0161\u00edho vzd\u011bl\u00e1v\u00e1n\u00ed, na kter\u00e9 v\u00e1m bylo <strong>schv\u00e1leno financov\u00e1n\u00ed <\/strong>. <\/p>\n\n\n\n<h6 class=\"wp-block-heading has-base-color has-text-color has-link-color wp-elements-3e9df2ee897e1b25fd40e04aa960afe6\">PS: \u010casto kladen\u00e9 ot\u00e1zky (FAQ) <a href=\"https:\/\/www.ffg.at\/skills-schecks-2026-frequently-asked-questions-faq\" target=\"_blank\" rel=\"noopener\">&gt; zU odpov\u011bdi<\/a><\/h6>\n<\/div>\n","protected":false},"excerpt":{"rendered":"<p>Efektivn\u011bj\u0161\u00ed 3D design pro va\u0161e zam\u011bstnance &#8211; rychlej\u0161\u00ed, strukturovan\u011bj\u0161\u00ed, efektivn\u011bj\u0161\u00ed Od u\u017eivatele CADu k profesion\u00e1l\u016fm v oblasti efektivity.Prohlubte sv\u00e9 odborn\u00e9 znalosti, optimalizujte sv\u00e9 pracovn\u00ed postupy a systematicky zvl\u00e1dn\u011bte slo\u017eit\u00e9 sestavy. Va\u0161i zam\u011bstnanci se v kr\u00e1tk\u00e9m \u010dase nau\u010d\u00ed efektivn\u011b zvl\u00e1dat slo\u017eit\u00e9 sestavy a trvale optimalizovat pracovn\u00ed postupy v CAD &#8211; p\u0159\u00edmo vyu\u017eiteln\u00e9 v jejich ka\u017edodenn\u00ed pr\u00e1ci. [&hellip;]<\/p>\n","protected":false},"featured_media":7090,"parent":37260,"menu_order":3,"template":"","competence":[2842],"class_list":["post-39701","training_offer","type-training_offer","status-publish","has-post-thumbnail","hentry","competence-cad-konstruktion-cs"],"_links":{"self":[{"href":"https:\/\/www.westcam-group.com\/cs\/wp-json\/wp\/v2\/training_offer\/39701","targetHints":{"allow":["GET"]}}],"collection":[{"href":"https:\/\/www.westcam-group.com\/cs\/wp-json\/wp\/v2\/training_offer"}],"about":[{"href":"https:\/\/www.westcam-group.com\/cs\/wp-json\/wp\/v2\/types\/training_offer"}],"up":[{"embeddable":true,"href":"https:\/\/www.westcam-group.com\/cs\/wp-json\/wp\/v2\/training_offer\/37260"}],"wp:featuredmedia":[{"embeddable":true,"href":"https:\/\/www.westcam-group.com\/cs\/wp-json\/wp\/v2\/media\/7090"}],"wp:attachment":[{"href":"https:\/\/www.westcam-group.com\/cs\/wp-json\/wp\/v2\/media?parent=39701"}],"wp:term":[{"taxonomy":"competence","embeddable":true,"href":"https:\/\/www.westcam-group.com\/cs\/wp-json\/wp\/v2\/competence?post=39701"}],"curies":[{"name":"wp","href":"https:\/\/api.w.org\/{rel}","templated":true}]}}