{"id":38542,"date":"2025-04-14T09:51:23","date_gmt":"2025-04-14T07:51:23","guid":{"rendered":"https:\/\/www.westcam-group.com\/academy\/angebot\/cam-cnc\/cnc-forward-digitalizace-a-optimalizace-v-programovani-cam-pokrocily\/"},"modified":"2026-04-21T12:10:25","modified_gmt":"2026-04-21T10:10:25","slug":"cnc-forward-digitalizace-a-optimalizace-v-programovani-cam-pokrocily","status":"publish","type":"training_offer","link":"https:\/\/www.westcam-group.com\/cs\/academy\/angebot\/cam-cnc\/cnc-forward-digitalizace-a-optimalizace-v-programovani-cam-pokrocily\/","title":{"rendered":"&#8222;CNC Forward&#8220; &#8211; Digitalizace a optimalizace v programov\u00e1n\u00ed CAM | Pokro\u010dil\u00fd"},"content":{"rendered":"\n<div class=\"wp-block-group alignfull has-base-2-background-color has-background has-global-padding is-layout-constrained wp-block-group-is-layout-constrained\" style=\"margin-top:0;margin-bottom:0;padding-top:var(--wp--preset--spacing--50);padding-bottom:var(--wp--preset--spacing--50)\">\n<div class=\"wp-block-webx-blocks-grid is-layout-grid wp-container-webx-blocks-grid-is-layout-478b6e6b wp-block-webx-blocks-grid-is-layout-grid\" style=\"--grid-columns-desktop:4;--grid-columns-tablet:2;--grid-columns-mobile:1\">\n<div class=\"wp-block-webx-blocks-grid-item is-layout-flow wp-block-webx-blocks-grid-item-is-layout-flow\" style=\"--grid-area-desktop:auto \/ span 3 \/ auto \/ auto;--grid-area-tablet:auto \/ auto \/ auto \/ auto;--grid-area-mobile:auto \/ auto \/ auto \/ auto\">\n<div class=\"wp-block-group has-global-padding is-layout-constrained wp-block-group-is-layout-constrained\"><div style=\"font-style:normal;font-weight:700\" class=\"taxonomy-competence has-link-color is-style-pill wp-elements-895770e71ad734eddd2ba580f5f9e9ab wp-block-post-terms has-text-color has-base-color\"><a href=\"https:\/\/www.westcam-group.com\/cs\/competence\/cam-cs\/\" rel=\"tag\">CAM, CNC<\/a><\/div>\n\n<h1 style=\"text-transform:none;\" class=\"wp-block-post-title\">&#8222;CNC Forward&#8220; &#8211; Digitalizace a optimalizace v programov\u00e1n\u00ed CAM | Pokro\u010dil\u00fd<\/h1><\/div>\n<\/div>\n\n\n\n<div class=\"wp-block-webx-blocks-grid-item has-text-align-right is-layout-flow wp-block-webx-blocks-grid-item-is-layout-flow\" style=\"--grid-area-desktop:auto \/ auto \/ auto \/ auto;--grid-area-tablet:auto \/ auto \/ auto \/ auto;--grid-area-mobile:auto \/ auto \/ auto \/ auto\">\n<figure class=\"wp-block-image alignright size-full is-resized\"><img decoding=\"async\" src=\"https:\/\/www.westcam-group.com\/wp-content\/uploads\/2024\/02\/academy-svg.svg\" alt=\"\" class=\"wp-image-1077\" style=\"width:118px;height:auto\"\/><\/figure>\n<\/div>\n<\/div>\n<\/div>\n\n<div class=\"wp-block-group has-global-padding is-layout-constrained wp-block-group-is-layout-constrained\">\n<div class=\"wp-block-webx-blocks-responsive-spacer\" style=\"--desktop-height:100px;--tablet-height:50px;--mobile-height:25px\"><\/div>\n\n\n\n<div class=\"wp-block-group has-base-2-background-color has-background has-global-padding is-layout-constrained wp-container-core-group-is-layout-c385debf wp-block-group-is-layout-constrained\" style=\"padding-top:var(--wp--preset--spacing--20);padding-right:var(--wp--preset--spacing--20);padding-bottom:var(--wp--preset--spacing--20);padding-left:var(--wp--preset--spacing--20)\">\n<h2 class=\"wp-block-heading\" style=\"text-transform:none\">Optimalizace proces\u016f CAM &#8211; efektivn\u011bj\u0161\u00ed, strukturovan\u011bj\u0161\u00ed, digit\u00e1ln\u011bj\u0161\u00ed<\/h2>\n\n\n\n<div class=\"wp-block-buttons is-layout-flex wp-block-buttons-is-layout-flex\">\n<div class=\"wp-block-button\"><a class=\"wp-block-button__link wp-element-button\" href=\"#anfrage\">Poptejte nyn\u00ed<\/a><\/div>\n<\/div>\n\n\n\n<p>Od u\u017eivatele CAM po optimaliz\u00e1tora proces\u016f.<br\/>Analyzujte sv\u00e9 st\u00e1vaj\u00edc\u00ed pracovn\u00ed postupy CAM, identifikujte slab\u00e1 m\u00edsta a nau\u010dte se, jak efektivn\u011b a hospod\u00e1rn\u011b realizovat slo\u017eit\u00e9 obr\u00e1b\u011bc\u00ed procesy.<\/p>\n\n\n\n<ul class=\"wp-block-list\">\n<li>Intenzivn\u00ed \u0161kolen\u00ed se siln\u00fdm praktick\u00fdm zam\u011b\u0159en\u00edm<\/li>\n\n\n\n<li>Efektivn\u00ed strategie pro slo\u017eit\u00e9 obr\u00e1b\u011bc\u00ed procesy<\/li>\n\n\n\n<li>Okam\u017eit\u011b realizovateln\u00e9 optimalizace va\u0161ich proces\u016f<\/li>\n<\/ul>\n\n\n\n<h3 class=\"wp-block-heading\" style=\"text-transform:none\">Pro\u010d je toto \u0161kolen\u00ed kl\u00ed\u010dov\u00e9<\/h3>\n\n\n\n<p>Nestrukturovan\u00e9 CAM procesy vedou ke zbyte\u010dn\u00e9mu p\u0159epracov\u00e1n\u00ed, del\u0161\u00ed dob\u011b chodu a neefektivn\u00edmu vyu\u017eit\u00ed va\u0161ich stroj\u016f.<br\/>Optimalizovan\u00e9 pracovn\u00ed postupy zvy\u0161uj\u00ed kvalitu, efektivitu a spolehlivost procesu.<\/p>\n\n\n\n<h3 class=\"wp-block-heading\" style=\"text-transform:none\">U\u0161et\u0159ete a\u017e 5 000 \u20ac<\/h3>\n\n\n\n<div class=\"wp-block-buttons is-layout-flex wp-block-buttons-is-layout-flex\">\n<div class=\"wp-block-button\"><a class=\"wp-block-button__link wp-element-button\" href=\"https:\/\/www.westcam-group.com\/cs\/news\/dovednostni-seky-2026-propagace-v-rakousku\/\" target=\"_blank\" rel=\"noreferrer noopener\">PO\u017d\u00c1DAT O POV\u00dd\u0160EN\u00cd &gt;<\/a><\/div>\n<\/div>\n<\/div>\n<\/div>\n\n<div class=\"wp-block-group has-global-padding is-layout-constrained wp-block-group-is-layout-constrained\" style=\"margin-top:var(--wp--preset--spacing--20);margin-bottom:var(--wp--preset--spacing--20)\">\n<div class=\"wp-block-webx-blocks-grid is-layout-grid wp-container-webx-blocks-grid-is-layout-478b6e6b wp-block-webx-blocks-grid-is-layout-grid\" style=\"--grid-columns-desktop:2;--grid-columns-tablet:2;--grid-columns-mobile:1\">\n<div class=\"wp-block-webx-blocks-grid-item has-base-2-background-color has-background is-layout-flow wp-block-webx-blocks-grid-item-is-layout-flow\" style=\"padding-top:0;padding-right:0;padding-bottom:0;padding-left:0;--grid-area-desktop:auto \/ auto \/ auto \/ auto;--grid-area-tablet:auto \/ auto \/ auto \/ auto;--grid-area-mobile:auto \/ auto \/ auto \/ auto\">\n<div class=\"wp-block-group has-base-background-color has-background is-layout-flow wp-block-group-is-layout-flow\">\n<h2 class=\"wp-block-heading\" style=\"padding-bottom:var(--wp--preset--spacing--20)\">C\u00edlov\u00e1 skupina<\/h2>\n<\/div>\n\n\n\n<div class=\"wp-block-group has-base-2-background-color has-background is-layout-flow wp-block-group-is-layout-flow\" style=\"margin-top:0;margin-bottom:0;padding-top:var(--wp--preset--spacing--20);padding-right:var(--wp--preset--spacing--20);padding-bottom:var(--wp--preset--spacing--20);padding-left:var(--wp--preset--spacing--20)\">\n<p>Technici a program\u00e1to\u0159i CAM, kte\u0159\u00ed cht\u011bj\u00ed analyzovat a trvale zlep\u0161ovat sv\u00e9 st\u00e1vaj\u00edc\u00ed procesy &#8211; se zam\u011b\u0159en\u00edm na spolehlivost proces\u016f, vy\u0161\u0161\u00ed efektivitu a integraci do st\u00e1vaj\u00edc\u00edch proces\u016f.<\/p>\n<\/div>\n<\/div>\n\n\n\n<div class=\"wp-block-webx-blocks-grid-item has-base-2-background-color has-background is-layout-flow wp-block-webx-blocks-grid-item-is-layout-flow\" style=\"padding-top:0;padding-right:0;padding-bottom:0;padding-left:0;--grid-area-desktop:auto \/ auto \/ auto \/ auto;--grid-area-tablet:auto \/ auto \/ auto \/ auto;--grid-area-mobile:auto \/ auto \/ auto \/ auto\">\n<div class=\"wp-block-group has-base-background-color has-background is-layout-flow wp-block-group-is-layout-flow\">\n<h2 class=\"wp-block-heading\" style=\"margin-bottom:0;padding-bottom:var(--wp--preset--spacing--20)\">P\u0159edpoklady<\/h2>\n<\/div>\n\n\n\n<div class=\"wp-block-group has-base-2-background-color has-background is-layout-flow wp-block-group-is-layout-flow\" style=\"margin-top:0;margin-bottom:0;padding-top:var(--wp--preset--spacing--20);padding-right:var(--wp--preset--spacing--20);padding-bottom:var(--wp--preset--spacing--20);padding-left:var(--wp--preset--spacing--20)\">\n<p>Z\u00e1kladn\u00ed znalosti CAM (nap\u0159. kurz &#8222;CNC Starter&#8220;), praktick\u00e9 zku\u0161enosti s aplikac\u00ed, dobr\u00e1 znalost 3D programov\u00e1n\u00ed, ide\u00e1ln\u011b zku\u0161enosti s datab\u00e1zemi n\u00e1stroj\u016f a intern\u00edmi v\u00fdrobn\u00edmi procesy.<\/p>\n<\/div>\n<\/div>\n<\/div>\n<\/div>\n\n<div class=\"wp-block-group has-global-padding is-layout-constrained wp-block-group-is-layout-constrained\" style=\"margin-top:var(--wp--preset--spacing--40);margin-bottom:var(--wp--preset--spacing--40)\">\n<h2 class=\"wp-block-heading\">Vzd\u011bl\u00e1vac\u00ed obsah<\/h2>\n\n\n\n<div class=\"wp-block-group has-base-2-background-color has-background is-layout-flow wp-block-group-is-layout-flow\" style=\"padding-top:var(--wp--preset--spacing--20);padding-right:var(--wp--preset--spacing--20);padding-bottom:var(--wp--preset--spacing--20);padding-left:var(--wp--preset--spacing--20)\">\n<h4 class=\"wp-block-heading\">&#8222;CNC FORWARD&#8220; &#8211; dIGITALIZACE A OPTIMALIZACE V CAM PROGRAMOV\u00c1N\u00cd | ADVANCED<\/h4>\n\n\n\n<p>Tento praktick\u00fd kurz pro pokro\u010dil\u00e9 je ur\u010den pokro\u010dil\u00fdm u\u017eivatel\u016fm CAM, kte\u0159\u00ed cht\u011bj\u00ed ud\u011blat dal\u0161\u00ed krok v programov\u00e1n\u00ed CAM.<\/p>\n\n\n\n<p>D\u016fraz je kladen nejen na aplikaci pokro\u010dil\u00fdch strategi\u00ed, ale tak\u00e9 na systematickou <strong>revizi st\u00e1vaj\u00edc\u00edch proces\u016f CAM, jejich<\/strong> anal\u00fdzu a <strong>optimalizaci s ohledem na efektivitu, standardizaci a digitalizaci.<\/strong><\/p>\n\n\n\n<p><strong>\u0160kolen\u00ed aktivn\u011b \u010derp\u00e1 z probl\u00e9m\u016f a procesn\u00edch zlom\u016f, kter\u00e9 \u00fa\u010dastn\u00edci identifikovali b\u011bhem kurzu.<\/strong> <\/p>\n\n\n\n<p>To umo\u017e\u0148uje flexibiln\u011b p\u0159izp\u016fsobit obsah, prakticky \u0159e\u0161it konkr\u00e9tn\u00ed probl\u00e9my a spole\u010dn\u011b se \u0161koliteli vypracovat individu\u00e1ln\u00ed \u0159e\u0161en\u00ed.<\/p>\n\n\n\n<p><\/p>\n\n\n\n<p><strong><em>1. analyzovat a zlep\u0161ovat procesy<\/em><\/strong><br\/>Spole\u010dn\u011b se prozkoumaj\u00ed st\u00e1vaj\u00edc\u00ed pracovn\u00ed postupy CAM, identifikuj\u00ed se slab\u00e1 m\u00edsta a vypracuj\u00ed se konkr\u00e9tn\u00ed p\u0159\u00edstupy k optimalizaci.<\/p>\n\n\n\n<p><strong><em>2. efektivn\u011b realizovat slo\u017eit\u00e9 obr\u00e1b\u011bc\u00ed operace<\/em><\/strong><br\/>\u00da\u010dastn\u00edci se nau\u010d\u00ed, jak bezpe\u010dn\u011b a hospod\u00e1rn\u011b pou\u017e\u00edvat p\u011btios\u00e9 a soustru\u017enicko-fr\u00e9zovac\u00ed strategie &#8211; pro p\u0159esn\u00e9 v\u00fdsledky a men\u0161\u00ed mno\u017estv\u00ed p\u0159ed\u011bl\u00e1vek.<\/p>\n\n\n\n<p><strong><em>3. standardizace a automatizace<\/em><\/strong><br\/>Opakovan\u011b pou\u017eiteln\u00e9 \u0161ablony, makra a funk\u010dn\u00ed technologie zkracuj\u00ed dobu programov\u00e1n\u00ed a stabilizuj\u00ed procesy.<\/p>\n\n\n\n<p><strong><em>4. digitalizace a dokumentace<\/em><\/strong><br\/>Digit\u00e1ln\u00ed trasov\u00e9 l\u00edstky, strukturovan\u00e9 datab\u00e1ze n\u00e1stroj\u016f a strategi\u00ed a dohledateln\u00e1 NC dokumentace vytv\u00e1\u0159ej\u00ed transparentnost a bezpe\u010dnost.<\/p>\n\n\n\n<p><strong><em>5. \u0159e\u0161en\u00ed na m\u00edru v praxi<\/em><\/strong><br\/>Na z\u00e1klad\u011b va\u0161ich vlastn\u00edch komponent a \u00fakol\u016f spole\u010dn\u011b vyv\u00edj\u00edme okam\u017eit\u011b pou\u017eiteln\u00e1 zlep\u0161en\u00ed &#8211; p\u0159\u00edmo z praxe pro praxi.<\/p>\n\n\n\n<h4 class=\"wp-block-heading\">DOZV\u011aD\u011aT SE V\u00cdCE A VY\u017d\u00c1DAT SI SCH\u016eZKU:<\/h4>\n\n\n\n<div class=\"wp-block-buttons is-layout-flex wp-block-buttons-is-layout-flex\">\n<div class=\"wp-block-button\"><a class=\"wp-block-button__link wp-element-button\" href=\"mailto:academy@westcam-group.com?subject=Anfrage%20zu%20Training:%20CNC%20Forward&amp;body=Liebes%20WESTCAM-Academy-Team!%0A%0ABitte%20informieren%20Sie%20mich%2C%20wann%20die%20n%C3%A4chsten%20Termine%20zu%20dieser%20Schulung%20stattfinden.%0ADanke%20und%20freundliche%20Gr%C3%BC%C3%9Fe\" target=\"_blank\" rel=\"noreferrer noopener\">INFORMOVAT NYN\u00cd A REZERVOVAT &#8222;CNC FORWARD&#8220; &amp;gt;<\/a><\/div>\n<\/div>\n<\/div>\n<\/div>\n\n<div class=\"wp-block-group has-global-padding is-layout-constrained wp-block-group-is-layout-constrained\">\n<h2 class=\"wp-block-heading\" style=\"text-transform:none\">Term\u00edny a ceny<\/h2>\n\n\n\n<div class=\"wp-block-webx-blocks-grid is-layout-grid wp-container-webx-blocks-grid-is-layout-242e7a69 wp-block-webx-blocks-grid-is-layout-grid\" style=\"margin-top:var(--wp--preset--spacing--20);margin-right:0;margin-bottom:var(--wp--preset--spacing--20);margin-left:0;--grid-columns-desktop:3;--grid-columns-tablet:2;--grid-columns-mobile:1\">\n<div class=\"wp-block-webx-blocks-grid-item has-base-2-background-color has-background is-layout-flow wp-block-webx-blocks-grid-item-is-layout-flow\" style=\"padding-top:var(--wp--preset--spacing--20);padding-right:var(--wp--preset--spacing--20);padding-bottom:var(--wp--preset--spacing--20);padding-left:var(--wp--preset--spacing--20);--grid-area-desktop:auto \/ auto \/ auto \/ auto;--grid-area-tablet:auto \/ auto \/ auto \/ auto;--grid-area-mobile:auto \/ auto \/ auto \/ auto\">\n<div class=\"wp-block-webx-blocks-fake-heading heading-h6 is-style-westcamized\">NADCH\u00c1ZEJ\u00cdC\u00cd TERM\u00cdNY ZAH\u00c1JEN\u00cd<\/div>\n\n\n\n<ul class=\"wp-block-list\">\n<li>11.05.2026<\/li>\n\n\n\n<li>08.06.2026<\/li>\n\n\n\n<li>13.07.2026<\/li>\n<\/ul>\n<\/div>\n\n\n\n<div class=\"wp-block-webx-blocks-grid-item has-base-2-background-color has-background is-layout-flow wp-block-webx-blocks-grid-item-is-layout-flow\" style=\"padding-top:var(--wp--preset--spacing--20);padding-right:var(--wp--preset--spacing--20);padding-bottom:var(--wp--preset--spacing--20);padding-left:var(--wp--preset--spacing--20);--grid-area-desktop:auto \/ auto \/ auto \/ auto;--grid-area-tablet:auto \/ auto \/ auto \/ auto;--grid-area-mobile:auto \/ auto \/ auto \/ auto\">\n<div class=\"wp-block-webx-blocks-fake-heading heading-h6 is-style-westcamized\">CELKEM<\/div>\n\n\n\n<p><strong>\u20ac 1.140,- | 2 dny | online kurz<\/strong><\/p>\n\n\n\n<ul class=\"wp-block-list\">\n<li><strong>Cena: Za osobu <\/strong>na 2 dny  <\/li>\n\n\n\n<li><strong>Minim\u00e1ln\u00ed po\u010det \u00fa\u010dastn\u00edk\u016f: 3 osoby <\/strong><\/li>\n<\/ul>\n<\/div>\n<\/div>\n<\/div>\n\n<div class=\"wp-block-group has-global-padding is-layout-constrained wp-block-group-is-layout-constrained\" style=\"padding-top:0;padding-bottom:0\">\n<h2 class=\"wp-block-heading\" id=\"anfrage\">R\u00e1di jsme tu pro v\u00e1s<\/h2>\n\n\n<div class=\"wp-block-webx-blocks-westcam-employee-display\">\n    <div class=\"employee-image\">\n        <img decoding=\"async\" src=\"https:\/\/www.westcam-group.com\/wp-content\/uploads\/2024\/10\/laura-arrigoni-westcam-group-300x300.jpg\" alt=Laura Arrigoni \/>\n    <\/div>\n    <div class=\"employee-info\">\n        <div class=\"heading-h3\">Laura Arrigoni<\/div>\n        <div class=\"heading-h5 is-style-westcamized\">\u0160kolen\u00ed 3D tisku, CAM a MES<\/div>\n    <\/div>\n    <div class=\"employee-social\">\n        <div class=\"icons\">\n                                    <a href=\"\/vcard\/33758\" title=\"Download vCard\"\n                class=\"vcard-button\">\n                <svg xmlns=\"http:\/\/www.w3.org\/2000\/svg\" width=\"32.143\" height=\"25\" viewBox=\"0 0 32.143 25\">\n                    <path id=\"address-card-solid\"\n                        d=\"M3.571,32A3.575,3.575,0,0,0,0,35.571V53.429A3.575,3.575,0,0,0,3.571,57h25a3.575,3.575,0,0,0,3.571-3.571V35.571A3.575,3.575,0,0,0,28.571,32ZM8.036,46.286h3.571a4.463,4.463,0,0,1,4.464,4.464.9.9,0,0,1-.893.893H4.464a.9.9,0,0,1-.893-.893A4.463,4.463,0,0,1,8.036,46.286ZM6.25,40.929A3.571,3.571,0,1,1,9.821,44.5,3.571,3.571,0,0,1,6.25,40.929Zm14.286-1.786h7.143a.893.893,0,0,1,0,1.786H20.536a.893.893,0,0,1,0-1.786Zm0,3.571h7.143a.893.893,0,0,1,0,1.786H20.536a.893.893,0,0,1,0-1.786Zm0,3.571h7.143a.893.893,0,0,1,0,1.786H20.536a.893.893,0,0,1,0-1.786Z\"\n                        transform=\"translate(0 -32)\" fill=\"#111\" \/>\n                <\/svg>\n            <\/a>\n        <\/div>\n    <\/div>\n    <div class=\"employee-contact\">\n                <a href=\"tel:+43 5223 55509 225\">\n            <div class=\" employee-phone\">\n                <svg xmlns=\"http:\/\/www.w3.org\/2000\/svg\" width=\"32\" height=\"32\" viewBox=\"0 0 32 32\">\n                    <path id=\"phone\"\n                        d=\"M6.529,4h7.059l3.529,8.824-4.412,2.647a19.412,19.412,0,0,0,8.824,8.824l2.647-4.412L33,23.412v7.059A3.529,3.529,0,0,1,29.471,34,28.235,28.235,0,0,1,3,7.529,3.529,3.529,0,0,1,6.529,4\"\n                        transform=\"translate(-2 -3)\" fill=\"none\" stroke=\"#111\" stroke-linecap=\"round\"\n                        stroke-linejoin=\"round\" stroke-width=\"2\" \/>\n                <\/svg>\n\n                +43 5223 55509 225\n            <\/div>\n        <\/a>\n                                <a href=\"mailto:laura.arrigoni@westcam.at\">\n            <div class=\" employee-email\">\n                <svg xmlns=\"http:\/\/www.w3.org\/2000\/svg\" width=\"32.773\" height=\"25.333\" viewBox=\"0 0 32.773 25.333\">\n                    <g id=\"mail\" transform=\"translate(1.387 1)\">\n                        <rect id=\"Rechteck_11\" data-name=\"Rechteck 11\" width=\"30\" height=\"23.333\" rx=\"2\" fill=\"none\"\n                            stroke=\"#111\" stroke-linecap=\"round\" stroke-linejoin=\"round\" stroke-width=\"2\" \/>\n                        <path id=\"Pfad_100\" data-name=\"Pfad 100\" d=\"M3,7,18,17,33,7\" transform=\"translate(-3 -3.667)\"\n                            fill=\"none\" stroke=\"#111\" stroke-linecap=\"round\" stroke-linejoin=\"round\" stroke-width=\"2\" \/>\n                    <\/g>\n                <\/svg>\n                laura.arrigoni@westcam.at\n            <\/div>\n        <\/a>\n        \n\n\n    <\/div>\n        <div class=\"employee-callback wp-block-button is-style-outline\">\n        <a href=\"\/anfrage\/\"\n            class=\"wp-block-button__link wp-element-button\">zeptat se<\/a>\n    <\/div>\n    <\/div><\/div>\n\n<p><\/p>\n\n<div class=\"wp-block-webx-blocks-responsive-spacer\" style=\"--desktop-height:100px;--tablet-height:50px;--mobile-height:25px\"><\/div>\n\n<div class=\"wp-block-group has-base-color has-accent-2-background-color has-text-color has-background has-link-color wp-elements-66f1d7d31c797c0076c3007551aaf0ac is-layout-flow wp-block-group-is-layout-flow\" style=\"padding-top:var(--wp--preset--spacing--20);padding-right:var(--wp--preset--spacing--20);padding-bottom:var(--wp--preset--spacing--20);padding-left:var(--wp--preset--spacing--20)\">\n<h2 class=\"wp-block-heading has-base-color has-text-color has-link-color wp-elements-230eb54fa9d1088c9ee57297ecd77ba1\">Dovednostn\u00ed \u0161eky 2026<\/h2>\n\n\n\n<p><strong>Kvalifikace v transformaci se zam\u011b\u0159en\u00edm na pr\u016fmyslovou strategii Rakousko 2035<\/strong><\/p>\n\n\n\n<figure class=\"wp-block-image size-large is-resized\"><img loading=\"lazy\" decoding=\"async\" width=\"1024\" height=\"433\" src=\"https:\/\/www.westcam-group.com\/wp-content\/uploads\/2025\/04\/FFG_Logo_DE_white-1024x433.png\" alt=\"\" class=\"wp-image-44961\" style=\"width:300px\" srcset=\"https:\/\/www.westcam-group.com\/wp-content\/uploads\/2025\/04\/FFG_Logo_DE_white-1024x433.png 1024w, https:\/\/www.westcam-group.com\/wp-content\/uploads\/2025\/04\/FFG_Logo_DE_white-300x127.png 300w, https:\/\/www.westcam-group.com\/wp-content\/uploads\/2025\/04\/FFG_Logo_DE_white-768x325.png 768w, https:\/\/www.westcam-group.com\/wp-content\/uploads\/2025\/04\/FFG_Logo_DE_white.png 1041w\" sizes=\"auto, (max-width: 1024px) 100vw, 1024px\" \/><\/figure>\n\n\n\n<h4 class=\"wp-block-heading has-base-color has-text-color has-link-color wp-elements-cc6f44feb158f3144ec4aad739286ea8\">VA\u0160E cesta k pov\u00fd\u0161en\u00ed<\/h4>\n\n\n\n<p>1. za\u017e\u00e1dejte o \u0161ek na dovednosti<br\/>2. Rezervujte si dal\u0161\u00ed \u0161kolen\u00ed<br\/>3. Z\u00fa\u010dastn\u011bte se dal\u0161\u00edho \u0161kolen\u00ed<br\/>4. P\u0159edlo\u017eit z\u00e1v\u011bre\u010dnou zpr\u00e1vu<br\/>5. Z\u00edskat finan\u010dn\u00ed prost\u0159edky<\/p>\n\n\n\n<div class=\"wp-block-buttons is-layout-flex wp-block-buttons-is-layout-flex\">\n<div class=\"wp-block-button\"><a class=\"wp-block-button__link wp-element-button\" href=\"https:\/\/www.ffg.at\/ausschreibungen\/SkillsSchecks2026\" target=\"_blank\" rel=\"noreferrer noopener\">Za\u017e\u00e1dejte o \u0161ek na z\u00edsk\u00e1n\u00ed dovednost\u00ed zde &gt;<\/a><\/div>\n<\/div>\n\n\n\n<h5 class=\"wp-block-heading has-base-color has-text-color has-link-color wp-elements-f187b928efad911f5013b08ba305b4d6\">Financov\u00e1n\u00ed ve v\u00fd\u0161i max. 5 000 eur na zam\u011bstnance:in <\/h5>\n\n\n\n<p>Pro financov\u00e1n\u00ed <strong>jsou<\/strong> zp\u016fsobil\u00e9 <strong>spole\u010dnosti s pobo\u010dkou v Rakousku<\/strong>:<\/p>\n\n\n\n<ul class=\"wp-block-list\">\n<li>max. jeden \u0161ek na osobu <\/li>\n\n\n\n<li>max. 5 \u0161ek\u016f na spole\u010dnost <\/li>\n\n\n\n<li>max. 50 % n\u00e1klad\u016f na \u0161kolen\u00ed <\/li>\n\n\n\n<li>max. 5 000 eur na jeden \u0161ek <\/li>\n<\/ul>\n\n\n\n<p><strong>Upozorn\u011bn\u00ed:<\/strong> P\u0159ihl\u00e1\u0161ka mus\u00ed b\u00fdt pod\u00e1na <strong>p\u0159ed zah\u00e1jen\u00edm vzd\u011bl\u00e1vac\u00edho programu a p\u0159ed vystaven\u00edm faktury.<\/strong> Fakturovat <strong>lze <\/strong>pouze programy dal\u0161\u00edho vzd\u011bl\u00e1v\u00e1n\u00ed, na kter\u00e9 v\u00e1m bylo <strong>schv\u00e1leno financov\u00e1n\u00ed <\/strong>. <\/p>\n\n\n\n<h6 class=\"wp-block-heading has-base-color has-text-color has-link-color wp-elements-3e9df2ee897e1b25fd40e04aa960afe6\">PS: \u010casto kladen\u00e9 ot\u00e1zky (FAQ) <a href=\"https:\/\/www.ffg.at\/skills-schecks-2026-frequently-asked-questions-faq\" target=\"_blank\" rel=\"noopener\">&gt; zU odpov\u011bdi<\/a><\/h6>\n<\/div>\n","protected":false},"excerpt":{"rendered":"<p>Optimalizace proces\u016f CAM &#8211; efektivn\u011bj\u0161\u00ed, strukturovan\u011bj\u0161\u00ed, digit\u00e1ln\u011bj\u0161\u00ed Od u\u017eivatele CAM po optimaliz\u00e1tora proces\u016f.Analyzujte sv\u00e9 st\u00e1vaj\u00edc\u00ed pracovn\u00ed postupy CAM, identifikujte slab\u00e1 m\u00edsta a nau\u010dte se, jak efektivn\u011b a hospod\u00e1rn\u011b realizovat slo\u017eit\u00e9 obr\u00e1b\u011bc\u00ed procesy. Pro\u010d je toto \u0161kolen\u00ed kl\u00ed\u010dov\u00e9 Nestrukturovan\u00e9 CAM procesy vedou ke zbyte\u010dn\u00e9mu p\u0159epracov\u00e1n\u00ed, del\u0161\u00ed dob\u011b chodu a neefektivn\u00edmu vyu\u017eit\u00ed va\u0161ich stroj\u016f.Optimalizovan\u00e9 pracovn\u00ed postupy zvy\u0161uj\u00ed [&hellip;]<\/p>\n","protected":false},"featured_media":23474,"parent":37261,"menu_order":2,"template":"","competence":[2780],"class_list":["post-38542","training_offer","type-training_offer","status-publish","has-post-thumbnail","hentry","competence-cam-cs"],"_links":{"self":[{"href":"https:\/\/www.westcam-group.com\/cs\/wp-json\/wp\/v2\/training_offer\/38542","targetHints":{"allow":["GET"]}}],"collection":[{"href":"https:\/\/www.westcam-group.com\/cs\/wp-json\/wp\/v2\/training_offer"}],"about":[{"href":"https:\/\/www.westcam-group.com\/cs\/wp-json\/wp\/v2\/types\/training_offer"}],"up":[{"embeddable":true,"href":"https:\/\/www.westcam-group.com\/cs\/wp-json\/wp\/v2\/training_offer\/37261"}],"wp:featuredmedia":[{"embeddable":true,"href":"https:\/\/www.westcam-group.com\/cs\/wp-json\/wp\/v2\/media\/23474"}],"wp:attachment":[{"href":"https:\/\/www.westcam-group.com\/cs\/wp-json\/wp\/v2\/media?parent=38542"}],"wp:term":[{"taxonomy":"competence","embeddable":true,"href":"https:\/\/www.westcam-group.com\/cs\/wp-json\/wp\/v2\/competence?post=38542"}],"curies":[{"name":"wp","href":"https:\/\/api.w.org\/{rel}","templated":true}]}}