{"id":38538,"date":"2025-04-14T08:55:05","date_gmt":"2025-04-14T06:55:05","guid":{"rendered":"https:\/\/www.westcam-group.com\/academy\/angebot\/cam-cnc\/cnc-start-zaklady-digitalni-vyroby-s-cam-systemy-basic\/"},"modified":"2026-04-21T12:10:56","modified_gmt":"2026-04-21T10:10:56","slug":"cnc-start-zaklady-digitalni-vyroby-s-cam-systemy-basic","status":"publish","type":"training_offer","link":"https:\/\/www.westcam-group.com\/cs\/academy\/angebot\/cam-cnc\/cnc-start-zaklady-digitalni-vyroby-s-cam-systemy-basic\/","title":{"rendered":"&#8222;CNC Start&#8220; &#8211; Z\u00e1klady digit\u00e1ln\u00ed v\u00fdroby s CAM syst\u00e9my | Basic"},"content":{"rendered":"\n<div class=\"wp-block-group alignfull has-base-2-background-color has-background has-global-padding is-layout-constrained wp-block-group-is-layout-constrained\" style=\"margin-top:0;margin-bottom:0;padding-top:var(--wp--preset--spacing--50);padding-bottom:var(--wp--preset--spacing--50)\">\n<div class=\"wp-block-webx-blocks-grid is-layout-grid wp-container-webx-blocks-grid-is-layout-478b6e6b wp-block-webx-blocks-grid-is-layout-grid\" style=\"--grid-columns-desktop:4;--grid-columns-tablet:2;--grid-columns-mobile:1\">\n<div class=\"wp-block-webx-blocks-grid-item is-layout-flow wp-block-webx-blocks-grid-item-is-layout-flow\" style=\"--grid-area-desktop:auto \/ span 3 \/ auto \/ auto;--grid-area-tablet:auto \/ auto \/ auto \/ auto;--grid-area-mobile:auto \/ auto \/ auto \/ auto\">\n<div class=\"wp-block-group has-global-padding is-layout-constrained wp-block-group-is-layout-constrained\"><div style=\"font-style:normal;font-weight:700\" class=\"taxonomy-competence has-link-color is-style-pill wp-elements-895770e71ad734eddd2ba580f5f9e9ab wp-block-post-terms has-text-color has-base-color\"><a href=\"https:\/\/www.westcam-group.com\/cs\/competence\/cam-cs\/\" rel=\"tag\">CAM, CNC<\/a><\/div>\n\n<h1 style=\"text-transform:none;\" class=\"wp-block-post-title\">&#8222;CNC Start&#8220; &#8211; Z\u00e1klady digit\u00e1ln\u00ed v\u00fdroby s CAM syst\u00e9my | Basic<\/h1><\/div>\n<\/div>\n\n\n\n<div class=\"wp-block-webx-blocks-grid-item has-text-align-right is-layout-flow wp-block-webx-blocks-grid-item-is-layout-flow\" style=\"--grid-area-desktop:auto \/ auto \/ auto \/ auto;--grid-area-tablet:auto \/ auto \/ auto \/ auto;--grid-area-mobile:auto \/ auto \/ auto \/ auto\">\n<figure class=\"wp-block-image alignright size-full is-resized\"><img decoding=\"async\" src=\"https:\/\/www.westcam-group.com\/wp-content\/uploads\/2024\/02\/academy-svg.svg\" alt=\"\" class=\"wp-image-1077\" style=\"width:118px;height:auto\"\/><\/figure>\n<\/div>\n<\/div>\n<\/div>\n\n<p><\/p>\n\n<div class=\"wp-block-group has-global-padding is-layout-constrained wp-block-group-is-layout-constrained\">\n<div class=\"wp-block-webx-blocks-responsive-spacer\" style=\"--desktop-height:100px;--tablet-height:50px;--mobile-height:25px\"><\/div>\n\n\n\n<div class=\"wp-block-group has-base-2-background-color has-background has-global-padding is-layout-constrained wp-container-core-group-is-layout-c385debf wp-block-group-is-layout-constrained\" style=\"padding-top:var(--wp--preset--spacing--20);padding-right:var(--wp--preset--spacing--20);padding-bottom:var(--wp--preset--spacing--20);padding-left:var(--wp--preset--spacing--20)\">\n<h2 class=\"wp-block-heading\" style=\"text-transform:none\">Bezpe\u010dn\u00fd za\u010d\u00e1tek programov\u00e1n\u00ed CNC &#8211; srozumiteln\u00fd, praktick\u00fd, okam\u017eit\u011b pou\u017eiteln\u00fd<\/h2>\n\n\n\n<div class=\"wp-block-buttons is-layout-flex wp-block-buttons-is-layout-flex\">\n<div class=\"wp-block-button\"><a class=\"wp-block-button__link wp-element-button\" href=\"#anfrage\">Poptejte nyn\u00ed<\/a><\/div>\n<\/div>\n\n\n\n<p>Od za\u010d\u00e1te\u010dn\u00edka k jist\u00e9mu u\u017eivateli CAM.<br\/>Nau\u010dte se z\u00e1klady programov\u00e1n\u00ed CNC a CAM &#8211; od po\u010d\u00e1te\u010dn\u00ed orientace a\u017e po efektivn\u00ed vytv\u00e1\u0159en\u00ed obr\u00e1b\u011bc\u00edch strategi\u00ed pro 2D a 3D geometrie.<\/p>\n\n\n\n<ul class=\"wp-block-list is-style-westcam-list\">\n<li>Intenzivn\u00ed \u0161kolen\u00ed se siln\u00fdm praktick\u00fdm zam\u011b\u0159en\u00edm<\/li>\n\n\n\n<li>Srozumiteln\u00fd \u00favod do CAM &amp; CNC<\/li>\n\n\n\n<li>Okam\u017eit\u011b pou\u017eiteln\u00e9 z\u00e1kladn\u00ed znalosti<\/li>\n<\/ul>\n\n\n\n<h3 class=\"wp-block-heading\" style=\"text-transform:none\"><strong>Pro\u010d je toto \u0161kolen\u00ed kl\u00ed\u010dov\u00e9<\/strong><\/h3>\n\n\n\n<p>Nedostatek z\u00e1kladn\u00edch znalost\u00ed vede k chyb\u00e1m, neefektivn\u00edm program\u016fm a zbyte\u010dn\u00fdm \u010dasov\u00fdm v\u00fddaj\u016fm.<br\/>S pevn\u00fdmi z\u00e1klady vytvo\u0159\u00edte p\u0159edpoklady pro spolehliv\u00e9 a strukturovan\u00e9 CNC programov\u00e1n\u00ed.<\/p>\n\n\n\n<h3 class=\"wp-block-heading\" style=\"text-transform:none\">U\u0161et\u0159ete a\u017e 5 000 \u20ac<\/h3>\n\n\n\n<div class=\"wp-block-buttons is-layout-flex wp-block-buttons-is-layout-flex\">\n<div class=\"wp-block-button\"><a class=\"wp-block-button__link wp-element-button\" href=\"https:\/\/www.westcam-group.com\/cs\/news\/dovednostni-seky-2026-propagace-v-rakousku\/\" target=\"_blank\" rel=\"noreferrer noopener\">PO\u017d\u00c1DAT O POV\u00dd\u0160EN\u00cd &gt;<\/a><\/div>\n<\/div>\n<\/div>\n<\/div>\n\n<div class=\"wp-block-group has-global-padding is-layout-constrained wp-block-group-is-layout-constrained\" style=\"margin-top:var(--wp--preset--spacing--20);margin-bottom:var(--wp--preset--spacing--20)\">\n<div class=\"wp-block-webx-blocks-grid is-layout-grid wp-container-webx-blocks-grid-is-layout-478b6e6b wp-block-webx-blocks-grid-is-layout-grid\" style=\"--grid-columns-desktop:2;--grid-columns-tablet:2;--grid-columns-mobile:1\">\n<div class=\"wp-block-webx-blocks-grid-item has-base-2-background-color has-background is-layout-flow wp-block-webx-blocks-grid-item-is-layout-flow\" style=\"padding-top:0;padding-right:0;padding-bottom:0;padding-left:0;--grid-area-desktop:auto \/ auto \/ auto \/ auto;--grid-area-tablet:auto \/ auto \/ auto \/ auto;--grid-area-mobile:auto \/ auto \/ auto \/ auto\">\n<div class=\"wp-block-group has-base-background-color has-background is-layout-flow wp-block-group-is-layout-flow\">\n<h2 class=\"wp-block-heading\" style=\"padding-bottom:var(--wp--preset--spacing--20)\">C\u00edlov\u00e1 skupina<\/h2>\n<\/div>\n\n\n\n<div class=\"wp-block-group has-base-2-background-color has-background is-layout-flow wp-block-group-is-layout-flow\" style=\"margin-top:0;margin-bottom:0;padding-top:var(--wp--preset--spacing--20);padding-right:var(--wp--preset--spacing--20);padding-bottom:var(--wp--preset--spacing--20);padding-left:var(--wp--preset--spacing--20)\">\n<p>Technici, kte\u0159\u00ed budou v budoucnu programovat CNC stroje pomoc\u00ed softwaru CAM.<\/p>\n<\/div>\n<\/div>\n\n\n\n<div class=\"wp-block-webx-blocks-grid-item has-base-2-background-color has-background is-layout-flow wp-block-webx-blocks-grid-item-is-layout-flow\" style=\"padding-top:0;padding-right:0;padding-bottom:0;padding-left:0;--grid-area-desktop:auto \/ auto \/ auto \/ auto;--grid-area-tablet:auto \/ auto \/ auto \/ auto;--grid-area-mobile:auto \/ auto \/ auto \/ auto\">\n<div class=\"wp-block-group has-base-background-color has-background is-layout-flow wp-block-group-is-layout-flow\">\n<h2 class=\"wp-block-heading\" style=\"margin-bottom:0;padding-bottom:var(--wp--preset--spacing--20)\">P\u0159edpoklady<\/h2>\n<\/div>\n\n\n\n<div class=\"wp-block-group has-base-2-background-color has-background is-layout-flow wp-block-group-is-layout-flow\" style=\"margin-top:0;margin-bottom:0;padding-top:var(--wp--preset--spacing--20);padding-right:var(--wp--preset--spacing--20);padding-bottom:var(--wp--preset--spacing--20);padding-left:var(--wp--preset--spacing--20)\">\n<p>Windows, znalost CAD v\u00fdhodou.  <\/p>\n<\/div>\n<\/div>\n<\/div>\n<\/div>\n\n<div class=\"wp-block-group has-global-padding is-layout-constrained wp-block-group-is-layout-constrained\" style=\"margin-top:var(--wp--preset--spacing--40);margin-bottom:var(--wp--preset--spacing--40)\">\n<h2 class=\"wp-block-heading\">Vzd\u011bl\u00e1vac\u00ed obsah<\/h2>\n\n\n\n<div class=\"wp-block-group has-base-2-background-color has-background is-layout-flow wp-block-group-is-layout-flow\" style=\"padding-top:var(--wp--preset--spacing--20);padding-right:var(--wp--preset--spacing--20);padding-bottom:var(--wp--preset--spacing--20);padding-left:var(--wp--preset--spacing--20)\">\n<h4 class=\"wp-block-heading\">&#8222;CNC Start&#8220; &#8211; Z\u00e1klady digit\u00e1ln\u00ed v\u00fdroby s CAM syst\u00e9my | Basic<\/h4>\n\n\n\n<p>Tento v\u00edcedenn\u00ed specializovan\u00fd kurz v\u00e1s d\u016fkladn\u011b uvede do sv\u011bta programov\u00e1n\u00ed CNC\/CAM. Od po\u010d\u00e1te\u010dn\u00ed orientace v u\u017eivatelsk\u00e9m rozhran\u00ed a\u017e po praktick\u00e9 tipy pro ka\u017edodenn\u00ed pou\u017eit\u00ed. Krok za krokem se nau\u010d\u00edte, jak efektivn\u011b a profesion\u00e1ln\u011b digit\u00e1ln\u011b vyr\u00e1b\u011bt komponenty.  <\/p>\n\n\n\n<p>Tento odborn\u00fd kurz je vhodn\u00fd pro v\u0161echny, kte\u0159\u00ed se zab\u00fdvaj\u00ed programov\u00e1n\u00edm CAM a cht\u011bj\u00ed optimalizovat sv\u00e9 procesy pomoc\u00ed pokro\u010dil\u00fdch softwarov\u00fdch \u0159e\u0161en\u00ed. Kurz zahrnuje z\u00e1klady programov\u00e1n\u00ed CNC a tak\u00e9 \u00favod do komplexn\u00edch strategi\u00ed pro 2D a 3D obr\u00e1b\u011bn\u00ed, kter\u00e9 jsou nezbytn\u00e9 pro automatizovan\u00e9 programov\u00e1n\u00ed slo\u017eit\u00fdch geometri\u00ed. Zab\u00fdv\u00e1 se tak\u00e9 po\u010d\u00e1te\u010dn\u00edmi z\u00e1klady pot\u0159ebn\u00fdmi pro automatizovan\u00e9 programov\u00e1n\u00ed CNC\/CAM.  <\/p>\n\n\n\n<p><em>Z\u00e1kladn\u00ed funkce CAD<\/em><\/p>\n\n\n\n<ul class=\"wp-block-list\">\n<li>Nau\u010dte se pou\u017e\u00edvat v\u0161echny p\u0159\u00edkazy pro plochy a k\u0159ivky.<\/li>\n\n\n\n<li>Rozhran\u00ed a \u0159\u00edzen\u00ed vrstev na p\u0159\u00edkladech cvi\u010den\u00ed<\/li>\n<\/ul>\n\n\n\n<p><em>Programovac\u00ed rozhran\u00ed \/ z\u00e1kladn\u00ed nastaven\u00ed<\/em><\/p>\n\n\n\n<ul class=\"wp-block-list\">\n<li>P\u0159\u00edprava komponent a programovac\u00ed rozhran\u00ed<\/li>\n\n\n\n<li>Definice seznam\u016f pro zpracov\u00e1n\u00ed a sou\u0159adnicov\u00fdch syst\u00e9m\u016f<\/li>\n\n\n\n<li>Vytv\u00e1\u0159en\u00ed polotovar\u016f, fr\u00e9zovac\u00edch ploch, geometrie n\u00e1stroj\u016f a dr\u017e\u00e1k\u016f<\/li>\n\n\n\n<li>Sezn\u00e1men\u00ed s r\u016fzn\u00fdmi mo\u017enostmi simulace, NC souboru a mo\u017enostmi dokumentace (zpr\u00e1va).<\/li>\n\n\n\n<li>Prvn\u00ed definice cykl\u016f v oblasti 2D (obr\u00e1b\u011bn\u00ed kontur a kapes, definice cykl\u016f vrt\u00e1n\u00ed, obr\u00e1b\u011bn\u00ed zbytkov\u00e9ho materi\u00e1lu, korekce polom\u011bru).<\/li>\n\n\n\n<li>Pr\u00e1ce s 3D cykly (hrubov\u00e1n\u00ed, r\u016fzn\u00e9 strategie dokon\u010dov\u00e1n\u00ed, zpracov\u00e1n\u00ed zbytkov\u00e9ho materi\u00e1lu, \u0159\u00edzen\u00ed a zamezen\u00ed koliz\u00ed).<\/li>\n<\/ul>\n\n\n\n<p><em>Feature &amp; makro technologie<\/em><\/p>\n\n\n\n<ul class=\"wp-block-list\">\n<li>Pr\u00e1ce s automatizovan\u00fdm rozpozn\u00e1v\u00e1n\u00edm geometrie a programov\u00e1n\u00edm<\/li>\n\n\n\n<li>Vytvo\u0159en\u00ed a \u00faprava datab\u00e1ze znalost\u00ed<\/li>\n<\/ul>\n\n\n\n<h4 class=\"wp-block-heading\">DOZV\u011aD\u011aT SE V\u00cdCE A VY\u017d\u00c1DAT SI SCH\u016eZKU:<\/h4>\n\n\n\n<div class=\"wp-block-buttons is-layout-flex wp-block-buttons-is-layout-flex\">\n<div class=\"wp-block-button\"><a class=\"wp-block-button__link wp-element-button\" href=\"mailto:academy@westcam-group.com?subject=Anfrage%20zu%20Training:%20CNC%20Start&amp;body=Liebes%20WESTCAM-Academy-Team!%0A%0ABitte%20informieren%20Sie%20mich%2C%20wann%20die%20n%C3%A4chsten%20Termine%20zu%20dieser%20Schulung%20stattfinden.%0ADanke%20und%20freundliche%20Gr%C3%BC%C3%9Fe\" target=\"_blank\" rel=\"noreferrer noopener\">INFORMUJTE SE NYN\u00cd A STA\u0147TE SE &#8222;CNC-STARTEREM&#8220; &amp;gt;<\/a><\/div>\n<\/div>\n<\/div>\n<\/div>\n\n<div class=\"wp-block-group has-global-padding is-layout-constrained wp-block-group-is-layout-constrained\">\n<h2 class=\"wp-block-heading\" style=\"text-transform:none\">Term\u00edny a ceny<\/h2>\n\n\n\n<div class=\"wp-block-webx-blocks-grid is-layout-grid wp-container-webx-blocks-grid-is-layout-242e7a69 wp-block-webx-blocks-grid-is-layout-grid\" style=\"margin-top:var(--wp--preset--spacing--20);margin-right:0;margin-bottom:var(--wp--preset--spacing--20);margin-left:0;--grid-columns-desktop:3;--grid-columns-tablet:2;--grid-columns-mobile:1\">\n<div class=\"wp-block-webx-blocks-grid-item has-base-2-background-color has-background is-layout-flow wp-block-webx-blocks-grid-item-is-layout-flow\" style=\"padding-top:var(--wp--preset--spacing--20);padding-right:var(--wp--preset--spacing--20);padding-bottom:var(--wp--preset--spacing--20);padding-left:var(--wp--preset--spacing--20);--grid-area-desktop:auto \/ auto \/ auto \/ auto;--grid-area-tablet:auto \/ auto \/ auto \/ auto;--grid-area-mobile:auto \/ auto \/ auto \/ auto\">\n<div class=\"wp-block-webx-blocks-fake-heading heading-h6 is-style-westcamized\">NADCH\u00c1ZEJ\u00cdC\u00cd TERM\u00cdNY ZAH\u00c1JEN\u00cd<\/div>\n\n\n\n<ul class=\"wp-block-list\">\n<li>04.05.2026<\/li>\n\n\n\n<li>18.05.2026<\/li>\n\n\n\n<li>  08.06.2026<\/li>\n\n\n\n<li>22.06.2026<\/li>\n\n\n\n<li>06.07.2026<\/li>\n<\/ul>\n<\/div>\n\n\n\n<div class=\"wp-block-webx-blocks-grid-item has-base-2-background-color has-background is-layout-flow wp-block-webx-blocks-grid-item-is-layout-flow\" style=\"padding-top:var(--wp--preset--spacing--20);padding-right:var(--wp--preset--spacing--20);padding-bottom:var(--wp--preset--spacing--20);padding-left:var(--wp--preset--spacing--20);--grid-area-desktop:auto \/ auto \/ auto \/ auto;--grid-area-tablet:auto \/ auto \/ auto \/ auto;--grid-area-mobile:auto \/ auto \/ auto \/ auto\">\n<div class=\"wp-block-webx-blocks-fake-heading heading-h6 is-style-westcamized\">CELKEM<\/div>\n\n\n\n<p><strong>\u20ac 3.420,- | 6 dn\u00ed | online kurz<\/strong><\/p>\n\n\n\n<ul class=\"wp-block-list\">\n<li><strong>Cena: Za osobu <\/strong>na 6 dn\u00ed<\/li>\n\n\n\n<li><strong>Minim\u00e1ln\u00ed po\u010det \u00fa\u010dastn\u00edk\u016f: 3 osoby <\/strong><\/li>\n<\/ul>\n<\/div>\n<\/div>\n\n\n\n<p><\/p>\n<\/div>\n\n<div class=\"wp-block-group has-global-padding is-layout-constrained wp-block-group-is-layout-constrained\" style=\"padding-top:0;padding-bottom:0\">\n<h2 class=\"wp-block-heading\" id=\"anfrage\">R\u00e1di jsme tu pro v\u00e1s<\/h2>\n\n\n<div class=\"wp-block-webx-blocks-westcam-employee-display\">\n    <div class=\"employee-image\">\n        <img decoding=\"async\" src=\"https:\/\/www.westcam-group.com\/wp-content\/uploads\/2024\/10\/laura-arrigoni-westcam-group-300x300.jpg\" alt=Laura Arrigoni \/>\n    <\/div>\n    <div class=\"employee-info\">\n        <div class=\"heading-h3\">Laura Arrigoni<\/div>\n        <div class=\"heading-h5 is-style-westcamized\">\u0160kolen\u00ed 3D tisku, CAM a MES<\/div>\n    <\/div>\n    <div class=\"employee-social\">\n        <div class=\"icons\">\n                                    <a href=\"\/vcard\/33758\" title=\"Download vCard\"\n                class=\"vcard-button\">\n                <svg xmlns=\"http:\/\/www.w3.org\/2000\/svg\" width=\"32.143\" height=\"25\" viewBox=\"0 0 32.143 25\">\n                    <path id=\"address-card-solid\"\n                        d=\"M3.571,32A3.575,3.575,0,0,0,0,35.571V53.429A3.575,3.575,0,0,0,3.571,57h25a3.575,3.575,0,0,0,3.571-3.571V35.571A3.575,3.575,0,0,0,28.571,32ZM8.036,46.286h3.571a4.463,4.463,0,0,1,4.464,4.464.9.9,0,0,1-.893.893H4.464a.9.9,0,0,1-.893-.893A4.463,4.463,0,0,1,8.036,46.286ZM6.25,40.929A3.571,3.571,0,1,1,9.821,44.5,3.571,3.571,0,0,1,6.25,40.929Zm14.286-1.786h7.143a.893.893,0,0,1,0,1.786H20.536a.893.893,0,0,1,0-1.786Zm0,3.571h7.143a.893.893,0,0,1,0,1.786H20.536a.893.893,0,0,1,0-1.786Zm0,3.571h7.143a.893.893,0,0,1,0,1.786H20.536a.893.893,0,0,1,0-1.786Z\"\n                        transform=\"translate(0 -32)\" fill=\"#111\" \/>\n                <\/svg>\n            <\/a>\n        <\/div>\n    <\/div>\n    <div class=\"employee-contact\">\n                <a href=\"tel:+43 5223 55509 225\">\n            <div class=\" employee-phone\">\n                <svg xmlns=\"http:\/\/www.w3.org\/2000\/svg\" width=\"32\" height=\"32\" viewBox=\"0 0 32 32\">\n                    <path id=\"phone\"\n                        d=\"M6.529,4h7.059l3.529,8.824-4.412,2.647a19.412,19.412,0,0,0,8.824,8.824l2.647-4.412L33,23.412v7.059A3.529,3.529,0,0,1,29.471,34,28.235,28.235,0,0,1,3,7.529,3.529,3.529,0,0,1,6.529,4\"\n                        transform=\"translate(-2 -3)\" fill=\"none\" stroke=\"#111\" stroke-linecap=\"round\"\n                        stroke-linejoin=\"round\" stroke-width=\"2\" \/>\n                <\/svg>\n\n                +43 5223 55509 225\n            <\/div>\n        <\/a>\n                                <a href=\"mailto:laura.arrigoni@westcam.at\">\n            <div class=\" employee-email\">\n                <svg xmlns=\"http:\/\/www.w3.org\/2000\/svg\" width=\"32.773\" height=\"25.333\" viewBox=\"0 0 32.773 25.333\">\n                    <g id=\"mail\" transform=\"translate(1.387 1)\">\n                        <rect id=\"Rechteck_11\" data-name=\"Rechteck 11\" width=\"30\" height=\"23.333\" rx=\"2\" fill=\"none\"\n                            stroke=\"#111\" stroke-linecap=\"round\" stroke-linejoin=\"round\" stroke-width=\"2\" \/>\n                        <path id=\"Pfad_100\" data-name=\"Pfad 100\" d=\"M3,7,18,17,33,7\" transform=\"translate(-3 -3.667)\"\n                            fill=\"none\" stroke=\"#111\" stroke-linecap=\"round\" stroke-linejoin=\"round\" stroke-width=\"2\" \/>\n                    <\/g>\n                <\/svg>\n                laura.arrigoni@westcam.at\n            <\/div>\n        <\/a>\n        \n\n\n    <\/div>\n        <div class=\"employee-callback wp-block-button is-style-outline\">\n        <a href=\"\/anfrage\/\"\n            class=\"wp-block-button__link wp-element-button\">zeptat se<\/a>\n    <\/div>\n    <\/div><\/div>\n\n<div class=\"wp-block-webx-blocks-responsive-spacer\" style=\"--desktop-height:100px;--tablet-height:50px;--mobile-height:25px\"><\/div>\n\n<div class=\"wp-block-group has-base-color has-accent-2-background-color has-text-color has-background has-link-color wp-elements-66f1d7d31c797c0076c3007551aaf0ac is-layout-flow wp-block-group-is-layout-flow\" style=\"padding-top:var(--wp--preset--spacing--20);padding-right:var(--wp--preset--spacing--20);padding-bottom:var(--wp--preset--spacing--20);padding-left:var(--wp--preset--spacing--20)\">\n<h2 class=\"wp-block-heading has-base-color has-text-color has-link-color wp-elements-230eb54fa9d1088c9ee57297ecd77ba1\">Dovednostn\u00ed \u0161eky 2026<\/h2>\n\n\n\n<p><strong>Kvalifikace v transformaci se zam\u011b\u0159en\u00edm na pr\u016fmyslovou strategii Rakousko 2035<\/strong><\/p>\n\n\n\n<figure class=\"wp-block-image size-large is-resized\"><img loading=\"lazy\" decoding=\"async\" width=\"1024\" height=\"433\" src=\"https:\/\/www.westcam-group.com\/wp-content\/uploads\/2025\/04\/FFG_Logo_DE_white-1024x433.png\" alt=\"\" class=\"wp-image-44961\" style=\"width:300px\" srcset=\"https:\/\/www.westcam-group.com\/wp-content\/uploads\/2025\/04\/FFG_Logo_DE_white-1024x433.png 1024w, https:\/\/www.westcam-group.com\/wp-content\/uploads\/2025\/04\/FFG_Logo_DE_white-300x127.png 300w, https:\/\/www.westcam-group.com\/wp-content\/uploads\/2025\/04\/FFG_Logo_DE_white-768x325.png 768w, https:\/\/www.westcam-group.com\/wp-content\/uploads\/2025\/04\/FFG_Logo_DE_white.png 1041w\" sizes=\"auto, (max-width: 1024px) 100vw, 1024px\" \/><\/figure>\n\n\n\n<h4 class=\"wp-block-heading has-base-color has-text-color has-link-color wp-elements-cc6f44feb158f3144ec4aad739286ea8\">VA\u0160E cesta k pov\u00fd\u0161en\u00ed<\/h4>\n\n\n\n<p>1. za\u017e\u00e1dejte o \u0161ek na dovednosti<br\/>2. Rezervujte si dal\u0161\u00ed \u0161kolen\u00ed<br\/>3. Z\u00fa\u010dastn\u011bte se dal\u0161\u00edho \u0161kolen\u00ed<br\/>4. P\u0159edlo\u017eit z\u00e1v\u011bre\u010dnou zpr\u00e1vu<br\/>5. Z\u00edskat finan\u010dn\u00ed prost\u0159edky<\/p>\n\n\n\n<div class=\"wp-block-buttons is-layout-flex wp-block-buttons-is-layout-flex\">\n<div class=\"wp-block-button\"><a class=\"wp-block-button__link wp-element-button\" href=\"https:\/\/www.ffg.at\/ausschreibungen\/SkillsSchecks2026\" target=\"_blank\" rel=\"noreferrer noopener\">Za\u017e\u00e1dejte o \u0161ek na z\u00edsk\u00e1n\u00ed dovednost\u00ed zde &gt;<\/a><\/div>\n<\/div>\n\n\n\n<h5 class=\"wp-block-heading has-base-color has-text-color has-link-color wp-elements-f187b928efad911f5013b08ba305b4d6\">Financov\u00e1n\u00ed ve v\u00fd\u0161i max. 5 000 eur na zam\u011bstnance:in <\/h5>\n\n\n\n<p>Pro financov\u00e1n\u00ed <strong>jsou<\/strong> zp\u016fsobil\u00e9 <strong>spole\u010dnosti s pobo\u010dkou v Rakousku<\/strong>:<\/p>\n\n\n\n<ul class=\"wp-block-list\">\n<li>max. jeden \u0161ek na osobu <\/li>\n\n\n\n<li>max. 5 \u0161ek\u016f na spole\u010dnost <\/li>\n\n\n\n<li>max. 50 % n\u00e1klad\u016f na \u0161kolen\u00ed <\/li>\n\n\n\n<li>max. 5 000 eur na jeden \u0161ek <\/li>\n<\/ul>\n\n\n\n<p><strong>Upozorn\u011bn\u00ed:<\/strong> P\u0159ihl\u00e1\u0161ka mus\u00ed b\u00fdt pod\u00e1na <strong>p\u0159ed zah\u00e1jen\u00edm vzd\u011bl\u00e1vac\u00edho programu a p\u0159ed vystaven\u00edm faktury.<\/strong> Fakturovat <strong>lze <\/strong>pouze programy dal\u0161\u00edho vzd\u011bl\u00e1v\u00e1n\u00ed, na kter\u00e9 v\u00e1m bylo <strong>schv\u00e1leno financov\u00e1n\u00ed <\/strong>. <\/p>\n\n\n\n<h6 class=\"wp-block-heading has-base-color has-text-color has-link-color wp-elements-3e9df2ee897e1b25fd40e04aa960afe6\">PS: \u010casto kladen\u00e9 ot\u00e1zky (FAQ) <a href=\"https:\/\/www.ffg.at\/skills-schecks-2026-frequently-asked-questions-faq\" target=\"_blank\" rel=\"noopener\">&gt; zU odpov\u011bdi<\/a><\/h6>\n<\/div>\n","protected":false},"excerpt":{"rendered":"<p>Bezpe\u010dn\u00fd za\u010d\u00e1tek programov\u00e1n\u00ed CNC &#8211; srozumiteln\u00fd, praktick\u00fd, okam\u017eit\u011b pou\u017eiteln\u00fd Od za\u010d\u00e1te\u010dn\u00edka k jist\u00e9mu u\u017eivateli CAM.Nau\u010dte se z\u00e1klady programov\u00e1n\u00ed CNC a CAM &#8211; od po\u010d\u00e1te\u010dn\u00ed orientace a\u017e po efektivn\u00ed vytv\u00e1\u0159en\u00ed obr\u00e1b\u011bc\u00edch strategi\u00ed pro 2D a 3D geometrie. Pro\u010d je toto \u0161kolen\u00ed kl\u00ed\u010dov\u00e9 Nedostatek z\u00e1kladn\u00edch znalost\u00ed vede k chyb\u00e1m, neefektivn\u00edm program\u016fm a zbyte\u010dn\u00fdm \u010dasov\u00fdm v\u00fddaj\u016fm.S pevn\u00fdmi z\u00e1klady [&hellip;]<\/p>\n","protected":false},"featured_media":23474,"parent":37261,"menu_order":1,"template":"","competence":[2780],"class_list":["post-38538","training_offer","type-training_offer","status-publish","has-post-thumbnail","hentry","competence-cam-cs"],"_links":{"self":[{"href":"https:\/\/www.westcam-group.com\/cs\/wp-json\/wp\/v2\/training_offer\/38538","targetHints":{"allow":["GET"]}}],"collection":[{"href":"https:\/\/www.westcam-group.com\/cs\/wp-json\/wp\/v2\/training_offer"}],"about":[{"href":"https:\/\/www.westcam-group.com\/cs\/wp-json\/wp\/v2\/types\/training_offer"}],"up":[{"embeddable":true,"href":"https:\/\/www.westcam-group.com\/cs\/wp-json\/wp\/v2\/training_offer\/37261"}],"wp:featuredmedia":[{"embeddable":true,"href":"https:\/\/www.westcam-group.com\/cs\/wp-json\/wp\/v2\/media\/23474"}],"wp:attachment":[{"href":"https:\/\/www.westcam-group.com\/cs\/wp-json\/wp\/v2\/media?parent=38538"}],"wp:term":[{"taxonomy":"competence","embeddable":true,"href":"https:\/\/www.westcam-group.com\/cs\/wp-json\/wp\/v2\/competence?post=38538"}],"curies":[{"name":"wp","href":"https:\/\/api.w.org\/{rel}","templated":true}]}}