{"id":33964,"date":"2024-05-22T15:33:02","date_gmt":"2024-05-22T13:33:02","guid":{"rendered":"https:\/\/www.westcam-group.com\/skupina-westcam\/"},"modified":"2026-08-18T09:29:03","modified_gmt":"2026-08-18T07:29:03","slug":"skupina-westcam","status":"publish","type":"page","link":"https:\/\/www.westcam-group.com\/cs\/o-firme\/skupina-westcam\/","title":{"rendered":"Skupina WESTCAM"},"content":{"rendered":"\n<div class=\"wp-block-webx-blocks-responsive-spacer\" style=\"--desktop-height:100px;--tablet-height:50px;--mobile-height:25px\"><\/div>\n\n<div class=\"wp-block-webx-blocks-westcam-hero alignfull ltr\"><div class=\"hero-image\" style=\"--aspect-ratio:4 \/ 1\"> <video src=\"https:\/\/www.westcam-group.com\/wp-content\/uploads\/2024\/09\/westcam-group-video-puzzle-kurz.mov\" alt=\"Selected Media\" autoplay loop muted><\/video><\/div><div class=\"hero-placeholder\"><\/div>\n<div class=\"wp-block-webx-blocks-westcam-hero-content hero-content\">\n<h4 class=\"wp-block-heading hero-subtitle is-style-westcamized\" style=\"margin-top:0;margin-right:0;margin-bottom:0;margin-left:0;padding-top:0;padding-right:0;padding-bottom:0;padding-left:0;text-transform:none\">&gt; NAVRHNI &gt; VYROB &gt; VYLEP\u0160I &gt;<\/h4>\n\n\n\n<h1 class=\"wp-block-heading hero-title\" style=\"margin-top:var(--wp--preset--spacing--10);margin-bottom:var(--wp--preset--spacing--10);padding-top:0;padding-right:0;padding-bottom:0;padding-left:0;font-size:clamp(2.418rem, 2.418rem + ((1vw - 0.2rem) * 2.251), 4.5rem);\">Westcam GROUP<\/h1>\n\n\n\n<h4 class=\"wp-block-heading\">4 spole\u010dnosti \u2013 jedno kr\u00e9do:<\/h4>\n\n\n\n<h1 class=\"wp-block-heading\"><span class=\"wow-text\">Know-WOW<\/span><\/h1>\n\n\n\n<p class=\"has-contrast-3-color has-text-color has-link-color has-medium-font-size wp-elements-1 wp-block-paragraph\">N\u00e1\u0161 slib: <strong>\u201e&gt; DESIGN &gt; MAKE &gt; IMPROVE &gt;\u201c<\/strong> \u2013 pro <strong>v\u00fdrobky a budovy<\/strong>. Od n\u00e1padu a <strong>n\u00e1vrhu<\/strong> p\u0159es konstrukci, <strong>v\u00fdrobu\/stavbu<\/strong> a\u017e po <strong>neust\u00e1l\u00e9 zlep\u0161ov\u00e1n\u00ed a <\/strong> <strong>udr\u017eiteln\u00e9 vyu\u017e\u00edv\u00e1n\u00ed<\/strong>. N\u00e1\u0161 styl: <strong><em>inspirativn\u00ed \u2013 zam\u011b\u0159en\u00fd na \u0159e\u0161en\u00ed<\/em><\/strong>.   N\u00e1stroje: <strong>software, hardware<\/strong>, <strong>slu\u017eby<\/strong> a <strong>\u0161kolen\u00ed <\/strong>.  <\/p>\n<\/div>\n<\/div>\n\n<div style=\"height:100px\" aria-hidden=\"true\" class=\"wp-block-spacer\"><\/div>\n\n<div class=\"wp-block-webx-blocks-westcam-hero alignfull rtl\"><div class=\"hero-image\" style=\"--aspect-ratio:4 \/ 1\"> <img decoding=\"async\" srcset=\"https:\/\/www.westcam-group.com\/wp-content\/uploads\/2024\/07\/westcam-zentrale-mils-tirol-austria-150x150.jpg 150w, https:\/\/www.westcam-group.com\/wp-content\/uploads\/2024\/07\/westcam-zentrale-mils-tirol-austria-300x208.jpg 300w, https:\/\/www.westcam-group.com\/wp-content\/uploads\/2024\/07\/westcam-zentrale-mils-tirol-austria-1024x710.jpg 1024w, https:\/\/www.westcam-group.com\/wp-content\/uploads\/2024\/07\/westcam-zentrale-mils-tirol-austria.jpg 1772w, https:\/\/www.westcam-group.com\/wp-content\/uploads\/2024\/07\/westcam-zentrale-mils-tirol-austria-1536x1065.jpg 1536w, https:\/\/www.westcam-group.com\/wp-content\/uploads\/2024\/07\/westcam-zentrale-mils-tirol-austria-1298x900.jpg 1298w, https:\/\/www.westcam-group.com\/wp-content\/uploads\/2024\/07\/westcam-zentrale-mils-tirol-austria-865x600.jpg 865w\" src=\"https:\/\/www.westcam-group.com\/wp-content\/uploads\/2024\/07\/westcam-zentrale-mils-tirol-austria.jpg\" alt=\"\"\/><\/div><div class=\"hero-placeholder\"><\/div>\n<div class=\"wp-block-group hero-content is-layout-flow wp-block-group-is-layout-flow\">\n<h2 class=\"wp-block-heading\">WESTCAM DATA TECHNOLOGY | (AT)<\/h2>\n\n\n\n<p class=\"wp-block-paragraph\">Spole\u010dnost WESTCAM ji\u017e t\u00e9m\u011b\u0159 \u010dty\u0159i desetilet\u00ed podporuje spole\u010dnosti, kter\u00e9 vyv\u00edjej\u00ed, vyr\u00e1b\u011bj\u00ed a zaji\u0161\u0165uj\u00ed kvalitu inovativn\u00edch v\u00fdrobk\u016f. Jsme partnerem pro realizaci komplexn\u00edho digit\u00e1ln\u00edho procesn\u00edho \u0159et\u011bzce. Od n\u00e1padu, n\u00e1vrhu a prototyp\u016f p\u0159es konstrukci, simulaci a v\u00fdrobu a\u017e po zaji\u0161t\u011bn\u00ed kvality \u2013 pomoc\u00ed softwaru, hardwaru, slu\u017eeb a \u0161kolen\u00ed.  <\/p>\n\n\n\n<h5 class=\"wp-block-heading is-style-westcamized\">V\u00e1\u0161 partner PRO:<\/h5>\n\n\n\n<p class=\"wp-block-paragraph\"><strong>CAD, konstrukce | 3D tisk | CAM, CNC | 3D m\u011b\u0159ic\u00ed technika | PDM, MES | Architektura a stavebnictv\u00ed | Hardware<\/strong><\/p>\n<\/div>\n<\/div>\n\n<div style=\"height:50px\" aria-hidden=\"true\" class=\"wp-block-spacer\"><\/div>\n\n<div class=\"wp-block-group has-global-padding is-layout-constrained wp-block-group-is-layout-constrained\">\n<div class=\"wp-block-webx-blocks-westcam-hero alignfull ltr\"><div class=\"hero-image\" style=\"--aspect-ratio:16 \/ 9\"> <img decoding=\"async\" srcset=\"https:\/\/www.westcam-group.com\/wp-content\/uploads\/2024\/07\/westcam-ag-1-150x150.jpg 150w, https:\/\/www.westcam-group.com\/wp-content\/uploads\/2024\/07\/westcam-ag-1-300x200.jpg 300w, https:\/\/www.westcam-group.com\/wp-content\/uploads\/2024\/07\/westcam-ag-1-1024x683.jpg 1024w, https:\/\/www.westcam-group.com\/wp-content\/uploads\/2024\/07\/westcam-ag-1.jpg 1920w, https:\/\/www.westcam-group.com\/wp-content\/uploads\/2024\/07\/westcam-ag-1-1536x1025.jpg 1536w, https:\/\/www.westcam-group.com\/wp-content\/uploads\/2024\/07\/westcam-ag-1-1349x900.jpg 1349w, https:\/\/www.westcam-group.com\/wp-content\/uploads\/2024\/07\/westcam-ag-1-899x600.jpg 899w\" src=\"https:\/\/www.westcam-group.com\/wp-content\/uploads\/2024\/07\/westcam-ag-1.jpg\" alt=\"\"\/><\/div><div class=\"hero-placeholder\"><\/div>\n<div class=\"wp-block-group hero-content is-layout-flow wp-block-group-is-layout-flow\">\n<h2 class=\"wp-block-heading has-text-align-left\">AUXALIA WESTCAM AG | (\u0160v\u00fdcarsko, Liechtenstein)<\/h2>\n\n\n\n<p class=\"wp-block-paragraph\">Od 1. srpna 2026 bude spole\u010dnost WESTCAM AG p\u016fsobit pod n\u00e1zvem <strong>auxalia WESTCAM AG<\/strong>. Pod nov\u00fdm n\u00e1zvem spojujeme na\u0161e osv\u011bd\u010den\u00e9 kompetence v oblasti <strong>designu, v\u00fdroby a zaji\u0161t\u011bn\u00ed kvality \u2013 <\/strong>se zvl\u00e1\u0161tn\u00edm zam\u011b\u0159en\u00edm na pr\u016fmyslovou 3D m\u011b\u0159ic\u00ed techniku \u2013 s komplexn\u00edm portfoliem pro <strong>architekturu, in\u017een\u00fdrstv\u00ed a stavebnictv\u00ed (AEC)<\/strong>. Spole\u010dn\u011b vytv\u00e1\u0159\u00edme integrovan\u00e9 digit\u00e1ln\u00ed procesy pro produkty a budovy. <strong>&gt; DESIGN &gt; MAKE &gt; IMPROVE<\/strong>. Jsme va\u0161\u00edm ofici\u00e1ln\u00edm <strong>certifikovan\u00fdm partnerem spole\u010dnosti ZEISS v oblasti metrologie pro Rakousko, \u0160v\u00fdcarsko a Lichten\u0161tejnsko<\/strong>.     <\/p>\n\n\n\n<h5 class=\"wp-block-heading is-style-westcamized\"><strong>V\u00e1\u0161 partner PRO:<\/strong> <\/h5>\n\n\n\n<p class=\"wp-block-paragraph\"><strong>3D m\u011b\u0159ic\u00ed technika | Architektura a stavebnictv\u00ed  <\/strong><br\/><\/p>\n<\/div>\n<\/div>\n\n\n\n<div style=\"height:50px\" aria-hidden=\"true\" class=\"wp-block-spacer\"><\/div>\n\n\n\n<div class=\"wp-block-webx-blocks-westcam-hero alignfull rtl\"><div class=\"hero-image\" style=\"--aspect-ratio:4 \/ 1\"> <img decoding=\"async\" srcset=\"https:\/\/www.westcam-group.com\/wp-content\/uploads\/2024\/07\/westcam-s-150x150.jpg 150w, https:\/\/www.westcam-group.com\/wp-content\/uploads\/2024\/07\/westcam-s-300x200.jpg 300w, https:\/\/www.westcam-group.com\/wp-content\/uploads\/2024\/07\/westcam-s-1024x683.jpg 1024w, https:\/\/www.westcam-group.com\/wp-content\/uploads\/2024\/07\/westcam-s.jpg 2000w, https:\/\/www.westcam-group.com\/wp-content\/uploads\/2024\/07\/westcam-s-1536x1025.jpg 1536w, https:\/\/www.westcam-group.com\/wp-content\/uploads\/2024\/07\/westcam-s-1349x900.jpg 1349w, https:\/\/www.westcam-group.com\/wp-content\/uploads\/2024\/07\/westcam-s-900x600.jpg 900w\" src=\"https:\/\/www.westcam-group.com\/wp-content\/uploads\/2024\/07\/westcam-s.jpg\" alt=\"\"\/><\/div><div class=\"hero-placeholder\"><\/div>\n<div class=\"wp-block-group hero-content is-layout-flow wp-block-group-is-layout-flow\">\n<h2 class=\"wp-block-heading hero-title\" style=\"margin-top:0;margin-bottom:15px\">WESTCAM S.R.O. | (CZ, SK)<\/h2>\n\n\n\n<p class=\"wp-block-paragraph\">Nad\u0161en\u00ed nezn\u00e1 hranic: Inovativn\u00ed firmy v <strong>\u010cesk\u00e9 republice<\/strong> a na <strong>Slovensku<\/strong> tak\u00e9 d\u016fv\u011b\u0159uj\u00ed na\u0161im odborn\u00fdm znalostem. Zam\u011b\u0159uj\u00ed se zde na optimalizaci v\u00fdrobn\u00edch proces\u016f d\u00edky v\u00fdkonn\u00fdm syst\u00e9m\u016fm CAD &amp; CAM a softwaru pro 3D tisk. Abyste v\u017edy vyu\u017eili pln\u00fd potenci\u00e1l syst\u00e9m\u016f, pod\u011bl\u00edme se s v\u00e1mi o na\u0161e odborn\u00e9 znalosti na pravideln\u00fdch \u0161kolen\u00edch.  <\/p>\n\n\n\n<h5 class=\"wp-block-heading is-style-westcamized\"><strong>V\u00e1\u0161 partner PRO:<\/strong> <\/h5>\n\n\n\n<p class=\"wp-block-paragraph\"><strong>CAD, konstrukce | CAM, CNC a MES | 3D tisk<\/strong><\/p>\n\n\n\n<p class=\"has-accent-2-color has-text-color has-link-color wp-elements-2 wp-block-paragraph\"><strong><span class=\"add-arrow\"><a href=\"https:\/\/www.westcam.cz\" target=\"_blank\" data-type=\"attachment\" data-id=\"19243\" rel=\"noreferrer noopener\">Na webov\u00e9 str\u00e1nky spole\u010dnosti WESTCAM s.r.o.<\/a><\/span><\/strong><\/p>\n<\/div>\n<\/div>\n\n\n\n<div style=\"height:50px\" aria-hidden=\"true\" class=\"wp-block-spacer\"><\/div>\n\n\n\n<div class=\"wp-block-webx-blocks-westcam-hero alignfull ltr\"><div class=\"hero-image\" style=\"--aspect-ratio:4 \/ 1\"> <img decoding=\"async\" srcset=\"https:\/\/www.westcam-group.com\/wp-content\/uploads\/2024\/07\/westcam-technologies-gmbh-150x150.jpg 150w, https:\/\/www.westcam-group.com\/wp-content\/uploads\/2024\/07\/westcam-technologies-gmbh-300x208.jpg 300w, https:\/\/www.westcam-group.com\/wp-content\/uploads\/2024\/07\/westcam-technologies-gmbh.jpg 500w\" src=\"https:\/\/www.westcam-group.com\/wp-content\/uploads\/2024\/07\/westcam-technologies-gmbh.jpg\" alt=\"\"\/><\/div><div class=\"hero-placeholder\"><\/div>\n<div class=\"wp-block-group hero-content is-layout-flow wp-block-group-is-layout-flow\">\n<h2 class=\"wp-block-heading\">WESTCAM TECHNOLOGIES | (AT)<\/h2>\n\n\n\n<p class=\"wp-block-paragraph\">Aktivn\u00ed po cel\u00e9m sv\u011bt\u011b se zam\u011b\u0159en\u00edm na pr\u016fmyslov\u00e9 zpracov\u00e1n\u00ed obrazu. Dopln\u011bno dlouholet\u00fdmi zku\u0161enostmi v oblasti automatizace inline a end-of-line (EoL) kontrol kvality na zku\u0161ebn\u00edm pracovi\u0161ti. Zpracov\u00e1n\u00ed obrazu pou\u017e\u00edv\u00e1me nap\u0159\u00edklad k detekci trhlin \u2013 proces je kontrolov\u00e1n a dokumentov\u00e1n. Portfolio slu\u017eeb dopl\u0148uje odborn\u00e1 oblast dent\u00e1ln\u00ed techniky. Na\u0161\u00edm domovem je cel\u00fd sv\u011bt \u2013 od Ji\u017en\u00ed Ameriky a\u017e po Asii \u2013 vyv\u00edj\u00edme a dod\u00e1v\u00e1me syst\u00e9mov\u00e1 \u0159e\u0161en\u00ed v\u0161ude tam, kde jsou pot\u0159eba.    <\/p>\n\n\n\n<h5 class=\"wp-block-heading is-style-westcamized\"><strong>V\u00e1\u0161 partner PRO:<\/strong> <\/h5>\n\n\n\n<p class=\"wp-block-paragraph\"><strong>Mechatronika, robotika | zpracov\u00e1n\u00ed obrazu | zubn\u00ed technika<\/strong><\/p>\n<\/div>\n<\/div>\n<\/div>\n\n<div class=\"wp-block-webx-blocks-grid has-base-color has-accent-2-background-color has-text-color has-background has-link-color wp-elements-3 is-layout-grid wp-container-webx-blocks-grid-is-layout-fe9a6511 wp-block-webx-blocks-grid-is-layout-grid\" style=\"border-style:none;border-width:0px;border-radius:0px;margin-top:0;margin-right:0;margin-bottom:0;margin-left:0;padding-top:var(--wp--preset--spacing--40);padding-right:var(--wp--preset--spacing--40);padding-bottom:var(--wp--preset--spacing--40);padding-left:var(--wp--preset--spacing--40);--grid-columns-desktop:3;--grid-columns-tablet:2;--grid-columns-mobile:1;background-image:url(&apos;https:\/\/www.westcam-group.com\/wp-content\/uploads\/2024\/04\/grid-bottom-right.webp&apos;);background-position:100% 100%;background-repeat:no-repeat;background-size:300px;\">\n<div class=\"wp-block-webx-blocks-grid-item is-layout-flow wp-block-webx-blocks-grid-item-is-layout-flow\" style=\"--grid-area-desktop:auto \/ auto \/ auto \/ auto;--grid-area-tablet:auto \/ auto \/ auto \/ auto;--grid-area-mobile:auto \/ auto \/ auto \/ auto\">\n<div class=\"wp-block-webx-blocks-fake-heading heading-h5 is-style-westcamized-white has-base-color has-text-color has-link-color wp-elements-4\" style=\"text-transform:none\">INFO<\/div>\n\n\n\n<div class=\"wp-block-webx-blocks-fake-heading heading-h3 has-base-color has-text-color has-link-color wp-elements-5\"><strong>Portfolio WESTCAM<\/strong><\/div>\n<\/div>\n\n\n\n<div class=\"wp-block-webx-blocks-grid-item has-text-align-center is-layout-flow wp-block-webx-blocks-grid-item-is-layout-flow\" style=\"--grid-area-desktop:auto \/ auto \/ auto \/ auto;--grid-area-tablet:auto \/ auto \/ auto \/ auto;--grid-area-mobile:auto \/ auto \/ auto \/ auto\">\n<div class=\"wp-block-webx-blocks-fake-heading heading-h5 has-text-align-left has-base-color has-text-color has-link-color wp-elements-6\"><strong>VIDEO 2026<\/strong> <\/div>\n\n\n\n<p class=\"has-text-align-left wp-block-paragraph\"><a href=\"https:\/\/www.youtube.com\/watch?v=8qfVgM4yRL0&amp;feature=youtu.be\" target=\"_blank\" rel=\"noopener\">&gt;  Odkaz (2:30 min.)<\/a><\/p>\n<\/div>\n\n\n\n<div class=\"wp-block-webx-blocks-grid-item is-layout-flow wp-block-webx-blocks-grid-item-is-layout-flow\" style=\"--grid-area-desktop:auto \/ auto \/ auto \/ auto;--grid-area-tablet:auto \/ auto \/ auto \/ auto;--grid-area-mobile:auto \/ auto \/ auto \/ auto\">\n<div class=\"wp-block-webx-blocks-fake-heading heading-h5 has-text-align-left has-base-color has-text-color has-link-color wp-elements-7\"><strong><strong>BRO\u017dURA <\/strong><\/strong>2026<\/div>\n\n\n\n<div class=\"wp-block-group is-nowrap is-layout-flex wp-container-core-group-is-layout-3a88641f wp-block-group-is-layout-flex\">\n<p class=\"wp-block-paragraph\"><a href=\"https:\/\/www.westcam-group.com\/wp-content\/uploads\/2026\/01\/WESTCAM-Know-WOW-Technologies-2026-Broschuere-DE.pdf\" target=\"_blank\" rel=\"noreferrer noopener\">&gt;  St\u00e1hnout (pdf.)<\/a><\/p>\n<\/div>\n<\/div>\n<\/div>\n\n<div style=\"height:100px\" aria-hidden=\"true\" class=\"wp-block-spacer\"><\/div>\n\n<div class=\"wp-block-media-text is-stacked-on-mobile\"><figure class=\"wp-block-media-text__media\"><img loading=\"lazy\" decoding=\"async\" width=\"1024\" height=\"683\" src=\"https:\/\/www.westcam-group.com\/wp-content\/uploads\/2026\/07\/DESIGN-MAKE-IMPROVE-WESTCAM-Group-FINAL-1024x683.png\" alt=\"\" class=\"wp-image-51577 size-full\" srcset=\"https:\/\/www.westcam-group.com\/wp-content\/uploads\/2026\/07\/DESIGN-MAKE-IMPROVE-WESTCAM-Group-FINAL-1024x683.png 1024w, https:\/\/www.westcam-group.com\/wp-content\/uploads\/2026\/07\/DESIGN-MAKE-IMPROVE-WESTCAM-Group-FINAL-300x200.png 300w, https:\/\/www.westcam-group.com\/wp-content\/uploads\/2026\/07\/DESIGN-MAKE-IMPROVE-WESTCAM-Group-FINAL-768x512.png 768w, https:\/\/www.westcam-group.com\/wp-content\/uploads\/2026\/07\/DESIGN-MAKE-IMPROVE-WESTCAM-Group-FINAL-1350x900.png 1350w, https:\/\/www.westcam-group.com\/wp-content\/uploads\/2026\/07\/DESIGN-MAKE-IMPROVE-WESTCAM-Group-FINAL-900x600.png 900w, https:\/\/www.westcam-group.com\/wp-content\/uploads\/2026\/07\/DESIGN-MAKE-IMPROVE-WESTCAM-Group-FINAL.png 1536w\" sizes=\"auto, (max-width: 1024px) 100vw, 1024px\" \/><\/figure><div class=\"wp-block-media-text__content\">\n<h2 class=\"wp-block-heading has-text-align-left\">&gt; DESIGN &gt; V\u00ddROBA &gt; ZLEP\u0160OV\u00c1N\u00cd &gt;<\/h2>\n\n\n\n<h5 class=\"wp-block-heading\">N\u00e1\u0161 slib, kter\u00fd v\u00e1m d\u00e1v\u00e1me<\/h5>\n\n\n\n<p class=\"wp-block-paragraph\">Skupina WESTCAM Group doprov\u00e1z\u00ed podniky po cel\u00e9 d\u00e9lce digit\u00e1ln\u00edho hodnotov\u00e9ho \u0159et\u011bzce \u2013 od prvotn\u00edho n\u00e1padu a\u017e po pr\u016fb\u011b\u017enou optimalizaci. Spole\u010dn\u011b s auxali\u00ed propojujeme <strong>oblasti architektury, in\u017een\u00fdrstv\u00ed a stavebnictv\u00ed (AEC)<\/strong> s <strong>designem, v\u00fdrobou a kvalitou (DMQ)<\/strong> do ucelen\u00e9ho <strong>digit\u00e1ln\u00edho hodnotov\u00e9ho cyklu<\/strong>.   <\/p>\n\n\n\n<p class=\"wp-block-paragraph\"><strong>DESIGN<\/strong> vytv\u00e1\u0159\u00ed digit\u00e1ln\u00ed z\u00e1klad \u2013 pomoc\u00ed CAD, spr\u00e1vy produktov\u00fdch dat (PDM) a digit\u00e1ln\u00edch proces\u016f pl\u00e1nov\u00e1n\u00ed.<\/p>\n\n\n\n<p class=\"wp-block-paragraph\"><strong>MAKE<\/strong> propojuje pl\u00e1nov\u00e1n\u00ed a v\u00fdrobu \u2013 od CAM\/CNC a aditivn\u00ed v\u00fdroby p\u0159es MES a\u017e po robotiku a automatizaci.<\/p>\n\n\n\n<p class=\"wp-block-paragraph\"><strong>IMPROVE<\/strong> uzav\u00edr\u00e1 cyklus \u2013 pomoc\u00ed 3D m\u011b\u0159ic\u00ed techniky, zpracov\u00e1n\u00ed obrazu a zaji\u0161t\u011bn\u00ed kvality zalo\u017een\u00e9ho na datech. Zku\u0161enosti z re\u00e1ln\u00e9ho provozu se p\u0159\u00edmo prom\u00edtaj\u00ed do dal\u0161\u00ed generace produkt\u016f a projekt\u016f. <\/p>\n\n\n\n<p class=\"wp-block-paragraph\"><strong>Uva\u017eujeme v r\u00e1mci integrovan\u00fdch digit\u00e1ln\u00edch proces\u016f a vytv\u00e1\u0159\u00edme trvalou p\u0159idanou hodnotu po celou dobu \u017eivotn\u00edho cyklu produkt\u016f a budov.<\/strong><\/p>\n<\/div><\/div>\n\n<div class=\"wp-block-webx-blocks-grid is-layout-grid wp-container-webx-blocks-grid-is-layout-e39da43a wp-block-webx-blocks-grid-is-layout-grid\" style=\"--grid-columns-desktop:3;--grid-columns-tablet:2;--grid-columns-mobile:1\"><\/div>\n\n<p class=\"wp-block-paragraph\"><\/p>\n","protected":false},"excerpt":{"rendered":"<p>&gt; DESIGN &gt; V\u00ddROBA &gt; ZLEP\u0160OV\u00c1N\u00cd &gt; N\u00e1\u0161 slib, kter\u00fd v\u00e1m d\u00e1v\u00e1me Skupina WESTCAM Group doprov\u00e1z\u00ed podniky po cel\u00e9 d\u00e9lce digit\u00e1ln\u00edho hodnotov\u00e9ho \u0159et\u011bzce \u2013 od prvotn\u00edho n\u00e1padu a\u017e po pr\u016fb\u011b\u017enou optimalizaci. Spole\u010dn\u011b s auxali\u00ed propojujeme oblasti architektury, in\u017een\u00fdrstv\u00ed a stavebnictv\u00ed (AEC) s designem, v\u00fdrobou a kvalitou (DMQ) do ucelen\u00e9ho digit\u00e1ln\u00edho hodnotov\u00e9ho cyklu. DESIGN vytv\u00e1\u0159\u00ed digit\u00e1ln\u00ed [&hellip;]<\/p>\n","protected":false},"author":2,"featured_media":0,"parent":34024,"menu_order":0,"comment_status":"closed","ping_status":"closed","template":"page-no-title","meta":{"content-type":"","footnotes":""},"class_list":["post-33964","page","type-page","status-publish","hentry"],"_links":{"self":[{"href":"https:\/\/www.westcam-group.com\/cs\/wp-json\/wp\/v2\/pages\/33964","targetHints":{"allow":["GET"]}}],"collection":[{"href":"https:\/\/www.westcam-group.com\/cs\/wp-json\/wp\/v2\/pages"}],"about":[{"href":"https:\/\/www.westcam-group.com\/cs\/wp-json\/wp\/v2\/types\/page"}],"author":[{"embeddable":true,"href":"https:\/\/www.westcam-group.com\/cs\/wp-json\/wp\/v2\/users\/2"}],"replies":[{"embeddable":true,"href":"https:\/\/www.westcam-group.com\/cs\/wp-json\/wp\/v2\/comments?post=33964"}],"version-history":[{"count":11,"href":"https:\/\/www.westcam-group.com\/cs\/wp-json\/wp\/v2\/pages\/33964\/revisions"}],"predecessor-version":[{"id":56015,"href":"https:\/\/www.westcam-group.com\/cs\/wp-json\/wp\/v2\/pages\/33964\/revisions\/56015"}],"up":[{"embeddable":true,"href":"https:\/\/www.westcam-group.com\/cs\/wp-json\/wp\/v2\/pages\/34024"}],"wp:attachment":[{"href":"https:\/\/www.westcam-group.com\/cs\/wp-json\/wp\/v2\/media?parent=33964"}],"curies":[{"name":"wp","href":"https:\/\/api.w.org\/{rel}","templated":true}]}}