{"id":33948,"date":"2024-04-25T08:36:56","date_gmt":"2024-04-25T06:36:56","guid":{"rendered":"https:\/\/www.westcam-group.com\/prohlaseni-o-poslani\/"},"modified":"2026-04-21T12:08:46","modified_gmt":"2026-04-21T10:08:46","slug":"prohlaseni-o-poslani","status":"publish","type":"page","link":"https:\/\/www.westcam-group.com\/cs\/akademie\/prohlaseni-o-poslani\/","title":{"rendered":"Prohl\u00e1\u0161en\u00ed o posl\u00e1n\u00ed"},"content":{"rendered":"\n<div class=\"wp-block-webx-blocks-responsive-spacer\" style=\"--desktop-height:50px;--tablet-height:50px;--mobile-height:25px\"><\/div>\n\n<div class=\"wp-block-webx-blocks-westcam-hero alignfull ltr\"><div class=\"hero-image\" style=\"--aspect-ratio:4 \/ 1\"> <img decoding=\"async\" srcset=\"https:\/\/www.westcam-group.com\/wp-content\/uploads\/2024\/10\/westcam-academy-leitbild-150x150.jpeg 150w, https:\/\/www.westcam-group.com\/wp-content\/uploads\/2024\/10\/westcam-academy-leitbild-300x168.jpeg 300w, https:\/\/www.westcam-group.com\/wp-content\/uploads\/2024\/10\/westcam-academy-leitbild-1024x574.jpeg 1024w, https:\/\/www.westcam-group.com\/wp-content\/uploads\/2024\/10\/westcam-academy-leitbild.jpeg 1920w, https:\/\/www.westcam-group.com\/wp-content\/uploads\/2024\/10\/westcam-academy-leitbild-1536x861.jpeg 1536w, https:\/\/www.westcam-group.com\/wp-content\/uploads\/2024\/10\/westcam-academy-leitbild-1606x900.jpeg 1606w, https:\/\/www.westcam-group.com\/wp-content\/uploads\/2024\/10\/westcam-academy-leitbild-1071x600.jpeg 1071w\" src=\"https:\/\/www.westcam-group.com\/wp-content\/uploads\/2024\/10\/westcam-academy-leitbild.jpeg\" alt=\"\"\/><\/div><div class=\"hero-placeholder\"><\/div>\n<div class=\"wp-block-webx-blocks-westcam-hero-content hero-content\">\n<h4 class=\"wp-block-heading hero-subtitle is-style-westcamized\" style=\"margin-top:0;margin-right:0;margin-bottom:0;margin-left:0;padding-top:0;padding-right:0;padding-bottom:0;padding-left:0;text-transform:none\">AKADEMIE WESTCAM<\/h4>\n\n\n\n<h2 class=\"wp-block-heading hero-title\" style=\"margin-top:var(--wp--preset--spacing--10);margin-bottom:var(--wp--preset--spacing--10);padding-top:0;padding-right:0;padding-bottom:0;padding-left:0;font-size:clamp(2.418rem, 2.418rem + ((1vw - 0.2rem) * 2.251), 4.5rem);\">Prohl\u00e1\u0161en\u00ed o posl\u00e1n\u00ed<strong> <\/strong><\/h2>\n\n\n\n<p class=\"has-accent-color has-text-color has-link-color has-x-large-font-size wp-elements-e858c2561c6578b860e29c211029c857\"><em><strong>&#8222;V\u00edce Know-WOW pro v\u00e1s!&#8220;<\/strong><\/em><\/p>\n\n\n\n<p class=\"has-medium-font-size\">Na\u0161e znalosti pat\u0159\u00ed i v\u00e1m!<\/p>\n<\/div>\n<\/div>\n\n<div style=\"height:100px\" aria-hidden=\"true\" class=\"wp-block-spacer\"><\/div>\n\n<div class=\"wp-block-group has-global-padding is-layout-constrained wp-block-group-is-layout-constrained\">\n<h2 class=\"wp-block-heading is-style-default\">N\u00c1\u0160 P\u0158\u00cdSLIB<\/h2>\n\n\n\n<p>Na\u0161\u00edm c\u00edlem je prom\u011bnit va\u0161e technick\u00e9 \u0161kolen\u00ed v <strong>Know-WOW z\u00e1\u017eitek<\/strong>! Symbi\u00f3za <strong>Know-how<\/strong> a <strong>Wow efektu<\/strong>. Krom\u011b p\u0159ed\u00e1v\u00e1n\u00ed <strong>p\u0159\u00edslu\u0161n\u00e9ho obsahu znalost\u00ed<\/strong> (odbornosti ) s v\u00e1mi sd\u00edl\u00edme na\u0161e &#8222;<strong>nad\u0161en\u00ed pro technologie s budoucnost\u00ed<\/strong>&#8220; (wow efekt).  <\/p>\n\n\n\n<p>Va\u0161e <strong>\u0161kolen\u00ed a dal\u0161\u00ed vzd\u011bl\u00e1v\u00e1n\u00ed<\/strong> tak z\u00edsk\u00e1 <strong>trvalou p\u0159idanou hodnotu<\/strong>!<\/p>\n\n\n\n<p>Na\u0161e my\u0161len\u00ed a jedn\u00e1n\u00ed se vyzna\u010duje <strong>holistick\u00fdm p\u0159\u00edstupem <\/strong>. T\u00edmto zp\u016fsobem si i vy vytvo\u0159\u00edte <strong>holistick\u00e9 ch\u00e1p\u00e1n\u00ed<\/strong>, kter\u00e9 p\u0159esahuje p\u0159\u00edm\u00e9 specializovan\u00e9 znalosti. V budoucnu budete sn\u00e1ze posuzovat situace v jejich celkov\u00e9 komplexnosti a uvid\u00edte &#8222;<strong>celkov\u00fd obraz<\/strong>&#8222;. Souhrn v\u0161ech v\u00fd\u0161e uveden\u00fdch v\u00fdhod akademie WESTCAM bude p\u0159\u00ednosem pro v\u00e1s osobn\u011b i pro va\u0161i spole\u010dnost.   <\/p>\n\n\n\n<div class=\"wp-block-webx-blocks-responsive-spacer\" style=\"--desktop-height:100px;--tablet-height:50px;--mobile-height:25px\"><\/div>\n\n\n\n<h2 class=\"wp-block-heading is-style-default\">VA\u0160E P\u0158IDAN\u00c1 HODNOTA<\/h2>\n\n\n\n<p>Kombinujeme to nejlep\u0161\u00ed z obou sv\u011bt\u016f, aby se va\u0161e \u0161kolen\u00ed stalo z\u00e1\u017eitkem Know-WOW:<\/p>\n\n\n\n<h3 class=\"wp-block-heading\" style=\"text-transform:capitalize\">Na\u0161i \u0161kolitel\u00e9 | &#8222;inspiruj\u00edc\u00ed&#8220;<strong><\/strong><\/h3>\n\n\n\n<p>P\u0159ibli\u017en\u011b dvacet na\u0161ich \u0161kolitel\u016f jsou odborn\u00edci ve sv\u00e9m oboru. D\u00edky ka\u017edodenn\u00ed pr\u00e1ci s technologiemi jsou technicky zdatn\u00ed a v\u017edy la\u010dn\u00ed po \u0159e\u0161en\u00edch z\u00edt\u0159ka. Z oboru &#8211; pro obor. Tyto zku\u0161enosti ve spojen\u00ed s touhou po nov\u00fdch v\u011bcech tvo\u0159\u00ed &#8222;dobr\u00e9ho ducha&#8220; spole\u010dnosti WESTCAM. Inspirov\u00e1ni t\u00edmto &#8222;duchem&#8220; je na\u0161\u00edm deklarovan\u00fdm c\u00edlem &#8222;inspirovat&#8220; v\u00e1s jako \u00fa\u010dastn\u00edky \u0161kolen\u00ed! Krom\u011b p\u0159ed\u00e1v\u00e1n\u00ed solidn\u00edch odborn\u00fdch znalost\u00ed je proto pro n\u00e1s d\u016fle\u017eit\u00e9, aby se va\u0161e \u0161kolen\u00ed stalo inspirativn\u00edm z\u00e1\u017eitkem!    <br\/><\/p>\n\n\n\n<h3 class=\"wp-block-heading\" style=\"text-transform:capitalize\">Na\u0161e technologie | &#8222;siln\u00e9 \u0159e\u0161en\u00ed&#8220;<strong><\/strong><\/h3>\n\n\n\n<p>Ji\u017e 30 let se zasazujeme o technologie s budoucnost\u00ed. Na\u0161e syst\u00e9mov\u00e1 \u0159e\u0161en\u00ed zvy\u0161uj\u00ed efektivitu v\u00fdvoje a v\u00fdroby produkt\u016f. Pln\u00fd potenci\u00e1l technologi\u00ed v\u0161ak lze vyu\u017e\u00edt pouze s dob\u0159e vy\u0161kolen\u00fdmi zam\u011bstnanci. Umo\u017en\u00edme v\u00e1m a va\u0161emu t\u00fdmu z\u00edskat specifick\u00e9 znalosti a praktick\u00e9 tipy a triky, abyste z technologi\u00ed vyt\u011b\u017eili maximum. Pro n\u00e1\u0161 vlastn\u00ed t\u00fdm WESTCAM plat\u00ed kr\u00e9do &#8222;stagnace = regrese&#8220;. Proto nestoj\u00edme na m\u00edst\u011b a neust\u00e1le se d\u00e1le rozv\u00edj\u00edme, \u010d\u00edm\u017e v\u00e1m umo\u017e\u0148ujeme realizovat efektivn\u00ed \u0161kolic\u00ed programy.     <br\/><\/p>\n\n\n\n<h3 class=\"wp-block-heading\" style=\"text-transform:capitalize\">Na\u0161e didaktika | &#8222;clear &amp; exemplary&#8220;<strong><\/strong><\/h3>\n\n\n\n<p>Na\u0161\u00edm c\u00edlem je zprost\u0159edkovat v\u00e1m slo\u017eit\u00fd technologick\u00fd obsah srozumiteln\u00fdm a p\u016fsobiv\u00fdm zp\u016fsobem. P\u0159itom v\u017edy jedn\u00e1me jako rovn\u00fd s rovn\u00fdm a vysoce si cen\u00edme v\u00fdm\u011bny zku\u0161enost\u00ed s v\u00e1mi. Neust\u00e1le pracujeme na optimalizaci na\u0161ich \u0161kolic\u00edch program\u016f, abychom v\u00e1m usnadnili vst\u0159eb\u00e1v\u00e1n\u00ed obsahu.  <\/p>\n\n\n\n<div class=\"wp-block-webx-blocks-responsive-spacer\" style=\"--desktop-height:100px;--tablet-height:50px;--mobile-height:25px\"><\/div>\n\n\n\n<h2 class=\"wp-block-heading is-style-default\" id=\"qualitaet\">\u017dIVOTN\u00cd HODNOTY<\/h2>\n\n\n\n<p>Na\u0161e posl\u00e1n\u00ed popisuje zp\u016fsob, jak\u00fdm s v\u00e1mi komunikujeme jako partne\u0159i i intern\u011b, a p\u0159\u00edstup, s n\u00edm\u017e p\u0159istupujeme ke sv\u00e9 pr\u00e1ci:<\/p>\n\n\n\n<h3 class=\"wp-block-heading\" style=\"text-transform:capitalize\">Kvalita a dokonalost<\/h3>\n\n\n\n<p>Soust\u0159ed\u00edme se na to podstatn\u00e9 a v\u017edy se sna\u017e\u00edme o neust\u00e1l\u00fd rozvoj a optimalizaci na\u0161ich v\u00fdsledk\u016f. Z tohoto d\u016fvodu pravideln\u011b p\u0159ezkoum\u00e1v\u00e1me na\u0161e programy, \u0161kolitele a intern\u00ed procesy v r\u00e1mci \u0159\u00edzen\u00ed kvality (Quality Austria, ISO 9001:2015). <\/p>\n\n\n\n<p><a href=\"https:\/\/oe-cert.at\/qualitaetsanbieter\/1189-westcam-datentechnik-gmbh-westcam-academy.php\" target=\"_blank\" rel=\"noreferrer noopener\">WESTCAM spl\u0148uje<\/a> p\u0159\u00edsn\u00e1 <strong>krit\u00e9ria kvality<\/strong> <strong>\u00d6-CERT v<\/strong> oblasti <strong>vzd\u011bl\u00e1v\u00e1n\u00ed dosp\u011bl\u00fdch<\/strong>. V t\u00e9to souvislosti m\u016f\u017eete vyu\u017e\u00edvat dotovan\u00e9 vzd\u011bl\u00e1vac\u00ed programy a programy dal\u0161\u00edho vzd\u011bl\u00e1v\u00e1n\u00ed. Jsme tak\u00e9 autorizov\u00e1ni <strong>spole\u010dnost\u00ed AUTODESK jako<\/strong> ofici\u00e1ln\u00ed <strong>\u0161kolic\u00ed st\u0159edisko<\/strong>.  <\/p>\n\n\n\n<div class=\"wp-block-webx-blocks-responsive-spacer\" style=\"--desktop-height:50px;--tablet-height:50px;--mobile-height:25px\"><\/div>\n\n\n\n<div class=\"wp-block-webx-blocks-grid is-layout-grid wp-container-webx-blocks-grid-is-layout-478b6e6b wp-block-webx-blocks-grid-is-layout-grid\" style=\"--grid-columns-desktop:4;--grid-columns-tablet:2;--grid-columns-mobile:1\">\n<div class=\"wp-block-webx-blocks-grid-item is-vertically-aligned-center is-layout-flow wp-block-webx-blocks-grid-item-is-layout-flow\" style=\"--grid-area-desktop:auto \/ auto \/ auto \/ auto;--grid-area-tablet:auto \/ auto \/ auto \/ auto;--grid-area-mobile:auto \/ auto \/ auto \/ auto\">\n<div class=\"wp-block-webx-blocks-grid-item is-layout-flow wp-block-webx-blocks-grid-item-is-layout-flow\" style=\"padding-top:var(--wp--preset--spacing--10);padding-right:var(--wp--preset--spacing--10);padding-bottom:var(--wp--preset--spacing--10);padding-left:var(--wp--preset--spacing--10);--grid-area-desktop:auto \/ auto \/ auto \/ auto;--grid-area-tablet:auto \/ auto \/ auto \/ auto;--grid-area-mobile:auto \/ auto \/ auto \/ auto\">\n<div class=\"wp-block-file\"><a id=\"wp-block-file--media-dd5d6520-f8f6-4d3e-95ad-c48a929b7baa\" href=\"https:\/\/www.westcam-group.com\/wp-content\/uploads\/2024\/10\/Oe-Cert-Zertifikat-WESTCAM-ACADEMY-2024-2027.pdf\" target=\"_blank\" rel=\"noreferrer noopener\">\u00d6-Cert-Zertifikat-WESTCAM-ACADEMY-2024-2027<\/a><\/div>\n<\/div>\n<\/div>\n\n\n\n<div class=\"wp-block-webx-blocks-grid-item is-vertically-aligned-center is-layout-flow wp-block-webx-blocks-grid-item-is-layout-flow\" style=\"--grid-area-desktop:auto \/ auto \/ auto \/ auto;--grid-area-tablet:auto \/ auto \/ auto \/ auto;--grid-area-mobile:auto \/ auto \/ auto \/ auto\">\n<figure class=\"wp-block-image size-full\"><img loading=\"lazy\" decoding=\"async\" width=\"300\" height=\"109\" src=\"https:\/\/www.westcam-group.com\/wp-content\/uploads\/2024\/05\/oecert.jpg\" alt=\"\" class=\"wp-image-6651\"\/><\/figure>\n<\/div>\n\n\n\n<div class=\"wp-block-webx-blocks-grid-item is-vertically-aligned-center is-layout-flow wp-block-webx-blocks-grid-item-is-layout-flow\" style=\"--grid-area-desktop:auto \/ auto \/ auto \/ auto;--grid-area-tablet:auto \/ auto \/ auto \/ auto;--grid-area-mobile:auto \/ auto \/ auto \/ auto\">\n<div class=\"wp-block-webx-blocks-grid-item is-vertically-aligned-center is-layout-flow wp-block-webx-blocks-grid-item-is-layout-flow\" style=\"padding-top:var(--wp--preset--spacing--10);padding-right:var(--wp--preset--spacing--10);padding-bottom:var(--wp--preset--spacing--10);padding-left:var(--wp--preset--spacing--10);--grid-area-desktop:auto \/ auto \/ auto \/ auto;--grid-area-tablet:auto \/ auto \/ auto \/ auto;--grid-area-mobile:auto \/ auto \/ auto \/ auto\">\n<div class=\"wp-block-file\"><a id=\"wp-block-file--media-9f9bf356-ba79-4da5-b8a2-f1aba3e21fe7\" href=\"https:\/\/www.westcam-group.com\/wp-content\/uploads\/2024\/05\/westcam-autodesk-authorised-training-center-2024-2025.pdf\" target=\"_blank\" rel=\"noreferrer noopener\">westcam-autodesk-autorizovan\u00e9-\u0161kol\u00edc\u00ed-centrum-2024-2025<\/a><\/div>\n<\/div>\n<\/div>\n\n\n\n<div class=\"wp-block-webx-blocks-grid-item is-vertically-aligned-center is-layout-flow wp-block-webx-blocks-grid-item-is-layout-flow\" style=\"--grid-area-desktop:auto \/ auto \/ auto \/ auto;--grid-area-tablet:auto \/ auto \/ auto \/ auto;--grid-area-mobile:auto \/ auto \/ auto \/ auto\">\n<figure class=\"wp-block-image size-full is-resized\"><img loading=\"lazy\" decoding=\"async\" width=\"169\" height=\"52\" src=\"https:\/\/www.westcam-group.com\/wp-content\/uploads\/2024\/05\/autodesk-training-center.jpg\" alt=\"\" class=\"wp-image-6648\" style=\"width:272px;height:auto\"\/><\/figure>\n<\/div>\n<\/div>\n\n\n\n<div class=\"wp-block-webx-blocks-responsive-spacer\" style=\"--desktop-height:50px;--tablet-height:50px;--mobile-height:25px\"><\/div>\n\n\n\n<p>Zvl\u00e1\u0161t\u011b d\u016fle\u017eit\u00e9 je pro n\u00e1s aktivn\u011b zaznamen\u00e1vat o\u010dek\u00e1v\u00e1n\u00ed \u00fa\u010dastn\u00edk\u016f a jejich zp\u011btnou vazbu. Tato hodnocen\u00ed n\u00e1m pom\u00e1haj\u00ed neust\u00e1le zlep\u0161ovat obsah a procesy. <\/p>\n\n\n\n<h3 class=\"wp-block-heading\" style=\"text-transform:capitalize\">Partnerstv\u00ed<\/h3>\n\n\n\n<p>Partnerstv\u00ed, t\u00fdmov\u00e1 pr\u00e1ce a vz\u00e1jemn\u00e9 porozum\u011bn\u00ed jsou z\u00e1kladem na\u0161\u00ed kultury, a to jak intern\u011b, tak ve spolupr\u00e1ci s v\u00e1mi jako na\u0161imi obchodn\u00edmi partnery.<br\/><\/p>\n\n\n\n<h3 class=\"wp-block-heading\" style=\"text-transform:capitalize\">Otev\u0159enost<\/h3>\n\n\n\n<p>K nov\u00fdm v\u00fdzv\u00e1m a \u00fakol\u016fm p\u0159istupujeme s odhodl\u00e1n\u00edm a nad\u0161en\u00edm a vn\u00edm\u00e1me je jako p\u0159\u00edle\u017eitost k dal\u0161\u00edmu rozvoji. S nad\u0161en\u00edm pracujeme s nov\u00fdmi technologiemi a kontakt s lidmi z r\u016fzn\u00fdch kultur obohacuje na\u0161i pr\u00e1ci. <br\/><\/p>\n\n\n\n<h3 class=\"wp-block-heading\" style=\"text-transform:capitalize\">Zm\u011bna<\/h3>\n\n\n\n<p>Rychl\u00fd technologick\u00fd pokrok vy\u017eaduje neust\u00e1l\u00e9 roz\u0161i\u0159ov\u00e1n\u00ed a p\u0159izp\u016fsobov\u00e1n\u00ed na\u0161\u00ed osobn\u00ed a odborn\u00e9 kvalifikace. Zm\u011bnu pova\u017eujeme za jedinou konstantu, a proto je pro n\u00e1s celo\u017eivotn\u00ed vzd\u011bl\u00e1v\u00e1n\u00ed \u00fast\u0159edn\u00edm bodem. To n\u00e1m umo\u017e\u0148uje dr\u017eet krok se zm\u011bnami. V\u00fdzvy budoucnosti \u0159e\u0161\u00edme s jistotou, znalostmi a odbornost\u00ed!   <\/p>\n\n\n\n<p><\/p>\n\n\n\n<h3 class=\"wp-block-heading\" style=\"text-transform:capitalize\">Diskr\u00e9tnost<\/h3>\n\n\n\n<p>Jsme si v\u011bdomi toho, \u017ee znalosti a data pat\u0159\u00ed v dne\u0161n\u00edch firm\u00e1ch k nejcenn\u011bj\u0161\u00edm faktor\u016fm. Pe\u010dliv\u00e9 zach\u00e1zen\u00ed s t\u011bmito faktory a absolutn\u00ed d\u016fv\u011brnost v\u016f\u010di t\u0159et\u00edm stran\u00e1m jsou v na\u0161\u00ed pr\u00e1ci samoz\u0159ejmost\u00ed. <\/p>\n<\/div>\n\n<div class=\"wp-block-webx-blocks-responsive-spacer\" style=\"--desktop-height:100px;--tablet-height:50px;--mobile-height:25px\"><\/div>\n\n<h4 class=\"wp-block-heading\">R\u00e1di jsme tu pro v\u00e1s<\/h4>\n<div class=\"wp-block-webx-blocks-westcam-employee-display\">\n    <div class=\"employee-image\">\n        <img decoding=\"async\" src=\"https:\/\/www.westcam-group.com\/wp-content\/uploads\/2024\/10\/michael-moritz-westcam-group-300x300.jpg\" alt=Michael Moritz \/>\n    <\/div>\n    <div class=\"employee-info\">\n        <div class=\"heading-h3\">Michael Moritz<\/div>\n        <div class=\"heading-h5 is-style-westcamized\">Vedouc\u00ed akademie WESTCAM<\/div>\n    <\/div>\n    <div class=\"employee-social\">\n        <div class=\"icons\">\n                        <a href=https:\/\/www.linkedin.com\/in\/michael-moritz\/ title=\"Michael Moritz on linkedIn\"\n                target=\"_blank\" rel=\"noopener noreferrer\">\n                <?xml version=\"1.0\" encoding=\"UTF-8\" standalone=\"no\"?>\n                <!DOCTYPE svg PUBLIC \"-\/\/W3C\/\/DTD SVG 1.1\/\/EN\" \"http:\/\/www.w3.org\/Graphics\/SVG\/1.1\/DTD\/svg11.dtd\"><svg\n                    width=\"100%\" height=\"100%\" viewBox=\"0 0 248 204\" version=\"1.1\" xmlns=\"http:\/\/www.w3.org\/2000\/svg\"\n                    xmlns:xlink=\"http:\/\/www.w3.org\/1999\/xlink\" xml:space=\"preserve\" xmlns:serif=\"http:\/\/www.serif.com\/\"\n                    style=\"fill-rule:evenodd;clip-rule:evenodd;stroke-linejoin:round;stroke-miterlimit:2;\">\n                    <path\n                        d=\"M226,204l-41.916,0l0,-71.392c0,-19.573 -7.437,-30.512 -22.93,-30.512c-16.854,0 -25.659,11.383 -25.659,30.512l-0,71.392l-40.395,0l-0,-136l40.395,-0l-0,18.319c-0,0 12.146,-22.474 41.006,-22.474c28.847,-0 49.499,17.616 49.499,54.048l0,86.107Zm-179.091,-153.808c-13.759,-0 -24.909,-11.237 -24.909,-25.096c0,-13.859 11.15,-25.096 24.909,-25.096c13.759,-0 24.902,11.237 24.902,25.096c0,13.859 -11.143,25.096 -24.902,25.096Zm-20.858,153.808l42.121,0l0,-136l-42.121,-0l-0,136Z\" \/>\n                <\/svg>\n            <\/a>\n                                    <a href=\"\/vcard\/33788\" title=\"Download vCard\"\n                class=\"vcard-button\">\n                <svg xmlns=\"http:\/\/www.w3.org\/2000\/svg\" width=\"32.143\" height=\"25\" viewBox=\"0 0 32.143 25\">\n                    <path id=\"address-card-solid\"\n                        d=\"M3.571,32A3.575,3.575,0,0,0,0,35.571V53.429A3.575,3.575,0,0,0,3.571,57h25a3.575,3.575,0,0,0,3.571-3.571V35.571A3.575,3.575,0,0,0,28.571,32ZM8.036,46.286h3.571a4.463,4.463,0,0,1,4.464,4.464.9.9,0,0,1-.893.893H4.464a.9.9,0,0,1-.893-.893A4.463,4.463,0,0,1,8.036,46.286ZM6.25,40.929A3.571,3.571,0,1,1,9.821,44.5,3.571,3.571,0,0,1,6.25,40.929Zm14.286-1.786h7.143a.893.893,0,0,1,0,1.786H20.536a.893.893,0,0,1,0-1.786Zm0,3.571h7.143a.893.893,0,0,1,0,1.786H20.536a.893.893,0,0,1,0-1.786Zm0,3.571h7.143a.893.893,0,0,1,0,1.786H20.536a.893.893,0,0,1,0-1.786Z\"\n                        transform=\"translate(0 -32)\" fill=\"#111\" \/>\n                <\/svg>\n            <\/a>\n        <\/div>\n    <\/div>\n    <div class=\"employee-contact\">\n                <a href=\"tel: +43 5223 55509 220\">\n            <div class=\" employee-phone\">\n                <svg xmlns=\"http:\/\/www.w3.org\/2000\/svg\" width=\"32\" height=\"32\" viewBox=\"0 0 32 32\">\n                    <path id=\"phone\"\n                        d=\"M6.529,4h7.059l3.529,8.824-4.412,2.647a19.412,19.412,0,0,0,8.824,8.824l2.647-4.412L33,23.412v7.059A3.529,3.529,0,0,1,29.471,34,28.235,28.235,0,0,1,3,7.529,3.529,3.529,0,0,1,6.529,4\"\n                        transform=\"translate(-2 -3)\" fill=\"none\" stroke=\"#111\" stroke-linecap=\"round\"\n                        stroke-linejoin=\"round\" stroke-width=\"2\" \/>\n                <\/svg>\n\n                 +43 5223 55509 220\n            <\/div>\n        <\/a>\n                                <a href=\"mailto:michael.moritz@westcam.at\">\n            <div class=\" employee-email\">\n                <svg xmlns=\"http:\/\/www.w3.org\/2000\/svg\" width=\"32.773\" height=\"25.333\" viewBox=\"0 0 32.773 25.333\">\n                    <g id=\"mail\" transform=\"translate(1.387 1)\">\n                        <rect id=\"Rechteck_11\" data-name=\"Rechteck 11\" width=\"30\" height=\"23.333\" rx=\"2\" fill=\"none\"\n                            stroke=\"#111\" stroke-linecap=\"round\" stroke-linejoin=\"round\" stroke-width=\"2\" \/>\n                        <path id=\"Pfad_100\" data-name=\"Pfad 100\" d=\"M3,7,18,17,33,7\" transform=\"translate(-3 -3.667)\"\n                            fill=\"none\" stroke=\"#111\" stroke-linecap=\"round\" stroke-linejoin=\"round\" stroke-width=\"2\" \/>\n                    <\/g>\n                <\/svg>\n                michael.moritz@westcam.at\n            <\/div>\n        <\/a>\n        \n\n\n    <\/div>\n        <div class=\"employee-callback wp-block-button is-style-outline\">\n        <a href=\"\/anfrage\/\"\n            class=\"wp-block-button__link wp-element-button\">zeptat se<\/a>\n    <\/div>\n    <\/div>\n<div class=\"wp-block-webx-blocks-responsive-spacer\" style=\"--desktop-height:100px;--tablet-height:50px;--mobile-height:25px\"><\/div>\n","protected":false},"excerpt":{"rendered":"<p>N\u00c1\u0160 P\u0158\u00cdSLIB Na\u0161\u00edm c\u00edlem je prom\u011bnit va\u0161e technick\u00e9 \u0161kolen\u00ed v Know-WOW z\u00e1\u017eitek! Symbi\u00f3za Know-how a Wow efektu. Krom\u011b p\u0159ed\u00e1v\u00e1n\u00ed p\u0159\u00edslu\u0161n\u00e9ho obsahu znalost\u00ed (odbornosti ) s v\u00e1mi sd\u00edl\u00edme na\u0161e &#8222;nad\u0161en\u00ed pro technologie s budoucnost\u00ed&#8220; (wow efekt). Va\u0161e \u0161kolen\u00ed a dal\u0161\u00ed vzd\u011bl\u00e1v\u00e1n\u00ed tak z\u00edsk\u00e1 trvalou p\u0159idanou hodnotu! Na\u0161e my\u0161len\u00ed a jedn\u00e1n\u00ed se vyzna\u010duje holistick\u00fdm p\u0159\u00edstupem . T\u00edmto [&hellip;]<\/p>\n","protected":false},"author":2,"featured_media":0,"parent":34031,"menu_order":0,"comment_status":"closed","ping_status":"closed","template":"","meta":{"content-type":"","footnotes":""},"class_list":["post-33948","page","type-page","status-publish","hentry"],"_links":{"self":[{"href":"https:\/\/www.westcam-group.com\/cs\/wp-json\/wp\/v2\/pages\/33948","targetHints":{"allow":["GET"]}}],"collection":[{"href":"https:\/\/www.westcam-group.com\/cs\/wp-json\/wp\/v2\/pages"}],"about":[{"href":"https:\/\/www.westcam-group.com\/cs\/wp-json\/wp\/v2\/types\/page"}],"author":[{"embeddable":true,"href":"https:\/\/www.westcam-group.com\/cs\/wp-json\/wp\/v2\/users\/2"}],"replies":[{"embeddable":true,"href":"https:\/\/www.westcam-group.com\/cs\/wp-json\/wp\/v2\/comments?post=33948"}],"version-history":[{"count":6,"href":"https:\/\/www.westcam-group.com\/cs\/wp-json\/wp\/v2\/pages\/33948\/revisions"}],"predecessor-version":[{"id":45219,"href":"https:\/\/www.westcam-group.com\/cs\/wp-json\/wp\/v2\/pages\/33948\/revisions\/45219"}],"up":[{"embeddable":true,"href":"https:\/\/www.westcam-group.com\/cs\/wp-json\/wp\/v2\/pages\/34031"}],"wp:attachment":[{"href":"https:\/\/www.westcam-group.com\/cs\/wp-json\/wp\/v2\/media?parent=33948"}],"curies":[{"name":"wp","href":"https:\/\/api.w.org\/{rel}","templated":true}]}}