{"id":56146,"date":"2026-08-18T09:35:52","date_gmt":"2026-08-18T07:35:52","guid":{"rendered":"https:\/\/www.westcam-group.com\/unternehmen\/events\/inovacni-summit-zeiss\/"},"modified":"2026-08-18T09:36:07","modified_gmt":"2026-08-18T07:36:07","slug":"inovacni-summit-zeiss","status":"publish","type":"event","link":"https:\/\/www.westcam-group.com\/cs\/unternehmen\/events\/inovacni-summit-zeiss\/","title":{"rendered":"Inova\u010dn\u00ed summit ZEISS"},"content":{"rendered":"\n<div class=\"wp-block-group has-global-padding is-layout-constrained wp-block-group-is-layout-constrained\">\n<h2 class=\"wp-block-heading\">Za\u017eijte budoucnost m\u011b\u0159ic\u00ed techniky a mikroskopie<\/h2>\n\n\n\n<p class=\"wp-block-paragraph\"><strong>4. \u2013 6. listopadu 2026 | Berl\u00edn  <\/strong><\/p>\n\n\n\n<p class=\"wp-block-paragraph\">Za\u017eijte t\u0159i dny pln\u00e9 inovac\u00ed, mezin\u00e1rodn\u00edch odborn\u00fdch p\u0159edn\u00e1\u0161ek a nejmodern\u011bj\u0161\u00edch technologi\u00ed. Na konferenci <strong>ZEISS Innovation Summit 2026<\/strong> se sejdou vedouc\u00ed pracovn\u00edci, mana\u017ee\u0159i kvality, v\u00fdvoj\u00e1\u0159i a technologi\u010dt\u00ed odborn\u00edci z cel\u00e9ho sv\u011bta, aby spole\u010dn\u011b utv\u00e1\u0159eli budoucnost pr\u016fmyslov\u00e9 m\u011b\u0159ic\u00ed techniky, mikroskopie a um\u011bl\u00e9 inteligence. <\/p>\n<\/div>\n\n<div class=\"wp-block-buttons is-content-justification-center is-layout-flex wp-container-core-buttons-is-layout-0aa01211 wp-block-buttons-is-layout-flex\">\n<div class=\"wp-block-button\"><a class=\"wp-block-button__link wp-element-button\" href=\"https:\/\/www.zeiss.de\/messtechnik\/entdecken\/events\/2026\/zeiss-innovation-summit.html#ticket\" target=\"_blank\" rel=\"noreferrer noopener\">Zajistit vstupenku<\/a><\/div>\n<\/div>\n\n<div class=\"wp-block-webx-blocks-grid is-layout-grid wp-container-webx-blocks-grid-is-layout-19efde6d wp-block-webx-blocks-grid-is-layout-grid\" style=\"margin-top:var(--wp--preset--spacing--40);margin-bottom:var(--wp--preset--spacing--40);--grid-columns-desktop:2;--grid-columns-tablet:2;--grid-columns-mobile:1\">\n<div class=\"wp-block-webx-blocks-grid-item has-base-2-background-color has-background is-layout-flow wp-block-webx-blocks-grid-item-is-layout-flow\" style=\"padding-top:0;padding-right:0;padding-bottom:0;padding-left:0;--grid-area-desktop:auto \/ auto \/ auto \/ auto;--grid-area-tablet:auto \/ auto \/ auto \/ auto;--grid-area-mobile:auto \/ auto \/ auto \/ auto\">\n<div class=\"wp-block-group has-base-background-color has-background is-layout-flow wp-block-group-is-layout-flow\">\n<h2 class=\"wp-block-heading\" style=\"padding-bottom:var(--wp--preset--spacing--20)\">Co v\u00e1s \u010dek\u00e1<\/h2>\n<\/div>\n\n\n\n<div class=\"wp-block-group has-base-2-background-color has-background is-layout-flow wp-block-group-is-layout-flow\" style=\"margin-top:0;margin-bottom:0;padding-top:var(--wp--preset--spacing--10);padding-right:var(--wp--preset--spacing--20);padding-bottom:var(--wp--preset--spacing--10);padding-left:var(--wp--preset--spacing--20)\">\n<ul class=\"wp-block-list\">\n<li>Mezin\u00e1rodn\u00ed hlavn\u00ed p\u0159edn\u00e1\u0161ky p\u0159edn\u00edch pr\u016fmyslov\u00fdch a technologick\u00fdch spole\u010dnost\u00ed  <\/li>\n\n\n\n<li>V\u00edce ne\u017e <strong>4 000 m\u00b2 v\u00fdstavn\u00ed plochy<\/strong> s nejnov\u011bj\u0161\u00edmi inovacemi spole\u010dnosti ZEISS  <\/li>\n\n\n\n<li>\u017div\u00e9 uk\u00e1zky nejmodern\u011bj\u0161\u00edch m\u011b\u0159ic\u00edch a mikroskopick\u00fdch technologi\u00ed  <\/li>\n\n\n\n<li>T\u00e9mata budoucnosti, jako jsou <strong>um\u011bl\u00e1 inteligence, automatizace a digitalizace<\/strong> <\/li>\n\n\n\n<li>Navazov\u00e1n\u00ed kontakt\u016f s mezin\u00e1rodn\u00edmi rozhoduj\u00edc\u00edmi osobnostmi, odborn\u00edky a inov\u00e1tory z cel\u00e9 \u0159ady odv\u011btv\u00ed<\/li>\n<\/ul>\n<\/div>\n<\/div>\n\n\n\n<div class=\"wp-block-webx-blocks-grid-item has-base-2-background-color has-background is-layout-flow wp-block-webx-blocks-grid-item-is-layout-flow\" style=\"padding-top:0;padding-right:0;padding-bottom:0;padding-left:0;--grid-area-desktop:auto \/ auto \/ auto \/ auto;--grid-area-tablet:auto \/ auto \/ auto \/ auto;--grid-area-mobile:auto \/ auto \/ auto \/ auto\">\n<div class=\"wp-block-group has-base-background-color has-background is-layout-flow wp-block-group-is-layout-flow\">\n<h2 class=\"wp-block-heading\" style=\"padding-bottom:var(--wp--preset--spacing--20)\">Program<\/h2>\n<\/div>\n\n\n\n<div class=\"wp-block-group has-base-2-background-color has-background is-layout-flow wp-block-group-is-layout-flow\" style=\"margin-top:0;margin-bottom:0;padding-top:var(--wp--preset--spacing--10);padding-right:var(--wp--preset--spacing--20);padding-bottom:var(--wp--preset--spacing--10);padding-left:var(--wp--preset--spacing--20)\">\n<p class=\"wp-block-paragraph\"><strong>St\u0159eda, 4. listopadu<\/strong><\/p>\n\n\n\n<ul class=\"wp-block-list\">\n<li>Zahajovac\u00ed akce ve VELODROMu v Berl\u00edn\u011b<\/li>\n<\/ul>\n\n\n\n<p class=\"wp-block-paragraph\"><strong>\u010ctvrtek, 5. listopadu<\/strong><\/p>\n\n\n\n<ul class=\"wp-block-list\">\n<li>Konference<\/li>\n\n\n\n<li>Expo<\/li>\n\n\n\n<li>Ve\u010dern\u00ed akce<\/li>\n<\/ul>\n\n\n\n<p class=\"wp-block-paragraph\"><strong>P\u00e1tek, 6. listopadu<\/strong><\/p>\n\n\n\n<ul class=\"wp-block-list\">\n<li>Z\u00e1v\u011bre\u010dn\u00e1 akce<\/li>\n\n\n\n<li>Konference<\/li>\n\n\n\n<li>Expo<\/li>\n<\/ul>\n<\/div>\n<\/div>\n<\/div>\n\n<div class=\"wp-block-group is-layout-flow wp-block-group-is-layout-flow\" style=\"margin-top:var(--wp--preset--spacing--40);margin-bottom:var(--wp--preset--spacing--40)\">\n<h2 class=\"wp-block-heading\">Zajist\u011bte si slevu za v\u010dasnou rezervaci<\/h2>\n\n\n\n<div class=\"wp-block-group has-base-2-background-color has-background is-layout-flow wp-block-group-is-layout-flow\" style=\"padding-top:var(--wp--preset--spacing--20);padding-right:var(--wp--preset--spacing--20);padding-bottom:var(--wp--preset--spacing--20);padding-left:var(--wp--preset--spacing--20)\">\n<p class=\"wp-block-paragraph\"><strong>Te\u010f se vyplat\u00ed se rychle zaregistrovat.<\/strong><\/p>\n\n\n\n<p class=\"wp-block-paragraph\">Do <strong>31. srpna 2026<\/strong> m\u016f\u017eete zakoupit <strong>vstupenku v p\u0159edprodeji za 375 \u20ac<\/strong> (m\u00edsto b\u011b\u017en\u00e9 ceny <strong>750 \u20ac<\/strong>, v\u017edy plus DPH). Po\u010det \u00fa\u010dastn\u00edk\u016f je omezen.<\/p>\n\n\n\n<div class=\"wp-block-buttons is-layout-flex wp-block-buttons-is-layout-flex\">\n<div class=\"wp-block-button\"><a class=\"wp-block-button__link wp-element-button\" href=\"https:\/\/www.zeiss.de\/messtechnik\/entdecken\/events\/2026\/zeiss-innovation-summit.html#ticket\" target=\"_blank\" rel=\"noreferrer noopener\">Zajistit vstupenku<\/a><\/div>\n<\/div>\n<\/div>\n<\/div>\n\n<h2 class=\"wp-block-heading\" style=\"text-transform:none\">M\u016f\u017eeme v\u00e1m d\u00e1le pomoci<\/h2>\n<div class=\"wp-block-webx-blocks-westcam-employee-display\">\n    <div class=\"employee-image\">\n        <img decoding=\"async\" src=\"https:\/\/www.westcam-group.com\/wp-content\/uploads\/2024\/05\/doris-grueblinger-westcam-300x300.jpg\" alt=Doris Gr\u00fcblinger \/>\n    <\/div>\n    <div class=\"employee-info\">\n        <div class=\"heading-h3\">Doris Gr\u00fcblinger<\/div>\n        <div class=\"heading-h5 is-style-westcamized\">T\u00fdmov\u00fd asistent 3D metrologie a in\u017een\u00fdrstv\u00ed<\/div>\n    <\/div>\n    <div class=\"employee-social\">\n        <div class=\"icons\">\n                                    <a href=\"\/vcard\/33757\" title=\"Download vCard\"\n                class=\"vcard-button\">\n                <svg xmlns=\"http:\/\/www.w3.org\/2000\/svg\" width=\"32.143\" height=\"25\" viewBox=\"0 0 32.143 25\">\n                    <path id=\"address-card-solid\"\n                        d=\"M3.571,32A3.575,3.575,0,0,0,0,35.571V53.429A3.575,3.575,0,0,0,3.571,57h25a3.575,3.575,0,0,0,3.571-3.571V35.571A3.575,3.575,0,0,0,28.571,32ZM8.036,46.286h3.571a4.463,4.463,0,0,1,4.464,4.464.9.9,0,0,1-.893.893H4.464a.9.9,0,0,1-.893-.893A4.463,4.463,0,0,1,8.036,46.286ZM6.25,40.929A3.571,3.571,0,1,1,9.821,44.5,3.571,3.571,0,0,1,6.25,40.929Zm14.286-1.786h7.143a.893.893,0,0,1,0,1.786H20.536a.893.893,0,0,1,0-1.786Zm0,3.571h7.143a.893.893,0,0,1,0,1.786H20.536a.893.893,0,0,1,0-1.786Zm0,3.571h7.143a.893.893,0,0,1,0,1.786H20.536a.893.893,0,0,1,0-1.786Z\"\n                        transform=\"translate(0 -32)\" fill=\"#111\" \/>\n                <\/svg>\n            <\/a>\n        <\/div>\n    <\/div>\n    <div class=\"employee-contact\">\n                <a href=\"tel:+43 5223 55509 355\">\n            <div class=\" employee-phone\">\n                <svg xmlns=\"http:\/\/www.w3.org\/2000\/svg\" width=\"32\" height=\"32\" viewBox=\"0 0 32 32\">\n                    <path id=\"phone\"\n                        d=\"M6.529,4h7.059l3.529,8.824-4.412,2.647a19.412,19.412,0,0,0,8.824,8.824l2.647-4.412L33,23.412v7.059A3.529,3.529,0,0,1,29.471,34,28.235,28.235,0,0,1,3,7.529,3.529,3.529,0,0,1,6.529,4\"\n                        transform=\"translate(-2 -3)\" fill=\"none\" stroke=\"#111\" stroke-linecap=\"round\"\n                        stroke-linejoin=\"round\" stroke-width=\"2\" \/>\n                <\/svg>\n\n                +43 5223 55509 355\n            <\/div>\n        <\/a>\n                                <a href=\"mailto:doris.grueblinger@westcam.at\">\n            <div class=\" employee-email\">\n                <svg xmlns=\"http:\/\/www.w3.org\/2000\/svg\" width=\"32.773\" height=\"25.333\" viewBox=\"0 0 32.773 25.333\">\n                    <g id=\"mail\" transform=\"translate(1.387 1)\">\n                        <rect id=\"Rechteck_11\" data-name=\"Rechteck 11\" width=\"30\" height=\"23.333\" rx=\"2\" fill=\"none\"\n                            stroke=\"#111\" stroke-linecap=\"round\" stroke-linejoin=\"round\" stroke-width=\"2\" \/>\n                        <path id=\"Pfad_100\" data-name=\"Pfad 100\" d=\"M3,7,18,17,33,7\" transform=\"translate(-3 -3.667)\"\n                            fill=\"none\" stroke=\"#111\" stroke-linecap=\"round\" stroke-linejoin=\"round\" stroke-width=\"2\" \/>\n                    <\/g>\n                <\/svg>\n                doris.grueblinger@westcam.at\n            <\/div>\n        <\/a>\n        \n\n\n    <\/div>\n        <div class=\"employee-callback wp-block-button is-style-outline\">\n        <a href=\"\/anfrage\/\"\n            class=\"wp-block-button__link wp-element-button\">Zjistit v\u00edce<\/a>\n    <\/div>\n    <\/div>","protected":false},"excerpt":{"rendered":"<p>Nav\u0161tivte konferenci ZEISS Innovation Summit 2026 v Berl\u00edn\u011b a za\u017eijte na vlastn\u00ed o\u010di um\u011blou inteligenci, m\u011b\u0159ic\u00ed techniku, mikroskopii, veletrh, hlavn\u00ed p\u0159edn\u00e1\u0161ky a mezin\u00e1rodn\u00ed networking.<\/p>\n","protected":false},"featured_media":50723,"menu_order":3,"template":"","location":[],"competence_field":[],"class_list":["post-56146","event","type-event","status-publish","has-post-thumbnail","hentry"],"_links":{"self":[{"href":"https:\/\/www.westcam-group.com\/cs\/wp-json\/wp\/v2\/event\/56146","targetHints":{"allow":["GET"]}}],"collection":[{"href":"https:\/\/www.westcam-group.com\/cs\/wp-json\/wp\/v2\/event"}],"about":[{"href":"https:\/\/www.westcam-group.com\/cs\/wp-json\/wp\/v2\/types\/event"}],"wp:featuredmedia":[{"embeddable":true,"href":"https:\/\/www.westcam-group.com\/cs\/wp-json\/wp\/v2\/media\/50723"}],"wp:attachment":[{"href":"https:\/\/www.westcam-group.com\/cs\/wp-json\/wp\/v2\/media?parent=56146"}],"wp:term":[{"taxonomy":"location","embeddable":true,"href":"https:\/\/www.westcam-group.com\/cs\/wp-json\/wp\/v2\/location?post=56146"},{"taxonomy":"competence_field","embeddable":true,"href":"https:\/\/www.westcam-group.com\/cs\/wp-json\/wp\/v2\/competence_field?post=56146"}],"curies":[{"name":"wp","href":"https:\/\/api.w.org\/{rel}","templated":true}]}}